{"id":5308,"date":"2017-11-24T23:12:09","date_gmt":"2017-11-24T22:12:09","guid":{"rendered":"https:\/\/malaga.salesianos.edu\/colegio\/?page_id=5308"},"modified":"2018-04-18T14:13:43","modified_gmt":"2018-04-18T12:13:43","slug":"inmersion-linguistica","status":"publish","type":"page","link":"https:\/\/malaga.salesianos.edu\/colegio\/inmersion-linguistica\/","title":{"rendered":"Inmersi\u00f3n Ling\u00fc\u00edstica"},"content":{"rendered":"<p>[et_pb_section bb_built=\u00bb1&#8243; fullwidth=\u00bbon\u00bb _builder_version=\u00bb3.0.47&#8243; next_background_color=\u00bb#000000&#8243;][et_pb_fullwidth_header title=\u00bbInmersi\u00f3n Ling\u00fc\u00edstica\u00bb title_font_color=\u00bb#ffffff\u00bb module_class=\u00bbpagina-imagen-cabecera\u00bb _builder_version=\u00bb3.0.89&#8243; title_font_size=\u00bb40px\u00bb background_image=\u00bbhttps:\/\/malaga.salesianos.edu\/colegio\/wp-content\/uploads\/sites\/2\/2017\/11\/Exeter-1_1280.jpg\u00bb background_url=\u00bbhttps:\/\/alicante.salesianos.edu\/colegio\/wp-content\/uploads\/sites\/2\/2017\/03\/Archivo_003-1.jpeg\u00bb text_orientation=\u00bbright\u00bb header_fullscreen=\u00bboff\u00bb header_scroll_down=\u00bboff\u00bb image_orientation=\u00bbcenter\u00bb background_layout=\u00bblight\u00bb content_orientation=\u00bbcenter\u00bb custom_button_one=\u00bboff\u00bb button_one_icon_placement=\u00bbright\u00bb custom_button_two=\u00bboff\u00bb button_two_icon_placement=\u00bbright\u00bb max_width_tablet=\u00bb50px\u00bb title_text_color=\u00bb#ffffff\u00bb \/][\/et_pb_section][et_pb_section bb_built=\u00bb1&#8243; custom_padding=\u00bb0px|0px||\u00bb module_class=\u00bbpagina-seccion-contenido\u00bb _builder_version=\u00bb3.0.64&#8243; prev_background_color=\u00bb#000000&#8243;][et_pb_row custom_padding=\u00bb25px|||\u00bb custom_margin=\u00bb25px|||\u00bb parallax_method_1=\u00bboff\u00bb module_class=\u00bbpagina-texto\u00bb _builder_version=\u00bb3.0.64&#8243; background_size=\u00bbinitial\u00bb background_position=\u00bbtop_left\u00bb background_repeat=\u00bbrepeat\u00bb][et_pb_column type=\u00bb2_3&#8243;][et_pb_text _builder_version=\u00bb3.0.89&#8243; background_layout=\u00bblight\u00bb]<\/p>\n<h1>\u00bfQu\u00e9 es la inmersi\u00f3n ling\u00fc\u00edstica?<\/h1>\n<p>[\/et_pb_text][et_pb_text _builder_version=\u00bb3.0.89&#8243; background_size=\u00bbinitial\u00bb background_position=\u00bbtop_left\u00bb background_repeat=\u00bbrepeat\u00bb background_layout=\u00bblight\u00bb border_style=\u00bbsolid\u00bb border_style_all=\u00bbsolid\u00bb]<\/p>\n<p style=\"text-align: justify; background: white; margin: 6.0pt 0cm 6.0pt 0cm;\"><span style=\"font-family: 'Arial',sans-serif; color: #222222;\">La Inmersi\u00f3n ling\u00fc\u00edstica es un programa de ense\u00f1anza del ingl\u00e9s en el que los alumnos que desean mejorar su nivel de idioma conviven una semana con nativos: profesores, familias, en la calle\u2026 Es por lo tanto muy interesante no s\u00f3lo desde el punto de vista ling\u00fc\u00edstico sino tambi\u00e9n cultural, puesto que aprenden a convivir y a respetar unas costumbres diferentes a las espa\u00f1olas, realizan excursiones a lugares emblem\u00e1ticos y, por \u00faltimo, es una experiencia que les ayuda a crecer y a madurar.<\/span><\/p>\n<p>[\/et_pb_text][et_pb_text _builder_version=\u00bb3.0.89&#8243; custom_margin=\u00bb||0px|\u00bb custom_padding=\u00bb|||\u00bb background_layout=\u00bblight\u00bb]<\/p>\n<h2>\u00bfQu\u00e9 finalidad tiene?<\/h2>\n<p>[\/et_pb_text][et_pb_text _builder_version=\u00bb3.0.89&#8243; background_size=\u00bbinitial\u00bb background_position=\u00bbtop_left\u00bb background_repeat=\u00bbrepeat\u00bb custom_margin=\u00bb||25px|\u00bb background_layout=\u00bblight\u00bb border_style=\u00bbsolid\u00bb border_style_all=\u00bbsolid\u00bb]<\/p>\n<p style=\"text-align: justify; background: white; margin: 6.0pt 0cm 6.0pt 0cm;\"><span style=\"font-family: 'Arial',sans-serif; color: #222222;\">La ense\u00f1anza oficial del ingl\u00e9s en Espa\u00f1a se ha centrado tradicionalmente en las habilidades escritas, y en particular en las reglas gramaticales. Esto ha tenido como consecuencia que la mayor\u00eda de personas adultas que han aprendido ingl\u00e9s en el sistema p\u00fablico de ense\u00f1anza se encuentren en una situaci\u00f3n en la que son capaces de leer y escribir en ingl\u00e9s, pero se sienten impotentes ante una situaci\u00f3n de comunicaci\u00f3n oral. Esto, unido a la globalizaci\u00f3n y la creciente preponderancia del ingl\u00e9s como lengua de comunicaci\u00f3n internacional, crea una necesidad de sistemas intensivos de aprendizaje del ingl\u00e9s oral para adultos. Los programas de inmersi\u00f3n ling\u00fc\u00edstica intentan cubrir esta necesidad, concentrando en un breve per\u00edodo de tiempo un gran n\u00famero de horas de conversaci\u00f3n en ingl\u00e9s, y enfoc\u00e1ndose exclusivamente en la mejora de las capacidades comunicativas de los participantes.<\/span><\/p>\n<p>[\/et_pb_text][et_pb_text _builder_version=\u00bb3.0.89&#8243; custom_margin=\u00bb||0px|\u00bb custom_padding=\u00bb|||\u00bb background_layout=\u00bblight\u00bb]<\/p>\n<h2>\u00bfQu\u00e9 incluye el programa?<\/h2>\n<p>[\/et_pb_text][et_pb_text _builder_version=\u00bb3.0.89&#8243; background_size=\u00bbinitial\u00bb background_position=\u00bbtop_left\u00bb background_repeat=\u00bbrepeat\u00bb custom_margin=\u00bb||25px|\u00bb background_layout=\u00bblight\u00bb border_style=\u00bbsolid\u00bb border_style_all=\u00bbsolid\u00bb]<\/p>\n<p style=\"text-align: justify; background: white; margin: 6.0pt 0cm 6.0pt 0cm;\"><span style=\"font-family: 'Arial',sans-serif; color: #222222;\">El programa que siguen a diario incluye clases, aunque no son las cl\u00e1sicas clases de gram\u00e1tica y vocabulario sino que tienen un enfoque fundamentalmente comunicativo para que el alumno pierda ese \u201cmiedo\u201d a hablar en ingl\u00e9s y aprenda a desenvolverse con mayor soltura en el idioma. Adem\u00e1s de las clases, los alumnos desarrollan actividades deportivas y l\u00fadicas, siempre muy controladas por profesores y monitores.<\/span><\/p>\n<p>[\/et_pb_text][et_pb_gallery _builder_version=\u00bb3.0.89&#8243; gallery_orderby=\u00bbrand\u00bb show_title_and_caption=\u00bbon\u00bb show_pagination=\u00bbon\u00bb gallery_ids=\u00bb5337,5336,5335,5334,5333,5352,5353,5354,5355&#8243; fullwidth=\u00bbon\u00bb orientation=\u00bblandscape\u00bb zoom_icon_color=\u00bb#dc001b\u00bb hover_overlay_color=\u00bbrgba(255,255,255,0.9)\u00bb background_layout=\u00bblight\u00bb pagination_font_size_tablet=\u00bb51&#8243; pagination_line_height_tablet=\u00bb2&#8243; auto=\u00bbon\u00bb auto_speed=\u00bb5000&#8243; \/][\/et_pb_column][et_pb_column type=\u00bb1_3&#8243;][et_pb_text _builder_version=\u00bb3.0.89&#8243; custom_margin=\u00bb10px||10px|\u00bb custom_padding=\u00bb|||\u00bb background_layout=\u00bblight\u00bb]<\/p>\n<h2>Nuestra experiencia&#8230;<\/h2>\n<p>[\/et_pb_text][et_pb_cta title=\u00bbTrayectoria\u00bb background_color=\u00bb#e02218&#8243; _builder_version=\u00bb3.0.89&#8243; header_font=\u00bbAmatic SC||||\u00bb header_font_size=\u00bb75px\u00bb body_font_size=\u00bb15px\u00bb background_image=\u00bbhttps:\/\/malaga.salesianos.edu\/colegio\/wp-content\/uploads\/sites\/2\/2017\/11\/Norwich-3.jpg\u00bb background_blend=\u00bbdarken\u00bb url_new_window=\u00bboff\u00bb use_background_color=\u00bbon\u00bb background_layout=\u00bbdark\u00bb border_style=\u00bbsolid\u00bb custom_button=\u00bboff\u00bb button_icon_placement=\u00bbright\u00bb border_style_all=\u00bbsolid\u00bb]<\/p>\n<div class=\"page\" title=\"Page 5\">\n<div class=\"layoutArea\">\n<div class=\"column\">\n<p>Nuestros alumnos llevan desde 2009 realizando esta experiencia de manera ininterrumpida. Es una oportunidad que el colegio les brinda de conocer otro pa\u00eds, otra cultura, de una manera organizada y de acuerdo a sus edades. Generalmente, esta semana de inmersi\u00f3n ling\u00fc\u00edstica se realiza durante la Semana Blanca.<\/p>\n<\/div>\n<\/div>\n<\/div>\n<p>[\/et_pb_cta][et_pb_cta title=\u00bbAlojamiento\u00bb background_color=\u00bb#e02b20&#8243; _builder_version=\u00bb3.0.89&#8243; header_font=\u00bbAmatic SC||||\u00bb header_font_size=\u00bb65px\u00bb body_font_size=\u00bb15px\u00bb background_image=\u00bbhttps:\/\/malaga.salesianos.edu\/colegio\/wp-content\/uploads\/sites\/2\/2017\/11\/torquay-106_1280_pase_inmersion.jpg\u00bb background_blend=\u00bbdarken\u00bb url_new_window=\u00bboff\u00bb use_background_color=\u00bbon\u00bb background_layout=\u00bbdark\u00bb border_style=\u00bbsolid\u00bb custom_button=\u00bboff\u00bb button_icon_placement=\u00bbright\u00bb border_style_all=\u00bbsolid\u00bb]<\/p>\n<p>El alojamiento es siempre en familias por lo que, al llegar a casa, la inmersi\u00f3n contin\u00faa, compartiendo con las familias el momento del desayuno y la cena.<\/p>\n<p>[\/et_pb_cta][et_pb_cta title=\u00bbExcursiones\u00bb background_color=\u00bb#e02b20&#8243; _builder_version=\u00bb3.0.89&#8243; header_font=\u00bbAmatic SC||||\u00bb header_font_size=\u00bb72px\u00bb body_font_size=\u00bb15px\u00bb background_image=\u00bbhttps:\/\/malaga.salesianos.edu\/colegio\/wp-content\/uploads\/sites\/2\/2017\/11\/Exeter-3_1280_pase.jpg\u00bb background_blend=\u00bbdarken\u00bb url_new_window=\u00bboff\u00bb use_background_color=\u00bbon\u00bb background_layout=\u00bbdark\u00bb border_style=\u00bbsolid\u00bb custom_button=\u00bboff\u00bb button_icon_placement=\u00bbright\u00bb border_style_all=\u00bbsolid\u00bb]<\/p>\n<div class=\"page\" title=\"Page 6\">\n<div class=\"layoutArea\">\n<div class=\"column\">\n<p><span style=\"color: #ffffff;\">Los d\u00edas que los alumnos esperan con mayor ilusi\u00f3n son los d\u00edas de excursi\u00f3n. Habitualmente, se realizan dos: una de ellas siempre a Londres donde tienen la oportunidad de fotografiarse con los iconos de la capital brit\u00e1nica, que tanto han visto en cine y televisi\u00f3n. Ese d\u00eda disfrutan a lo grande.<\/span><\/p>\n<\/div>\n<\/div>\n<\/div>\n<p>[\/et_pb_cta][et_pb_divider _builder_version=\u00bb3.0.64&#8243; disabled_on=\u00bbon|on|off\u00bb \/][et_pb_button _builder_version=\u00bb3.0.105&#8243; button_text=\u00bbVer proyectos actuales &gt;\u00bb button_url=\u00bb\/colegio\/programas-europeos\/\u00bb url_new_window=\u00bboff\u00bb background_layout=\u00bblight\u00bb custom_button=\u00bbon\u00bb button_icon_placement=\u00bbright\u00bb button_border_radius=\u00bb25&#8243; \/][\/et_pb_column][\/et_pb_row][\/et_pb_section]<\/p>\n","protected":false},"excerpt":{"rendered":"<p>\u00bfQu\u00e9 es la inmersi\u00f3n ling\u00fc\u00edstica? La Inmersi\u00f3n ling\u00fc\u00edstica es un programa de ense\u00f1anza del ingl\u00e9s en el que los alumnos que desean mejorar su nivel de idioma conviven una semana con nativos: profesores, familias, en la calle\u2026 Es por lo tanto muy interesante no s\u00f3lo desde el punto de vista ling\u00fc\u00edstico sino tambi\u00e9n cultural, puesto [&hellip;]<\/p>\n","protected":false},"author":2,"featured_media":0,"parent":0,"menu_order":0,"comment_status":"closed","ping_status":"closed","template":"","meta":{"_et_pb_use_builder":"on","_et_pb_old_content":"","_et_gb_content_width":"","footnotes":""},"class_list":["post-5308","page","type-page","status-publish","hentry"],"yoast_head":"<!-- This site is optimized with the Yoast SEO plugin v28.3 - https:\/\/yoast.com\/product\/yoast-seo-wordpress\/ -->\n<title>Inmersi\u00f3n Ling\u00fc\u00edstica - Colegio Concertado San Bartolom\u00e9 | Salesianos M\u00e1laga<\/title>\n<meta name=\"robots\" content=\"index, follow, max-snippet:-1, max-image-preview:large, max-video-preview:-1\" \/>\n<link rel=\"canonical\" href=\"https:\/\/malaga.salesianos.edu\/colegio\/inmersion-linguistica\/\" \/>\n<meta property=\"og:locale\" content=\"es_ES\" \/>\n<meta property=\"og:type\" content=\"article\" \/>\n<meta property=\"og:title\" content=\"Inmersi\u00f3n Ling\u00fc\u00edstica - Colegio Concertado San Bartolom\u00e9 | Salesianos M\u00e1laga\" \/>\n<meta property=\"og:description\" content=\"\u00bfQu\u00e9 es la inmersi\u00f3n ling\u00fc\u00edstica? La Inmersi\u00f3n ling\u00fc\u00edstica es un programa de ense\u00f1anza del ingl\u00e9s en el que los alumnos que desean mejorar su nivel de idioma conviven una semana con nativos: profesores, familias, en la calle\u2026 Es por lo tanto muy interesante no s\u00f3lo desde el punto de vista ling\u00fc\u00edstico sino tambi\u00e9n cultural, puesto [&hellip;]\" \/>\n<meta property=\"og:url\" content=\"https:\/\/malaga.salesianos.edu\/colegio\/inmersion-linguistica\/\" \/>\n<meta property=\"og:site_name\" content=\"Colegio Concertado San Bartolom\u00e9 | Salesianos M\u00e1laga\" \/>\n<meta property=\"article:modified_time\" content=\"2018-04-18T12:13:43+00:00\" \/>\n<meta name=\"twitter:card\" content=\"summary_large_image\" \/>\n<meta name=\"twitter:label1\" content=\"Tiempo de lectura\" \/>\n\t<meta name=\"twitter:data1\" content=\"5 minutos\" \/>\n<script type=\"application\/ld+json\" class=\"yoast-schema-graph\">{\"@context\":\"https:\\\/\\\/schema.org\",\"@graph\":[{\"@type\":\"WebPage\",\"@id\":\"https:\\\/\\\/malaga.salesianos.edu\\\/colegio\\\/inmersion-linguistica\\\/\",\"url\":\"https:\\\/\\\/malaga.salesianos.edu\\\/colegio\\\/inmersion-linguistica\\\/\",\"name\":\"Inmersi\u00f3n Ling\u00fc\u00edstica - Colegio Concertado San Bartolom\u00e9 | Salesianos M\u00e1laga\",\"isPartOf\":{\"@id\":\"https:\\\/\\\/malaga.salesianos.edu\\\/colegio\\\/#website\"},\"datePublished\":\"2017-11-24T22:12:09+00:00\",\"dateModified\":\"2018-04-18T12:13:43+00:00\",\"breadcrumb\":{\"@id\":\"https:\\\/\\\/malaga.salesianos.edu\\\/colegio\\\/inmersion-linguistica\\\/#breadcrumb\"},\"inLanguage\":\"es\",\"potentialAction\":[{\"@type\":\"ReadAction\",\"target\":[\"https:\\\/\\\/malaga.salesianos.edu\\\/colegio\\\/inmersion-linguistica\\\/\"]}]},{\"@type\":\"BreadcrumbList\",\"@id\":\"https:\\\/\\\/malaga.salesianos.edu\\\/colegio\\\/inmersion-linguistica\\\/#breadcrumb\",\"itemListElement\":[{\"@type\":\"ListItem\",\"position\":1,\"name\":\"Portada\",\"item\":\"https:\\\/\\\/malaga.salesianos.edu\\\/colegio\\\/\"},{\"@type\":\"ListItem\",\"position\":2,\"name\":\"Inmersi\u00f3n Ling\u00fc\u00edstica\"}]},{\"@type\":\"WebSite\",\"@id\":\"https:\\\/\\\/malaga.salesianos.edu\\\/colegio\\\/#website\",\"url\":\"https:\\\/\\\/malaga.salesianos.edu\\\/colegio\\\/\",\"name\":\"Colegio Concertado San Bartolom\u00e9 | Salesianos M\u00e1laga\",\"description\":\"Centro concertado. Infantil, Primaria, ESO, Bachillerato, Formaci\u00f3n Profesional, Formaci\u00f3n Profesional B\u00e1sica (FPB) y Ciclos Formativos de Grado Medio y Superior.\",\"publisher\":{\"@id\":\"https:\\\/\\\/malaga.salesianos.edu\\\/colegio\\\/#organization\"},\"potentialAction\":[{\"@type\":\"SearchAction\",\"target\":{\"@type\":\"EntryPoint\",\"urlTemplate\":\"https:\\\/\\\/malaga.salesianos.edu\\\/colegio\\\/?s={search_term_string}\"},\"query-input\":{\"@type\":\"PropertyValueSpecification\",\"valueRequired\":true,\"valueName\":\"search_term_string\"}}],\"inLanguage\":\"es\"},{\"@type\":\"Organization\",\"@id\":\"https:\\\/\\\/malaga.salesianos.edu\\\/colegio\\\/#organization\",\"name\":\"Salesianos M\u00e1laga\",\"url\":\"https:\\\/\\\/malaga.salesianos.edu\\\/colegio\\\/\",\"logo\":{\"@type\":\"ImageObject\",\"inLanguage\":\"es\",\"@id\":\"https:\\\/\\\/malaga.salesianos.edu\\\/colegio\\\/#\\\/schema\\\/logo\\\/image\\\/\",\"url\":\"https:\\\/\\\/malaga.salesianos.edu\\\/colegio\\\/wp-content\\\/uploads\\\/sites\\\/2\\\/2018\\\/04\\\/MALAGAobraVN2.jpg\",\"contentUrl\":\"https:\\\/\\\/malaga.salesianos.edu\\\/colegio\\\/wp-content\\\/uploads\\\/sites\\\/2\\\/2018\\\/04\\\/MALAGAobraVN2.jpg\",\"width\":1937,\"height\":1490,\"caption\":\"Salesianos M\u00e1laga\"},\"image\":{\"@id\":\"https:\\\/\\\/malaga.salesianos.edu\\\/colegio\\\/#\\\/schema\\\/logo\\\/image\\\/\"}}]}<\/script>\n<!-- \/ Yoast SEO plugin. -->","yoast_head_json":{"title":"Inmersi\u00f3n Ling\u00fc\u00edstica - Colegio Concertado San Bartolom\u00e9 | Salesianos M\u00e1laga","robots":{"index":"index","follow":"follow","max-snippet":"max-snippet:-1","max-image-preview":"max-image-preview:large","max-video-preview":"max-video-preview:-1"},"canonical":"https:\/\/malaga.salesianos.edu\/colegio\/inmersion-linguistica\/","og_locale":"es_ES","og_type":"article","og_title":"Inmersi\u00f3n Ling\u00fc\u00edstica - Colegio Concertado San Bartolom\u00e9 | Salesianos M\u00e1laga","og_description":"\u00bfQu\u00e9 es la inmersi\u00f3n ling\u00fc\u00edstica? La Inmersi\u00f3n ling\u00fc\u00edstica es un programa de ense\u00f1anza del ingl\u00e9s en el que los alumnos que desean mejorar su nivel de idioma conviven una semana con nativos: profesores, familias, en la calle\u2026 Es por lo tanto muy interesante no s\u00f3lo desde el punto de vista ling\u00fc\u00edstico sino tambi\u00e9n cultural, puesto [&hellip;]","og_url":"https:\/\/malaga.salesianos.edu\/colegio\/inmersion-linguistica\/","og_site_name":"Colegio Concertado San Bartolom\u00e9 | Salesianos M\u00e1laga","article_modified_time":"2018-04-18T12:13:43+00:00","twitter_card":"summary_large_image","twitter_misc":{"Tiempo de lectura":"5 minutos"},"schema":{"@context":"https:\/\/schema.org","@graph":[{"@type":"WebPage","@id":"https:\/\/malaga.salesianos.edu\/colegio\/inmersion-linguistica\/","url":"https:\/\/malaga.salesianos.edu\/colegio\/inmersion-linguistica\/","name":"Inmersi\u00f3n Ling\u00fc\u00edstica - Colegio Concertado San Bartolom\u00e9 | Salesianos M\u00e1laga","isPartOf":{"@id":"https:\/\/malaga.salesianos.edu\/colegio\/#website"},"datePublished":"2017-11-24T22:12:09+00:00","dateModified":"2018-04-18T12:13:43+00:00","breadcrumb":{"@id":"https:\/\/malaga.salesianos.edu\/colegio\/inmersion-linguistica\/#breadcrumb"},"inLanguage":"es","potentialAction":[{"@type":"ReadAction","target":["https:\/\/malaga.salesianos.edu\/colegio\/inmersion-linguistica\/"]}]},{"@type":"BreadcrumbList","@id":"https:\/\/malaga.salesianos.edu\/colegio\/inmersion-linguistica\/#breadcrumb","itemListElement":[{"@type":"ListItem","position":1,"name":"Portada","item":"https:\/\/malaga.salesianos.edu\/colegio\/"},{"@type":"ListItem","position":2,"name":"Inmersi\u00f3n Ling\u00fc\u00edstica"}]},{"@type":"WebSite","@id":"https:\/\/malaga.salesianos.edu\/colegio\/#website","url":"https:\/\/malaga.salesianos.edu\/colegio\/","name":"Colegio Concertado San Bartolom\u00e9 | Salesianos M\u00e1laga","description":"Centro concertado. Infantil, Primaria, ESO, Bachillerato, Formaci\u00f3n Profesional, Formaci\u00f3n Profesional B\u00e1sica (FPB) y Ciclos Formativos de Grado Medio y Superior.","publisher":{"@id":"https:\/\/malaga.salesianos.edu\/colegio\/#organization"},"potentialAction":[{"@type":"SearchAction","target":{"@type":"EntryPoint","urlTemplate":"https:\/\/malaga.salesianos.edu\/colegio\/?s={search_term_string}"},"query-input":{"@type":"PropertyValueSpecification","valueRequired":true,"valueName":"search_term_string"}}],"inLanguage":"es"},{"@type":"Organization","@id":"https:\/\/malaga.salesianos.edu\/colegio\/#organization","name":"Salesianos M\u00e1laga","url":"https:\/\/malaga.salesianos.edu\/colegio\/","logo":{"@type":"ImageObject","inLanguage":"es","@id":"https:\/\/malaga.salesianos.edu\/colegio\/#\/schema\/logo\/image\/","url":"https:\/\/malaga.salesianos.edu\/colegio\/wp-content\/uploads\/sites\/2\/2018\/04\/MALAGAobraVN2.jpg","contentUrl":"https:\/\/malaga.salesianos.edu\/colegio\/wp-content\/uploads\/sites\/2\/2018\/04\/MALAGAobraVN2.jpg","width":1937,"height":1490,"caption":"Salesianos M\u00e1laga"},"image":{"@id":"https:\/\/malaga.salesianos.edu\/colegio\/#\/schema\/logo\/image\/"}}]}},"_links":{"self":[{"href":"https:\/\/malaga.salesianos.edu\/colegio\/wp-json\/wp\/v2\/pages\/5308","targetHints":{"allow":["GET"]}}],"collection":[{"href":"https:\/\/malaga.salesianos.edu\/colegio\/wp-json\/wp\/v2\/pages"}],"about":[{"href":"https:\/\/malaga.salesianos.edu\/colegio\/wp-json\/wp\/v2\/types\/page"}],"author":[{"embeddable":true,"href":"https:\/\/malaga.salesianos.edu\/colegio\/wp-json\/wp\/v2\/users\/2"}],"replies":[{"embeddable":true,"href":"https:\/\/malaga.salesianos.edu\/colegio\/wp-json\/wp\/v2\/comments?post=5308"}],"version-history":[{"count":39,"href":"https:\/\/malaga.salesianos.edu\/colegio\/wp-json\/wp\/v2\/pages\/5308\/revisions"}],"predecessor-version":[{"id":9365,"href":"https:\/\/malaga.salesianos.edu\/colegio\/wp-json\/wp\/v2\/pages\/5308\/revisions\/9365"}],"wp:attachment":[{"href":"https:\/\/malaga.salesianos.edu\/colegio\/wp-json\/wp\/v2\/media?parent=5308"}],"curies":[{"name":"wp","href":"https:\/\/api.w.org\/{rel}","templated":true}]}}