{"id":2915,"date":"2017-05-22T09:42:13","date_gmt":"2017-05-22T07:42:13","guid":{"rendered":"https:\/\/malaga.salesianos.edu\/colegio\/?page_id=2915"},"modified":"2026-02-17T12:50:36","modified_gmt":"2026-02-17T11:50:36","slug":"plan-de-estudios-ciclos","status":"publish","type":"page","link":"https:\/\/malaga.salesianos.edu\/colegio\/plan-de-estudios-ciclos\/","title":{"rendered":"Especialidades CFGM y CFGS"},"content":{"rendered":"<p>[et_pb_section fb_built=\u00bb1&#8243; fullwidth=\u00bbon\u00bb _builder_version=\u00bb4.16&#8243; global_colors_info=\u00bb{}\u00bb][et_pb_fullwidth_header title=\u00bbCiclos Formativos de FP\u00bb text_orientation=\u00bbright\u00bb module_class=\u00bbpagina-imagen-cabecera\u00bb _builder_version=\u00bb4.16&#8243; title_text_color=\u00bb#ffffff\u00bb title_font_size=\u00bb40px\u00bb background_color=\u00bbrgba(255, 255, 255, 0)\u00bb background_image=\u00bbhttps:\/\/malaga.salesianos.edu\/colegio\/wp-content\/uploads\/sites\/2\/2018\/06\/Erasmus_italia_2018_4-1.jpeg\u00bb background_layout=\u00bblight\u00bb max_width_tablet=\u00bb50px\u00bb global_colors_info=\u00bb{}\u00bb button_one_text_size__hover_enabled=\u00bboff\u00bb button_one_text_size__hover=\u00bbnull\u00bb button_two_text_size__hover_enabled=\u00bboff\u00bb button_two_text_size__hover=\u00bbnull\u00bb button_one_text_color__hover_enabled=\u00bboff\u00bb button_one_text_color__hover=\u00bbnull\u00bb button_two_text_color__hover_enabled=\u00bboff\u00bb button_two_text_color__hover=\u00bbnull\u00bb button_one_border_width__hover_enabled=\u00bboff\u00bb button_one_border_width__hover=\u00bbnull\u00bb button_two_border_width__hover_enabled=\u00bboff\u00bb button_two_border_width__hover=\u00bbnull\u00bb button_one_border_color__hover_enabled=\u00bboff\u00bb button_one_border_color__hover=\u00bbnull\u00bb button_two_border_color__hover_enabled=\u00bboff\u00bb button_two_border_color__hover=\u00bbnull\u00bb button_one_border_radius__hover_enabled=\u00bboff\u00bb button_one_border_radius__hover=\u00bbnull\u00bb button_two_border_radius__hover_enabled=\u00bboff\u00bb button_two_border_radius__hover=\u00bbnull\u00bb button_one_letter_spacing__hover_enabled=\u00bboff\u00bb button_one_letter_spacing__hover=\u00bbnull\u00bb button_two_letter_spacing__hover_enabled=\u00bboff\u00bb button_two_letter_spacing__hover=\u00bbnull\u00bb button_one_bg_color__hover_enabled=\u00bboff\u00bb button_one_bg_color__hover=\u00bbnull\u00bb button_two_bg_color__hover_enabled=\u00bboff\u00bb button_two_bg_color__hover=\u00bbnull\u00bb][\/et_pb_fullwidth_header][\/et_pb_section][et_pb_section fb_built=\u00bb1&#8243; module_class=\u00bbpagina-seccion-contenido\u00bb _builder_version=\u00bb4.16&#8243; custom_padding=\u00bb-4%|||\u00bb transparent_background=\u00bboff\u00bb make_fullwidth=\u00bboff\u00bb use_custom_width=\u00bboff\u00bb width_unit=\u00bbon\u00bb global_colors_info=\u00bb{}\u00bb][et_pb_row module_class=\u00bbpagina-texto\u00bb _builder_version=\u00bb4.16&#8243; background_size=\u00bbinitial\u00bb background_position=\u00bbtop_left\u00bb background_repeat=\u00bbrepeat\u00bb make_fullwidth=\u00bboff\u00bb use_custom_width=\u00bboff\u00bb width_unit=\u00bbon\u00bb global_colors_info=\u00bb{}\u00bb][et_pb_column type=\u00bb4_4&#8243; _builder_version=\u00bb4.16&#8243; custom_padding=\u00bb|||\u00bb global_colors_info=\u00bb{}\u00bb custom_padding__hover=\u00bb|||\u00bb][et_pb_post_title author=\u00bboff\u00bb date=\u00bboff\u00bb comments=\u00bboff\u00bb featured_image=\u00bboff\u00bb _builder_version=\u00bb4.16&#8243; title_font_size=\u00bb26&#8243; title_font_size_tablet=\u00bb\u00bb title_font_size_phone=\u00bb\u00bb title_font_size_last_edited=\u00bbon|phone\u00bb parallax_effect=\u00bboff\u00bb use_border_color=\u00bboff\u00bb border_color=\u00bb#ffffff\u00bb border_style=\u00bbsolid\u00bb global_colors_info=\u00bb{}\u00bb][\/et_pb_post_title][et_pb_text module_id=\u00bbgradomedio\u00bb _builder_version=\u00bb4.27.4&#8243; background_size=\u00bbinitial\u00bb background_position=\u00bbtop_left\u00bb background_repeat=\u00bbrepeat\u00bb text_orientation=\u00bbjustified\u00bb z_index_tablet=\u00bb500&#8243; global_colors_info=\u00bb{}\u00bb]<\/p>\n<blockquote>\n<p><strong>Un ciclo formativo de Formaci\u00f3n Profesional de<span style=\"color: #dc001b;\"> Grado Medio <\/span>o<span style=\"color: #dc001b;\">\u00a0Grado Superior<\/span>, est\u00e1 estructurado en dos cursos, hasta completar un total de 2000 horas de formaci\u00f3n. En cada uno, cursar\u00e9 una serie de m\u00f3dulos profesionales (asignaturas) que depender\u00e1n del ciclo al que acceda. Para superar un ciclo formativo de Formaci\u00f3n Profesional puedo hacerlo siguiendo distintas\u00a0modalidades.<\/strong><\/p>\n<\/blockquote>\n<p>Nuestro centro cuenta con un atractivo proyecto educativo de formaci\u00f3n profesional en el que destacan el\u00a0<strong>ambiente educativo<\/strong>, las metodolog\u00edas empleadas, los acuerdos con\u00a0<strong>empresas<\/strong> o la posibilidad de realizar la Formaci\u00f3n en Empresas (periodos de pr\u00e1cticas) en empresas ubicadas en el extranjero a trav\u00e9s de los proyectos <a href=\"https:\/\/malaga.salesianos.edu\/colegio\/programas-europeos\/\" target=\"_blank\" rel=\"noopener noreferrer\"><strong>Erasmus+<\/strong><\/a>.<\/p>\n<header class=\"portlet-topper\">\n<h1 class=\"portlet-title\" style=\"text-align: left;\">\u00a0<\/h1>\n<h1 class=\"portlet-title\" style=\"text-align: left;\"><span class=\"portlet-title-text\">Formaci\u00f3n Profesional de Grado Medio<\/span><\/h1>\n<hr \/>\n<menu id=\"portlet-topper-toolbar_ABACO_WEB_WAR_abacoportlet_INSTANCE_iYi2\" class=\"portlet-topper-toolbar\" type=\"toolbar\"><\/menu>\n<\/header>\n<div class=\"portlet-content\">\n<div class=\" portlet-content-container\">\n<div class=\"portlet-body\">\n<div class=\"contenido_portlet \">\n<div class=\"portlet_web\">\n<div class=\"detalle web\">\n<div class=\"contenido_detalle\">\n<section class=\"cuerpo detalle_html\">\n<div class=\"inner_cuerpo\">\n<p>Un <strong>ciclo formativo de grado medio<\/strong> me proporciona una formaci\u00f3n que me permitir\u00e1 desarrollar un trabajo de ejecuci\u00f3n de forma aut\u00f3noma donde utilizar\u00e9 instrumentos y t\u00e9cnicas aprendidos. Tanto en primer curso como en segundo curso realizar\u00e9 la <strong>Fase de Formaci\u00f3n en Empresas u Organismo Equiparado <\/strong>\u00a0(FFEOE) donde podr\u00e9 poner en pr\u00e1ctica los conocimientos que he adquirido en un entorno real.<\/p>\n<\/div>\n<\/section>\n<\/div>\n<\/div>\n<\/div>\n<\/div>\n<\/div>\n<\/div>\n<\/div>\n<ul>\n<li><strong>Gesti\u00f3n administrativa.<\/strong><\/li>\n<li><strong>Instalaciones el\u00e9ctricas y autom\u00e1ticas.<\/strong><\/li>\n<li><strong>Electromec\u00e1nica de veh\u00edculos autom\u00f3viles.<\/strong><\/li>\n<\/ul>\n<p>[\/et_pb_text][et_pb_tabs _builder_version=\u00bb4.27.4&#8243; tab_text_color=\u00bb#e02b20&#8243; background_size=\u00bbinitial\u00bb background_position=\u00bbtop_left\u00bb background_repeat=\u00bbrepeat\u00bb hover_enabled=\u00bb0&#8243; z_index_tablet=\u00bb500&#8243; use_border_color=\u00bboff\u00bb global_colors_info=\u00bb{}\u00bb sticky_enabled=\u00bb0&#8243;][et_pb_tab title=\u00bbGESTI\u00d3N ADMINISTRATIVA\u00bb _builder_version=\u00bb4.27.4&#8243; body_font=\u00bb||||\u00bb body_line_height=\u00bb2em\u00bb tab_font=\u00bb||||\u00bb tab_line_height=\u00bb2em\u00bb background_image=\u00bbhttps:\/\/malaga.salesianos.edu\/colegio\/wp-content\/uploads\/sites\/2\/2017\/11\/fondo_correo.jpg\u00bb background_blend=\u00bbscreen\u00bb hover_enabled=\u00bb0&#8243; body_line_height_tablet=\u00bb2em\u00bb body_line_height_phone=\u00bb2em\u00bb tab_line_height_tablet=\u00bb2em\u00bb tab_line_height_phone=\u00bb2em\u00bb global_colors_info=\u00bb{}\u00bb sticky_enabled=\u00bb0&#8243;]<\/p>\n<table style=\"width: 544px; height: 438px;\" width=\"586\">\n<tbody>\n<tr style=\"height: 23px;\">\n<td style=\"width: 428px; height: 23px;\"><strong>PRIMERO\u00a0\u00a0\u00a0\u00a0\u00a0\u00a0\u00a0\u00a0\u00a0\u00a0\u00a0\u00a0\u00a0\u00a0\u00a0\u00a0\u00a0\u00a0\u00a0\u00a0\u00a0\u00a0\u00a0\u00a0 <\/strong><\/td>\n<td style=\"width: 116px; height: 23px;\"><strong>N\u00ba DE HORAS<\/strong><\/td>\n<\/tr>\n<tr style=\"height: 23px;\">\n<td style=\"width: 428px; height: 23px;\">Tratamiento inform\u00e1tico de la informaci\u00f3n<\/td>\n<td style=\"width: 116px; height: 23px;\">7<\/td>\n<\/tr>\n<tr style=\"height: 23px;\">\n<td style=\"width: 428px; height: 23px;\">T\u00e9cnica contable<\/td>\n<td style=\"width: 116px; height: 23px;\">3<\/td>\n<\/tr>\n<tr style=\"height: 23px;\">\n<td style=\"width: 428px; height: 23px;\">Sostenibilidad Aplicada al Sistema Productivo<\/td>\n<td style=\"width: 116px; height: 23px;\">1<\/td>\n<\/tr>\n<tr style=\"height: 23px;\">\n<td style=\"width: 428px; height: 23px;\">Operaciones administrativas de compra-venta<\/td>\n<td style=\"width: 116px; height: 23px;\">3<\/td>\n<\/tr>\n<tr style=\"height: 23px;\">\n<td style=\"width: 428px; height: 23px;\">Itinerario Personal para la Empleabilidad I<\/td>\n<td style=\"width: 116px; height: 23px;\">3<\/td>\n<\/tr>\n<tr style=\"height: 23px;\">\n<td style=\"width: 428px; height: 23px;\">Ingl\u00e9s Profesional GM<\/td>\n<td style=\"width: 116px; height: 23px;\">5<\/td>\n<\/tr>\n<tr style=\"height: 23px;\">\n<td style=\"width: 428px; height: 23px;\">Empresa y Administraci\u00f3n<\/td>\n<td style=\"width: 116px; height: 23px;\">3<\/td>\n<\/tr>\n<tr style=\"height: 23px;\">\n<td style=\"width: 428px; height: 23px;\">Digitalizaci\u00f3n Aplicada a los Sectores Productivos GM<\/td>\n<td style=\"width: 116px; height: 23px;\">1<\/td>\n<\/tr>\n<tr style=\"height: 23px;\">\n<td style=\"width: 428px; height: 23px;\">Comunicaci\u00f3n empresarial y atenci\u00f3n al cliente<\/td>\n<td style=\"width: 116px; height: 23px;\">4<\/td>\n<\/tr>\n<tr style=\"height: 23px;\">\n<td style=\"width: 428px; height: 23px;\"><strong>SEGUNDO\u00a0\u00a0\u00a0\u00a0\u00a0\u00a0\u00a0\u00a0\u00a0\u00a0\u00a0\u00a0\u00a0\u00a0\u00a0\u00a0\u00a0\u00a0\u00a0\u00a0\u00a0\u00a0\u00a0\u00a0\u00a0\u00a0\u00a0\u00a0 <\/strong><\/td>\n<td style=\"width: 116px; height: 23px;\"><strong>N\u00ba DE HORAS<\/strong><\/td>\n<\/tr>\n<tr style=\"height: 47px;\">\n<td style=\"width: 428px; height: 47px;\">Optativa-Profundizaci\u00f3n en Ingl\u00e9s Profesional para Gesti\u00f3n Administrativa<\/td>\n<td style=\"width: 116px; height: 47px;\">3<\/td>\n<\/tr>\n<tr style=\"height: 23px;\">\n<td style=\"width: 428px; height: 23px;\">Operaciones administrativas de recursos humanos<\/td>\n<td style=\"width: 116px; height: 23px;\">5<\/td>\n<\/tr>\n<tr style=\"height: 23px;\">\n<td style=\"width: 428px; height: 23px;\">Tratamiento de la documentaci\u00f3n contable<\/td>\n<td style=\"width: 116px; height: 23px;\">5<\/td>\n<\/tr>\n<tr style=\"height: 23px;\">\n<td style=\"width: 428px; height: 23px;\">Empresa en el aula<\/td>\n<td style=\"width: 116px; height: 23px;\">6<\/td>\n<\/tr>\n<tr style=\"height: 23px;\">\n<td style=\"width: 428px; height: 23px;\">Operaciones auxiliares de gesti\u00f3n de tesorer\u00eda<\/td>\n<td style=\"width: 116px; height: 23px;\">6<\/td>\n<\/tr>\n<tr style=\"height: 23px;\">\n<td style=\"width: 428px; height: 23px;\">Itinerario Personal para la Empleabilidad II<\/td>\n<td style=\"width: 116px; height: 23px;\">3<\/td>\n<\/tr>\n<tr>\n<td style=\"width: 428px;\">Proyecto Intermodular<\/td>\n<td style=\"width: 116px;\">2<\/td>\n<\/tr>\n<\/tbody>\n<\/table>\n<p>[\/et_pb_tab][et_pb_tab title=\u00bbINSTALACIONES EL\u00c9CTRICAS Y AUTOM\u00c1TICAS\u00bb _builder_version=\u00bb4.27.4&#8243; body_font=\u00bb||||\u00bb body_line_height=\u00bb2em\u00bb tab_font=\u00bb||||\u00bb tab_line_height=\u00bb2em\u00bb background_image=\u00bbhttps:\/\/malaga.salesianos.edu\/colegio\/wp-content\/uploads\/sites\/2\/2017\/11\/fondo_correo.jpg\u00bb hover_enabled=\u00bb0&#8243; body_line_height_tablet=\u00bb2em\u00bb body_line_height_phone=\u00bb2em\u00bb tab_line_height_tablet=\u00bb2em\u00bb tab_line_height_phone=\u00bb2em\u00bb global_colors_info=\u00bb{}\u00bb sticky_enabled=\u00bb0&#8243;]<\/p>\n<table style=\"height: 426px; width: 569px;\" width=\"586\">\n<tbody>\n<tr style=\"height: 23px;\">\n<td style=\"height: 23px; width: 437.955px;\"><strong>PRIMERO\u00a0\u00a0\u00a0\u00a0\u00a0\u00a0\u00a0 <\/strong><\/td>\n<td style=\"height: 23px; width: 117.613px;\"><strong>N\u00ba DE HORAS<\/strong><\/td>\n<\/tr>\n<tr style=\"height: 23px;\">\n<td style=\"height: 23px; width: 437.955px;\">Sostenibilidad Aplicada al Sistema Productivo<\/td>\n<td style=\"height: 23px; width: 117.613px;\">1<\/td>\n<\/tr>\n<tr style=\"height: 23px;\">\n<td style=\"height: 23px; width: 437.955px;\">Itinerario Personal para la Empleabilidad I<\/td>\n<td style=\"height: 23px; width: 117.613px;\">3<\/td>\n<\/tr>\n<tr style=\"height: 23px;\">\n<td style=\"height: 23px; width: 437.955px;\">Instalaciones El\u00e9ctricas Interiores<\/td>\n<td style=\"height: 23px; width: 117.613px;\">8<\/td>\n<\/tr>\n<tr style=\"height: 23px;\">\n<td style=\"height: 23px; width: 437.955px;\">Electrotecnia<\/td>\n<td style=\"height: 23px; width: 117.613px;\">6<\/td>\n<\/tr>\n<tr style=\"height: 23px;\">\n<td style=\"height: 23px; width: 437.955px;\">Electr\u00f3nica<\/td>\n<td style=\"height: 23px; width: 117.613px;\">3<\/td>\n<\/tr>\n<tr style=\"height: 23px;\">\n<td style=\"height: 23px; width: 437.955px;\">Digitalizaci\u00f3n Aplicada a los Sectores Productivos GM<\/td>\n<td style=\"height: 23px; width: 117.613px;\">1<\/td>\n<\/tr>\n<tr style=\"height: 23px;\">\n<td style=\"width: 437.955px; height: 24px;\">Automatismos Industriales<\/td>\n<td style=\"width: 117.613px; height: 24px;\">8<\/td>\n<\/tr>\n<tr style=\"height: 23px;\">\n<td style=\"height: 23px; width: 437.955px;\"><strong>SEGUNDO\u00a0\u00a0\u00a0\u00a0\u00a0\u00a0\u00a0 <\/strong><\/td>\n<td style=\"height: 23px; width: 117.613px;\"><strong>N\u00ba DE HORAS<\/strong><\/td>\n<\/tr>\n<tr style=\"height: 23px;\">\n<td style=\"height: 23px; width: 437.955px;\">Proyecto Intermodular<\/td>\n<td style=\"height: 23px; width: 117.613px;\">2<\/td>\n<\/tr>\n<tr style=\"height: 23px;\">\n<td style=\"height: 10px; width: 437.955px;\">\n<p>Itinerario Personal\u00a0para la Empleabilidad II<\/p>\n<\/td>\n<td style=\"height: 10px; width: 117.613px;\">3<\/td>\n<\/tr>\n<tr style=\"height: 23px;\">\n<td style=\"height: 23px; width: 437.955px;\">Ingl\u00e9s Profesional GM<\/td>\n<td style=\"height: 23px; width: 117.613px;\">2<\/td>\n<\/tr>\n<tr style=\"height: 23px;\">\n<td style=\"height: 23px; width: 437.955px;\">M\u00e1quinas El\u00e9ctricas<\/td>\n<td style=\"height: 23px; width: 117.613px;\">5<\/td>\n<\/tr>\n<tr style=\"height: 23px;\">\n<td style=\"height: 23px; width: 437.955px;\">Instalaciones Solares Fotovoltaicas<\/td>\n<td style=\"height: 23px; width: 117.613px;\">2<\/td>\n<\/tr>\n<tr style=\"height: 23px;\">\n<td style=\"height: 23px; width: 437.955px;\">Instalaciones Dom\u00f3ticas<\/td>\n<td style=\"height: 23px; width: 117.613px;\">4<\/td>\n<\/tr>\n<tr style=\"height: 23px;\">\n<td style=\"height: 23px; width: 437.955px;\">Infraestructuras Comunes de Telecomunicaciones en Viviendas y Edificios<\/td>\n<td style=\"height: 23px; width: 117.613px;\">4<\/td>\n<\/tr>\n<tr style=\"height: 23px;\">\n<td style=\"width: 437.955px; height: 23px;\">Instalaciones de Distribuci\u00f3n<\/td>\n<td style=\"width: 117.613px; height: 23px;\">5<\/td>\n<\/tr>\n<tr style=\"height: 47px;\">\n<td style=\"width: 437.955px; height: 47px;\">Optativa-Aplicaciones pr\u00e1cticas en instalaciones solares fotovoltaicas<\/td>\n<td style=\"width: 117.613px; height: 47px;\">3<\/td>\n<\/tr>\n<\/tbody>\n<\/table>\n<p>[\/et_pb_tab][et_pb_tab title=\u00bbELECTROMEC\u00c1NICA DE VEH\u00cdCULOS AUTOM\u00d3VILES\u00bb _builder_version=\u00bb4.27.4&#8243; body_font=\u00bb||||\u00bb body_line_height=\u00bb2em\u00bb tab_font=\u00bb||||\u00bb tab_line_height=\u00bb2em\u00bb background_image=\u00bbhttps:\/\/malaga.salesianos.edu\/colegio\/wp-content\/uploads\/sites\/2\/2017\/11\/fondo_correo.jpg\u00bb hover_enabled=\u00bb0&#8243; body_line_height_tablet=\u00bb2em\u00bb body_line_height_phone=\u00bb2em\u00bb tab_line_height_tablet=\u00bb2em\u00bb tab_line_height_phone=\u00bb2em\u00bb global_colors_info=\u00bb{}\u00bb sticky_enabled=\u00bb0&#8243;]<\/p>\n<table style=\"height: 390px;\" width=\"586\">\n<tbody>\n<tr style=\"height: 23px;\">\n<td style=\"height: 22px; width: 451.696px;\"><strong>PRIMERO<\/strong><\/td>\n<td style=\"height: 22px; width: 120.87px;\"><strong>N\u00ba DE HORAS<\/strong><\/td>\n<\/tr>\n<tr style=\"height: 23px;\">\n<td style=\"height: 23px; width: 451.696px;\">Circuitos de Fluidos Suspensi\u00f3n y Direcci\u00f3n<\/td>\n<td style=\"height: 23px; width: 120.87px;\">6<\/td>\n<\/tr>\n<tr style=\"height: 23px;\">\n<td style=\"height: 23px; width: 451.696px;\">Digitalizaci\u00f3n Aplicada a los Sectores Productivos GM<\/td>\n<td style=\"height: 23px; width: 120.87px;\">1<\/td>\n<\/tr>\n<tr style=\"height: 23px;\">\n<td style=\"height: 23px; width: 451.696px;\">Itinerario Personal para la Empleabilidad I<\/td>\n<td style=\"height: 23px; width: 120.87px;\">3<\/td>\n<\/tr>\n<tr style=\"height: 23px;\">\n<td style=\"height: 23px; width: 451.696px;\">Mecanizado B\u00e1sico<\/td>\n<td style=\"height: 23px; width: 120.87px;\">3<\/td>\n<\/tr>\n<tr style=\"height: 23px;\">\n<td style=\"height: 23px; width: 451.696px;\">Motores<\/td>\n<td style=\"height: 23px; width: 120.87px;\">5<\/td>\n<\/tr>\n<tr style=\"height: 23px;\">\n<td style=\"height: 23px; width: 451.696px;\">Sistemas de carga y arranque<\/td>\n<td style=\"height: 23px; width: 120.87px;\">6<\/td>\n<\/tr>\n<tr style=\"height: 23px;\">\n<td style=\"height: 23px; width: 451.696px;\">Sistemas de Transmisi\u00f3n y Frenado<\/td>\n<td style=\"height: 23px; width: 120.87px;\">5<\/td>\n<\/tr>\n<tr style=\"height: 23px;\">\n<td style=\"height: 23px; width: 451.696px;\">Sostenibilidad Aplicada al Sistema Productivo<\/td>\n<td style=\"height: 23px; width: 120.87px;\">1<\/td>\n<\/tr>\n<tr style=\"height: 23px;\">\n<td style=\"height: 23px; width: 451.696px;\"><strong>SEGUNDO<\/strong><\/td>\n<td style=\"height: 23px; width: 120.87px;\"><strong>N\u00ba DE HORAS<\/strong><\/td>\n<\/tr>\n<tr style=\"height: 23px;\">\n<td style=\"height: 23px; width: 451.696px;\">Proyecto Intermodular<\/td>\n<td style=\"height: 23px; width: 120.87px;\">2<\/td>\n<\/tr>\n<tr style=\"height: 23px;\">\n<td style=\"height: 23px; width: 451.696px;\">Ingl\u00e9s Profesional GM<\/td>\n<td style=\"height: 23px; width: 120.87px;\">2<\/td>\n<\/tr>\n<tr style=\"height: 23px;\">\n<td style=\"height: 23px; width: 451.696px;\">Sistemas de tracci\u00f3n en veh\u00edculos h\u00edbridos y el\u00e9ctricos<\/td>\n<td style=\"height: 23px; width: 120.87px;\">3<\/td>\n<\/tr>\n<tr style=\"height: 23px;\">\n<td style=\"height: 23px; width: 451.696px;\">Itinerario Personal para la Empleabilidad II<\/td>\n<td style=\"height: 23px; width: 120.87px;\">3<\/td>\n<\/tr>\n<tr style=\"height: 23px;\">\n<td style=\"height: 23px; width: 451.696px;\">Circuitos el\u00e9ctricos auxiliares del veh\u00edculo<\/td>\n<td style=\"height: 23px; width: 120.87px;\">7<\/td>\n<\/tr>\n<tr style=\"height: 23px;\">\n<td style=\"width: 451.696px; height: 23px;\">Sistemas de seguridad y confortabilidad<\/td>\n<td style=\"width: 120.87px; height: 23px;\">5<\/td>\n<\/tr>\n<tr style=\"height: 23px;\">\n<td style=\"width: 451.696px; height: 23px;\">Sistemas auxiliares del motor<\/td>\n<td style=\"width: 120.87px; height: 23px;\">8<\/td>\n<\/tr>\n<\/tbody>\n<\/table>\n<p>[\/et_pb_tab][\/et_pb_tabs][et_pb_divider show_divider=\u00bboff\u00bb disabled_on=\u00bbon|on|off\u00bb _builder_version=\u00bb4.16&#8243; background_size=\u00bbinitial\u00bb background_position=\u00bbtop_left\u00bb background_repeat=\u00bbrepeat\u00bb height=\u00bb0px\u00bb hide_on_mobile=\u00bbon\u00bb global_colors_info=\u00bb{}\u00bb][\/et_pb_divider][et_pb_text module_id=\u00bbgradosuperior\u00bb _builder_version=\u00bb4.27.4&#8243; background_size=\u00bbinitial\u00bb background_position=\u00bbtop_left\u00bb background_repeat=\u00bbrepeat\u00bb text_orientation=\u00bbjustified\u00bb border_style=\u00bbsolid\u00bb global_colors_info=\u00bb{}\u00bb]<\/p>\n<header class=\"portlet-topper\">\n<h1 class=\"portlet-title\">\u00a0<\/h1>\n<h1 class=\"portlet-title\"><span class=\"portlet-title-text\">Formaci\u00f3n Profesional de Grado Superior<\/span><\/h1>\n<hr \/>\n<menu id=\"portlet-topper-toolbar_ABACO_WEB_WAR_abacoportlet_INSTANCE_iYi2\" class=\"portlet-topper-toolbar\" type=\"toolbar\"><\/menu>\n<\/header>\n<div class=\"portlet-content\">\n<div class=\" portlet-content-container\">\n<div class=\"portlet-body\">\n<div class=\"contenido_portlet \">\n<div class=\"portlet_web\">\n<div class=\"detalle web\">\n<div class=\"contenido_detalle\">\n<section class=\"cuerpo detalle_html\">\n<div class=\"inner_cuerpo\">\n<p>Un <strong>ciclo formativo de grado superior<\/strong> me proporciona una formaci\u00f3n que me permitir\u00e1 desarrollar actividades de forma aut\u00f3noma donde se denominen diversas t\u00e9cnicas, con responsabilidad en la coordinaci\u00f3n y supervisi\u00f3n del trabajo t\u00e9cnico y especializado.<\/p>\n<p>Tanto en primer curso como en segundo curso realizar\u00e9 la <strong>Fase de Formaci\u00f3n en Empresas u Organismo Equiparado <\/strong>\u00a0(FFEOE) donde podr\u00e9 poner en pr\u00e1ctica los conocimientos que he adquirido en un entorno real.<\/p>\n<ul>\n<li><strong>Administraci\u00f3n y finanzas.<\/strong><\/li>\n<li><strong>Mantenimiento electr\u00f3nico.<\/strong><\/li>\n<li><strong>Mantenimiento de instalaciones t\u00e9rmicas y de fluidos.<\/strong><\/li>\n<\/ul>\n<\/div>\n<\/section>\n<\/div>\n<\/div>\n<\/div>\n<\/div>\n<\/div>\n<\/div>\n<\/div>\n<p>[\/et_pb_text][et_pb_tabs _builder_version=\u00bb4.27.4&#8243; tab_text_color=\u00bb#e02b20&#8243; background_size=\u00bbinitial\u00bb background_position=\u00bbtop_left\u00bb background_repeat=\u00bbrepeat\u00bb hover_enabled=\u00bb0&#8243; use_border_color=\u00bboff\u00bb global_colors_info=\u00bb{}\u00bb sticky_enabled=\u00bb0&#8243;][et_pb_tab title=\u00bbADMINISTRACI\u00d3N Y FINANZAS \u00bb _builder_version=\u00bb4.27.4&#8243; body_font=\u00bb||||\u00bb body_line_height=\u00bb2em\u00bb tab_font=\u00bb||||\u00bb tab_line_height=\u00bb2em\u00bb background_image=\u00bbhttps:\/\/malaga.salesianos.edu\/colegio\/wp-content\/uploads\/sites\/2\/2017\/11\/fondo_correo.jpg\u00bb hover_enabled=\u00bb0&#8243; body_line_height_tablet=\u00bb2em\u00bb body_line_height_phone=\u00bb2em\u00bb tab_line_height_tablet=\u00bb2em\u00bb tab_line_height_phone=\u00bb2em\u00bb global_colors_info=\u00bb{}\u00bb sticky_enabled=\u00bb0&#8243;]<\/p>\n<table style=\"height: 437px; width: 535px;\" width=\"586\">\n<tbody>\n<tr style=\"height: 23px;\">\n<td style=\"height: 23px; width: 421px;\"><strong>PRIMERO\u00a0\u00a0\u00a0\u00a0\u00a0\u00a0\u00a0\u00a0\u00a0\u00a0\u00a0\u00a0 <\/strong><\/td>\n<td style=\"height: 23px; width: 114px;\"><strong>N\u00ba DE HORAS<\/strong><\/td>\n<\/tr>\n<tr style=\"height: 23px;\">\n<td style=\"height: 23px; width: 421px;\">Comunicaci\u00f3n y Atenci\u00f3n al Cliente<\/td>\n<td style=\"height: 23px; width: 114px;\">4<\/td>\n<\/tr>\n<tr style=\"height: 23px;\">\n<td style=\"height: 23px; width: 421px;\">Digitalizaci\u00f3n Aplicada a los Sectores Productivos GS<\/td>\n<td style=\"height: 23px; width: 114px;\">1<\/td>\n<\/tr>\n<tr style=\"height: 23px;\">\n<td style=\"height: 23px; width: 421px;\">Gesti\u00f3n de la documentaci\u00f3n jur\u00eddica y empresarial<\/td>\n<td style=\"height: 23px; width: 114px;\">3<\/td>\n<\/tr>\n<tr style=\"height: 23px;\">\n<td style=\"height: 23px; width: 421px;\">Ingl\u00e9s Profesional GS<\/td>\n<td style=\"height: 23px; width: 114px;\">4<\/td>\n<\/tr>\n<tr style=\"height: 23px;\">\n<td style=\"height: 23px; width: 421px;\">Itinerario Personal para la Empleabilidad<\/td>\n<td style=\"height: 23px; width: 114px;\">3<\/td>\n<\/tr>\n<tr style=\"height: 23px;\">\n<td style=\"height: 23px; width: 421px;\">Ofim\u00e1tica y proceso de la informaci\u00f3n<\/td>\n<td style=\"height: 23px; width: 114px;\">6<\/td>\n<\/tr>\n<tr style=\"height: 23px;\">\n<td style=\"width: 421px; height: 23px;\">Proceso integral de la actividad comercial<\/td>\n<td style=\"width: 114px; height: 23px;\">5<\/td>\n<\/tr>\n<tr style=\"height: 23px;\">\n<td style=\"width: 421px; height: 23px;\">Recursos humanos y responsabilidad social corporativa<\/td>\n<td style=\"width: 114px; height: 23px;\">3<\/td>\n<\/tr>\n<tr style=\"height: 23px;\">\n<td style=\"width: 421px; height: 23px;\">Sostenibilidad Aplicada al Sistema Productivo<\/td>\n<td style=\"width: 114px; height: 23px;\">1<\/td>\n<\/tr>\n<tr style=\"height: 23px;\">\n<td style=\"height: 23px; width: 421px;\"><strong>SEGUNDO\u00a0\u00a0\u00a0\u00a0 <\/strong><\/td>\n<td style=\"height: 23px; width: 114px;\"><strong>N\u00ba DE HORAS<\/strong><\/td>\n<\/tr>\n<tr style=\"height: 23px;\">\n<td style=\"height: 23px; width: 421px;\">Optativa-Profundizaci\u00f3n en Ingl\u00e9s Profesional para Administraci\u00f3n y Finanzas<\/td>\n<td style=\"height: 23px; width: 114px;\">3<\/td>\n<\/tr>\n<tr style=\"height: 23px;\">\n<td style=\"height: 23px; width: 421px;\">Gesti\u00f3n de recursos humanos<\/td>\n<td style=\"height: 23px; width: 114px;\">3<\/td>\n<\/tr>\n<tr style=\"height: 23px;\">\n<td style=\"height: 23px; width: 421px;\">Gesti\u00f3n Financiera<\/td>\n<td style=\"height: 23px; width: 114px;\">5<\/td>\n<\/tr>\n<tr style=\"height: 23px;\">\n<td style=\"height: 23px; width: 421px;\">Contabilidad y Fiscalidad<\/td>\n<td style=\"height: 23px; width: 114px;\">5<\/td>\n<\/tr>\n<tr style=\"height: 23px;\">\n<td style=\"height: 23px; width: 421px;\">Gesti\u00f3n log\u00edstica y comercial<\/td>\n<td style=\"height: 23px; width: 114px;\">4<\/td>\n<\/tr>\n<tr style=\"height: 23px;\">\n<td style=\"height: 23px; width: 421px;\">Simulaci\u00f3n empresarial<\/td>\n<td style=\"height: 23px; width: 114px;\">5<\/td>\n<\/tr>\n<tr style=\"height: 23px;\">\n<td style=\"width: 421px; height: 23px;\">Itinerario Personal para la Empleabilidad II<\/td>\n<td style=\"width: 114px; height: 23px;\">3<\/td>\n<\/tr>\n<tr>\n<td style=\"width: 421px;\">Proyecto Intermodular de Administraci\u00f3n y Finanzas<\/td>\n<td style=\"width: 114px;\">2<\/td>\n<\/tr>\n<\/tbody>\n<\/table>\n<p>[\/et_pb_tab][et_pb_tab title=\u00bbMANTENIMIENTO ELECTR\u00d3NICO \u00bb _builder_version=\u00bb4.27.4&#8243; body_font=\u00bb||||\u00bb body_line_height=\u00bb2em\u00bb tab_font=\u00bb||||\u00bb tab_line_height=\u00bb2em\u00bb background_image=\u00bbhttps:\/\/malaga.salesianos.edu\/colegio\/wp-content\/uploads\/sites\/2\/2017\/11\/fondo_correo.jpg\u00bb hover_enabled=\u00bb0&#8243; body_line_height_tablet=\u00bb2em\u00bb body_line_height_phone=\u00bb2em\u00bb tab_line_height_tablet=\u00bb2em\u00bb tab_line_height_phone=\u00bb2em\u00bb global_colors_info=\u00bb{}\u00bb sticky_enabled=\u00bb0&#8243;]<\/p>\n<table style=\"height: 438px; width: 552px;\" width=\"586\">\n<tbody>\n<tr style=\"height: 23px;\">\n<td style=\"height: 23px; width: 424.195px;\"><strong>PRIMERO\u00a0\u00a0\u00a0\u00a0\u00a0\u00a0\u00a0\u00a0 <\/strong><\/td>\n<td style=\"height: 23px; width: 112.002px;\"><strong>N\u00ba DE HORAS<\/strong><\/td>\n<\/tr>\n<tr style=\"height: 23px;\">\n<td style=\"height: 23px; width: 424.195px;\">Circuitos electr\u00f3nicos anal\u00f3gicos<\/td>\n<td style=\"height: 23px; width: 112.002px;\">7<\/td>\n<\/tr>\n<tr style=\"height: 23px;\">\n<td style=\"height: 23px; width: 424.195px;\">Digitalizaci\u00f3n Aplicada a los Sectores Productivos GS<\/td>\n<td style=\"height: 23px; width: 112.002px;\">1<\/td>\n<\/tr>\n<tr style=\"height: 23px;\">\n<td style=\"height: 23px; width: 424.195px;\">Equipos microprogramable<\/td>\n<td style=\"height: 23px; width: 112.002px;\">6<\/td>\n<\/tr>\n<tr style=\"height: 23px;\">\n<td style=\"height: 23px; width: 424.195px;\">Infraestructuras y desarrollo del mantenimiento electr\u00f3nico<\/td>\n<td style=\"height: 23px; width: 112.002px;\">2<\/td>\n<\/tr>\n<tr style=\"height: 23px;\">\n<td style=\"height: 23px; width: 424.195px;\">Itinerario Personal para la Empleabilidad I<\/td>\n<td style=\"height: 23px; width: 112.002px;\">3<\/td>\n<\/tr>\n<tr style=\"height: 23px;\">\n<td style=\"width: 424.195px; height: 23px;\">Mantenimiento de equipos de voz y datos<\/td>\n<td style=\"width: 112.002px; height: 23px;\">5<\/td>\n<\/tr>\n<tr style=\"height: 23px;\">\n<td style=\"width: 424.195px; height: 23px;\">Sostenibilidad Aplicada al Sistema Productivo<\/td>\n<td style=\"width: 112.002px; height: 23px;\">1<\/td>\n<\/tr>\n<tr style=\"height: 47px;\">\n<td style=\"width: 424.195px; height: 47px;\">T\u00e9cnicas y procesos de montaje y mantenimiento de equipos electr\u00f3nicos<\/td>\n<td style=\"width: 112.002px; height: 47px;\">5<\/td>\n<\/tr>\n<tr style=\"height: 23px;\">\n<td style=\"height: 23px; width: 424.195px;\"><strong>SEGUNDO\u00a0\u00a0\u00a0\u00a0\u00a0\u00a0\u00a0\u00a0\u00a0\u00a0\u00a0\u00a0\u00a0\u00a0\u00a0\u00a0\u00a0\u00a0\u00a0\u00a0\u00a0\u00a0\u00a0 <\/strong><\/td>\n<td style=\"height: 23px; width: 112.002px;\"><strong>N\u00ba DE HORAS<\/strong><\/td>\n<\/tr>\n<tr style=\"height: 23px;\">\n<td style=\"height: 23px; width: 424.195px;\">Optativa-Integraci\u00f3n de Proyectos Electr\u00f3nicos, Digitales y M\u00f3viles<\/td>\n<td style=\"height: 23px; width: 112.002px;\">3<\/td>\n<\/tr>\n<tr style=\"height: 23px;\">\n<td style=\"height: 23px; width: 424.195px;\">Mantenimiento de equipos de radiocomunicaciones<\/td>\n<td style=\"height: 23px; width: 112.002px;\">5<\/td>\n<\/tr>\n<tr style=\"height: 23px;\">\n<td style=\"height: 23px; width: 424.195px;\">Mantenimiento de equipos de electr\u00f3nica industrial<\/td>\n<td style=\"height: 23px; width: 112.002px;\">7<\/td>\n<\/tr>\n<tr style=\"height: 23px;\">\n<td style=\"height: 23px; width: 424.195px;\">Mantenimiento de equipos de audio<\/td>\n<td style=\"height: 23px; width: 112.002px;\">4<\/td>\n<\/tr>\n<tr style=\"height: 23px;\">\n<td style=\"height: 23px; width: 424.195px;\">Mantenimiento de equipos de v\u00eddeo<\/td>\n<td style=\"height: 23px; width: 112.002px;\">4<\/td>\n<\/tr>\n<tr style=\"height: 23px;\">\n<td style=\"height: 23px; width: 424.195px;\">Itinerario Personal para la Empleabilidad II<\/td>\n<td style=\"height: 23px; width: 112.002px;\">3<\/td>\n<\/tr>\n<tr style=\"height: 23px;\">\n<td style=\"width: 424.195px; height: 23px;\">Ingl\u00e9s Profesional GS<\/td>\n<td style=\"width: 112.002px; height: 23px;\">2<\/td>\n<\/tr>\n<tr>\n<td style=\"width: 424.195px;\">Proyecto Intermodular de Mantenimiento Electr\u00f3nico<\/td>\n<td style=\"width: 112.002px;\">2<\/td>\n<\/tr>\n<\/tbody>\n<\/table>\n<p>[\/et_pb_tab][et_pb_tab title=\u00bbMANTENIMIENTO DE INSTALACIONES T\u00c9RMICAS Y DE FLUIDOS\u00bb _builder_version=\u00bb4.27.4&#8243; body_font=\u00bb||||\u00bb body_line_height=\u00bb2em\u00bb tab_font=\u00bb||||\u00bb tab_line_height=\u00bb2em\u00bb background_image=\u00bbhttps:\/\/malaga.salesianos.edu\/colegio\/wp-content\/uploads\/sites\/2\/2017\/11\/fondo_correo.jpg\u00bb hover_enabled=\u00bb0&#8243; body_line_height_tablet=\u00bb2em\u00bb body_line_height_phone=\u00bb2em\u00bb tab_line_height_tablet=\u00bb2em\u00bb tab_line_height_phone=\u00bb2em\u00bb global_colors_info=\u00bb{}\u00bb sticky_enabled=\u00bb0&#8243;]<\/p>\n<table style=\"height: 391px; width: 554px;\" width=\"586\">\n<tbody>\n<tr style=\"height: 23px;\">\n<td style=\"height: 23px; width: 437px;\"><strong>PRIMERO\u00a0\u00a0\u00a0\u00a0\u00a0\u00a0\u00a0\u00a0\u00a0\u00a0\u00a0\u00a0\u00a0\u00a0\u00a0\u00a0\u00a0\u00a0\u00a0 <\/strong><\/td>\n<td style=\"height: 23px; width: 117px;\"><strong>N\u00ba DE HORAS<\/strong><\/td>\n<\/tr>\n<tr style=\"height: 23px;\">\n<td style=\"height: 23px; width: 437px;\">Digitalizaci\u00f3n Aplicada a los Sectores Productivos GS<\/td>\n<td style=\"height: 23px; width: 117px;\">1<\/td>\n<\/tr>\n<tr style=\"height: 23px;\">\n<td style=\"height: 23px; width: 437px;\">Energ\u00edas Renovables y Eficiencia Energ\u00e9tica<\/td>\n<td style=\"height: 23px; width: 117px;\">2<\/td>\n<\/tr>\n<tr style=\"height: 23px;\">\n<td style=\"height: 23px; width: 437px;\">Equipos e Instalaciones T\u00e9rmicas<\/td>\n<td style=\"height: 23px; width: 117px;\">6<\/td>\n<\/tr>\n<tr style=\"height: 23px;\">\n<td style=\"height: 23px; width: 437px;\">Itinerario Personal para la Empleabilidad I<\/td>\n<td style=\"height: 23px; width: 117px;\">3<\/td>\n<\/tr>\n<tr style=\"height: 23px;\">\n<td style=\"height: 23px; width: 437px;\">Procesos de Montaje de Instalaciones<\/td>\n<td style=\"height: 23px; width: 117px;\">8<\/td>\n<\/tr>\n<tr style=\"height: 23px;\">\n<td style=\"width: 437px; height: 23px;\">Representaci\u00f3n Gr\u00e1fica de Instalaciones<\/td>\n<td style=\"width: 117px; height: 23px;\">4<\/td>\n<\/tr>\n<tr style=\"height: 23px;\">\n<td style=\"width: 437px; height: 23px;\">Sistemas El\u00e9ctricos y Autom\u00e1ticos<\/td>\n<td style=\"width: 117px; height: 23px;\">5<\/td>\n<\/tr>\n<tr style=\"height: 23px;\">\n<td style=\"width: 437px; height: 23px;\">Sostenibilidad Aplicada al Sistema Productivo<\/td>\n<td style=\"width: 117px; height: 23px;\">1<\/td>\n<\/tr>\n<tr style=\"height: 23px;\">\n<td style=\"height: 23px; width: 437px;\"><strong>SEGUNDO\u00a0\u00a0\u00a0\u00a0\u00a0\u00a0\u00a0\u00a0\u00a0\u00a0\u00a0\u00a0\u00a0\u00a0\u00a0\u00a0\u00a0 <\/strong><\/td>\n<td style=\"height: 23px; width: 117px;\"><strong>N\u00ba DE HORAS<\/strong><\/td>\n<\/tr>\n<tr style=\"height: 23px;\">\n<td style=\"height: 23px; width: 437px;\">Gesti\u00f3n del Montaje, de la Calidad y del Mantenimiento<\/td>\n<td style=\"height: 23px; width: 117px;\">4<\/td>\n<\/tr>\n<tr style=\"height: 23px;\">\n<td style=\"height: 23px; width: 437px;\">Configuraci\u00f3n de instalaciones T\u00e9rmicas y de Fluidos<\/td>\n<td style=\"height: 23px; width: 117px;\">6<\/td>\n<\/tr>\n<tr style=\"height: 23px;\">\n<td style=\"height: 23px; width: 437px;\">Mantenimiento de instalaciones Frigor\u00edficas y de Climatizaci\u00f3n<\/td>\n<td style=\"height: 23px; width: 117px;\">6<\/td>\n<\/tr>\n<tr style=\"height: 23px;\">\n<td style=\"height: 23px; width: 437px;\">Mantenimiento de Instalaciones Calor\u00edficas y de Fluidos<\/td>\n<td style=\"height: 23px; width: 117px;\">4<\/td>\n<\/tr>\n<tr style=\"height: 23px;\">\n<td style=\"height: 23px; width: 437px;\">Itinerario Personal para la Empleabilidad II<\/td>\n<td style=\"height: 23px; width: 117px;\">3<\/td>\n<\/tr>\n<tr style=\"height: 23px;\">\n<td style=\"height: 23px; width: 437px;\">Ingl\u00e9s Profesional GS<\/td>\n<td style=\"height: 23px; width: 117px;\">2<\/td>\n<\/tr>\n<tr>\n<td style=\"width: 437px;\">Proyecto Intermodular de Mantenimiento de Instalaciones T\u00e9rmicas y de Fluidos<\/td>\n<td style=\"width: 117px;\">2<\/td>\n<\/tr>\n<tr>\n<td style=\"width: 437px;\">Optativa-Ampliaci\u00f3n t\u00e9cnicas de montaje de instlaciones<\/td>\n<td style=\"width: 117px;\">3<\/td>\n<\/tr>\n<\/tbody>\n<\/table>\n<p>[\/et_pb_tab][\/et_pb_tabs][\/et_pb_column][\/et_pb_row][et_pb_row column_structure=\u00bb1_5,1_5,1_5,1_5,1_5&#8243; _builder_version=\u00bb4.16&#8243; background_size=\u00bbinitial\u00bb background_position=\u00bbtop_left\u00bb background_repeat=\u00bbrepeat\u00bb make_fullwidth=\u00bboff\u00bb use_custom_width=\u00bboff\u00bb width_unit=\u00bbon\u00bb global_colors_info=\u00bb{}\u00bb][et_pb_column type=\u00bb1_5&#8243; _builder_version=\u00bb4.16&#8243; custom_padding=\u00bb|||\u00bb global_colors_info=\u00bb{}\u00bb custom_padding__hover=\u00bb|||\u00bb][et_pb_blurb title=\u00bbAdmisiones\u00bb url=\u00bbhttps:\/\/malaga.salesianos.edu\/colegio\/admisiones\/\u00bb use_icon=\u00bbon\u00bb font_icon=\u00bb&#x6b;||divi||400&#8243; image_icon_background_color=\u00bb#ffffff\u00bb image_icon_width=\u00bb48px\u00bb admin_label=\u00bbAdmisiones\u00bb _builder_version=\u00bb4.16&#8243; header_text_color=\u00bb#e02b20&#8243; header_font_size=\u00bb16&#8243; image_icon_custom_padding=\u00bb25px|25px|25px|25px|false|false\u00bb text_orientation=\u00bbcenter\u00bb border_radii_image=\u00bbon|100%|100%|100%|100%\u00bb border_width_all_image=\u00bb3px\u00bb border_color_all_image=\u00bb#666666&#8243; use_circle=\u00bbon\u00bb use_circle_border=\u00bbon\u00bb circle_border_color=\u00bb#666666&#8243; circle_color=\u00bb#ffffff\u00bb global_colors_info=\u00bb{}\u00bb image_icon_background_color__sticky_enabled=\u00bb#dc001b\u00bb image_icon_background_color__sticky=\u00bb#dc001b\u00bb transform_styles__hover_enabled=\u00bbon|hover\u00bb transform_scale__hover=\u00bb104%|104%\u00bb transform_scale__hover_enabled=\u00bbon|hover\u00bb transform_translate__hover_enabled=\u00bbon|desktop\u00bb transform_rotate__hover_enabled=\u00bbon|desktop\u00bb transform_skew__hover_enabled=\u00bbon|desktop\u00bb transform_origin__hover_enabled=\u00bbon|desktop\u00bb][\/et_pb_blurb][\/et_pb_column][et_pb_column type=\u00bb1_5&#8243; _builder_version=\u00bb4.16&#8243; custom_padding=\u00bb|||\u00bb global_colors_info=\u00bb{}\u00bb custom_padding__hover=\u00bb|||\u00bb][et_pb_blurb title=\u00bbFP Dual\u00bb url=\u00bb\/colegio\/formacion-profesional-dual\/\u00bb use_icon=\u00bbon\u00bb font_icon=\u00bb&#xe035;||divi||400&#8243; image_icon_background_color=\u00bb#ffffff\u00bb image_icon_width=\u00bb48px\u00bb admin_label=\u00bbFP Dual\u00bb _builder_version=\u00bb4.19.0&#8243; header_text_color=\u00bb#E02B20&#8243; image_icon_custom_padding=\u00bb25px|25px|25px|25px|false|false\u00bb text_orientation=\u00bbcenter\u00bb border_radii_image=\u00bbon|100%|100%|100%|100%\u00bb border_width_all_image=\u00bb3px\u00bb border_color_all_image=\u00bb#666666&#8243; use_circle=\u00bbon\u00bb use_circle_border=\u00bbon\u00bb circle_border_color=\u00bb#666666&#8243; circle_color=\u00bb#ffffff\u00bb global_colors_info=\u00bb{}\u00bb image_icon_background_color__sticky_enabled=\u00bb#dc001b\u00bb image_icon_background_color__sticky=\u00bb#dc001b\u00bb transform_styles__hover_enabled=\u00bbon|hover\u00bb transform_scale__hover_enabled=\u00bbon|hover\u00bb transform_translate__hover_enabled=\u00bbon|desktop\u00bb transform_rotate__hover_enabled=\u00bbon|desktop\u00bb transform_skew__hover_enabled=\u00bbon|desktop\u00bb transform_origin__hover_enabled=\u00bbon|desktop\u00bb transform_scale__hover=\u00bb104%|104%\u00bb][\/et_pb_blurb][\/et_pb_column][et_pb_column type=\u00bb1_5&#8243; _builder_version=\u00bb4.16&#8243; custom_padding=\u00bb|||\u00bb global_colors_info=\u00bb{}\u00bb custom_padding__hover=\u00bb|||\u00bb][et_pb_blurb title=\u00bbInstalaciones\u00bb url=\u00bb\/colegio\/instalaciones\/\u00bb use_icon=\u00bbon\u00bb font_icon=\u00bb&#xe0fd;||divi||400&#8243; image_icon_background_color=\u00bb#ffffff\u00bb image_icon_width=\u00bb48px\u00bb admin_label=\u00bbInstalaciones\u00bb _builder_version=\u00bb4.19.0&#8243; header_text_color=\u00bb#e02b20&#8243; header_font_size=\u00bb16&#8243; image_icon_custom_padding=\u00bb25px|25px|25px|25px|false|false\u00bb text_orientation=\u00bbcenter\u00bb border_radii_image=\u00bbon|100%|100%|100%|100%\u00bb border_width_all_image=\u00bb3px\u00bb border_color_all_image=\u00bb#666666&#8243; use_circle=\u00bbon\u00bb use_circle_border=\u00bbon\u00bb circle_border_color=\u00bb#666666&#8243; circle_color=\u00bb#ffffff\u00bb global_colors_info=\u00bb{}\u00bb image_icon_background_color__sticky_enabled=\u00bb#dc001b\u00bb image_icon_background_color__sticky=\u00bb#dc001b\u00bb transform_styles__hover_enabled=\u00bbon|hover\u00bb transform_scale__hover=\u00bb104%|104%\u00bb transform_scale__hover_enabled=\u00bbon|hover\u00bb transform_translate__hover_enabled=\u00bbon|desktop\u00bb transform_rotate__hover_enabled=\u00bbon|desktop\u00bb transform_skew__hover_enabled=\u00bbon|desktop\u00bb transform_origin__hover_enabled=\u00bbon|desktop\u00bb][\/et_pb_blurb][\/et_pb_column][et_pb_column type=\u00bb1_5&#8243; _builder_version=\u00bb4.16&#8243; custom_padding=\u00bb|||\u00bb global_colors_info=\u00bb{}\u00bb custom_padding__hover=\u00bb|||\u00bb][et_pb_blurb title=\u00bbErasmus +\u00bb url=\u00bb\/colegio\/programas-europeos\/\u00bb use_icon=\u00bbon\u00bb font_icon=\u00bb&#x50;||divi||400&#8243; image_icon_background_color=\u00bb#ffffff\u00bb image_icon_width=\u00bb48px\u00bb admin_label=\u00bbErasmus +\u00bb _builder_version=\u00bb4.19.0&#8243; header_text_color=\u00bb#E02B20&#8243; image_icon_custom_padding=\u00bb25px|25px|25px|25px|false|false\u00bb text_orientation=\u00bbcenter\u00bb border_radii_image=\u00bbon|100%|100%|100%|100%\u00bb border_width_all_image=\u00bb3px\u00bb border_color_all_image=\u00bb#666666&#8243; use_circle=\u00bbon\u00bb use_circle_border=\u00bbon\u00bb circle_border_color=\u00bb#666666&#8243; circle_color=\u00bb#ffffff\u00bb global_colors_info=\u00bb{}\u00bb image_icon_background_color__sticky_enabled=\u00bb#dc001b\u00bb image_icon_background_color__sticky=\u00bb#dc001b\u00bb transform_styles__hover_enabled=\u00bbon|hover\u00bb transform_scale__hover_enabled=\u00bbon|hover\u00bb transform_translate__hover_enabled=\u00bbon|desktop\u00bb transform_rotate__hover_enabled=\u00bbon|desktop\u00bb transform_skew__hover_enabled=\u00bbon|desktop\u00bb transform_origin__hover_enabled=\u00bbon|desktop\u00bb transform_scale__hover=\u00bb104%|104%\u00bb][\/et_pb_blurb][\/et_pb_column][et_pb_column type=\u00bb1_5&#8243; _builder_version=\u00bb4.16&#8243; custom_padding=\u00bb|||\u00bb global_colors_info=\u00bb{}\u00bb custom_padding__hover=\u00bb|||\u00bb][et_pb_blurb title=\u00bbProgramaci\u00f3n General Anual\u00bb url=\u00bbhttps:\/\/malaga.salesianos.edu\/colegio\/programacion-general-anual\/\u00bb use_icon=\u00bbon\u00bb font_icon=\u00bb&#x69;||divi||400&#8243; image_icon_background_color=\u00bb#ffffff\u00bb image_icon_width=\u00bb48px\u00bb admin_label=\u00bbProgramaci\u00f3n General\u00bb _builder_version=\u00bb4.19.0&#8243; header_text_color=\u00bb#e02b20&#8243; header_font_size=\u00bb16&#8243; image_icon_custom_padding=\u00bb25px|25px|25px|25px|false|false\u00bb text_orientation=\u00bbcenter\u00bb z_index_tablet=\u00bb500&#8243; border_radii_image=\u00bbon|100%|100%|100%|100%\u00bb border_width_all_image=\u00bb3px\u00bb border_color_all_image=\u00bb#666666&#8243; use_circle=\u00bbon\u00bb use_circle_border=\u00bbon\u00bb circle_border_color=\u00bb#666666&#8243; circle_color=\u00bb#ffffff\u00bb global_colors_info=\u00bb{}\u00bb image_icon_background_color__sticky_enabled=\u00bb#dc001b\u00bb image_icon_background_color__sticky=\u00bb#dc001b\u00bb transform_styles__hover_enabled=\u00bbon|hover\u00bb transform_scale__hover=\u00bb104%|104%\u00bb transform_scale__hover_enabled=\u00bbon|hover\u00bb transform_translate__hover_enabled=\u00bbon|desktop\u00bb transform_rotate__hover_enabled=\u00bbon|desktop\u00bb transform_skew__hover_enabled=\u00bbon|desktop\u00bb transform_origin__hover_enabled=\u00bbon|desktop\u00bb][\/et_pb_blurb][\/et_pb_column][\/et_pb_row][\/et_pb_section]<\/p>\n","protected":false},"excerpt":{"rendered":"<p>Un ciclo formativo de Formaci\u00f3n Profesional de Grado Medio o\u00a0Grado Superior, est\u00e1 estructurado en dos cursos, hasta completar un total de 2000 horas de formaci\u00f3n. En cada uno, cursar\u00e9 una serie de m\u00f3dulos profesionales (asignaturas) que depender\u00e1n del ciclo al que acceda. Para superar un ciclo formativo de Formaci\u00f3n Profesional puedo hacerlo siguiendo distintas\u00a0modalidades. Nuestro [&hellip;]<\/p>\n","protected":false},"author":2,"featured_media":0,"parent":0,"menu_order":0,"comment_status":"closed","ping_status":"closed","template":"","meta":{"_et_pb_use_builder":"on","_et_pb_old_content":"","_et_gb_content_width":"","footnotes":""},"class_list":["post-2915","page","type-page","status-publish","hentry"],"yoast_head":"<!-- This site is optimized with the Yoast SEO plugin v28.3 - https:\/\/yoast.com\/product\/yoast-seo-wordpress\/ -->\n<title>Especialidades Ciclos | Colegio San Bartolom\u00e9 | Salesianos M\u00e1laga<\/title>\n<meta name=\"description\" content=\"Un ciclo formativo de Formaci\u00f3n Profesional est\u00e1 estructurado en dos cursos, hasta completar un total de 2000 horas de formaci\u00f3n. En cada uno existen una serie de m\u00f3dulos profesionales. Las distintas especialidades de Ciclos Formativos en Salesianos M\u00e1laga se exponen a continuaci\u00f3n.\" \/>\n<meta name=\"robots\" content=\"index, follow, max-snippet:-1, max-image-preview:large, max-video-preview:-1\" \/>\n<link rel=\"canonical\" href=\"https:\/\/malaga.salesianos.edu\/colegio\/plan-de-estudios-ciclos\/\" \/>\n<meta property=\"og:locale\" content=\"es_ES\" \/>\n<meta property=\"og:type\" content=\"article\" \/>\n<meta property=\"og:title\" content=\"Especialidades Ciclos | Colegio San Bartolom\u00e9 | Salesianos M\u00e1laga\" \/>\n<meta property=\"og:description\" content=\"Un ciclo formativo de Formaci\u00f3n Profesional est\u00e1 estructurado en dos cursos, hasta completar un total de 2000 horas de formaci\u00f3n. En cada uno existen una serie de m\u00f3dulos profesionales. Las distintas especialidades de Ciclos Formativos en Salesianos M\u00e1laga se exponen a continuaci\u00f3n.\" \/>\n<meta property=\"og:url\" content=\"https:\/\/malaga.salesianos.edu\/colegio\/plan-de-estudios-ciclos\/\" \/>\n<meta property=\"og:site_name\" content=\"Colegio Concertado San Bartolom\u00e9 | Salesianos M\u00e1laga\" \/>\n<meta property=\"article:modified_time\" content=\"2026-02-17T11:50:36+00:00\" \/>\n<meta name=\"twitter:card\" content=\"summary_large_image\" \/>\n<meta name=\"twitter:label1\" content=\"Tiempo de lectura\" \/>\n\t<meta name=\"twitter:data1\" content=\"4 minutos\" \/>\n<script type=\"application\/ld+json\" class=\"yoast-schema-graph\">{\"@context\":\"https:\\\/\\\/schema.org\",\"@graph\":[{\"@type\":\"WebPage\",\"@id\":\"https:\\\/\\\/malaga.salesianos.edu\\\/colegio\\\/plan-de-estudios-ciclos\\\/\",\"url\":\"https:\\\/\\\/malaga.salesianos.edu\\\/colegio\\\/plan-de-estudios-ciclos\\\/\",\"name\":\"Especialidades Ciclos | Colegio San Bartolom\u00e9 | Salesianos M\u00e1laga\",\"isPartOf\":{\"@id\":\"https:\\\/\\\/malaga.salesianos.edu\\\/colegio\\\/#website\"},\"datePublished\":\"2017-05-22T07:42:13+00:00\",\"dateModified\":\"2026-02-17T11:50:36+00:00\",\"description\":\"Un ciclo formativo de Formaci\u00f3n Profesional est\u00e1 estructurado en dos cursos, hasta completar un total de 2000 horas de formaci\u00f3n. En cada uno existen una serie de m\u00f3dulos profesionales. Las distintas especialidades de Ciclos Formativos en Salesianos M\u00e1laga se exponen a continuaci\u00f3n.\",\"breadcrumb\":{\"@id\":\"https:\\\/\\\/malaga.salesianos.edu\\\/colegio\\\/plan-de-estudios-ciclos\\\/#breadcrumb\"},\"inLanguage\":\"es\",\"potentialAction\":[{\"@type\":\"ReadAction\",\"target\":[\"https:\\\/\\\/malaga.salesianos.edu\\\/colegio\\\/plan-de-estudios-ciclos\\\/\"]}]},{\"@type\":\"BreadcrumbList\",\"@id\":\"https:\\\/\\\/malaga.salesianos.edu\\\/colegio\\\/plan-de-estudios-ciclos\\\/#breadcrumb\",\"itemListElement\":[{\"@type\":\"ListItem\",\"position\":1,\"name\":\"Portada\",\"item\":\"https:\\\/\\\/malaga.salesianos.edu\\\/colegio\\\/\"},{\"@type\":\"ListItem\",\"position\":2,\"name\":\"Especialidades CFGM y CFGS\"}]},{\"@type\":\"WebSite\",\"@id\":\"https:\\\/\\\/malaga.salesianos.edu\\\/colegio\\\/#website\",\"url\":\"https:\\\/\\\/malaga.salesianos.edu\\\/colegio\\\/\",\"name\":\"Colegio Concertado San Bartolom\u00e9 | Salesianos M\u00e1laga\",\"description\":\"Centro concertado. Infantil, Primaria, ESO, Bachillerato, Formaci\u00f3n Profesional, Formaci\u00f3n Profesional B\u00e1sica (FPB) y Ciclos Formativos de Grado Medio y Superior.\",\"publisher\":{\"@id\":\"https:\\\/\\\/malaga.salesianos.edu\\\/colegio\\\/#organization\"},\"potentialAction\":[{\"@type\":\"SearchAction\",\"target\":{\"@type\":\"EntryPoint\",\"urlTemplate\":\"https:\\\/\\\/malaga.salesianos.edu\\\/colegio\\\/?s={search_term_string}\"},\"query-input\":{\"@type\":\"PropertyValueSpecification\",\"valueRequired\":true,\"valueName\":\"search_term_string\"}}],\"inLanguage\":\"es\"},{\"@type\":\"Organization\",\"@id\":\"https:\\\/\\\/malaga.salesianos.edu\\\/colegio\\\/#organization\",\"name\":\"Salesianos M\u00e1laga\",\"url\":\"https:\\\/\\\/malaga.salesianos.edu\\\/colegio\\\/\",\"logo\":{\"@type\":\"ImageObject\",\"inLanguage\":\"es\",\"@id\":\"https:\\\/\\\/malaga.salesianos.edu\\\/colegio\\\/#\\\/schema\\\/logo\\\/image\\\/\",\"url\":\"https:\\\/\\\/malaga.salesianos.edu\\\/colegio\\\/wp-content\\\/uploads\\\/sites\\\/2\\\/2018\\\/04\\\/MALAGAobraVN2.jpg\",\"contentUrl\":\"https:\\\/\\\/malaga.salesianos.edu\\\/colegio\\\/wp-content\\\/uploads\\\/sites\\\/2\\\/2018\\\/04\\\/MALAGAobraVN2.jpg\",\"width\":1937,\"height\":1490,\"caption\":\"Salesianos M\u00e1laga\"},\"image\":{\"@id\":\"https:\\\/\\\/malaga.salesianos.edu\\\/colegio\\\/#\\\/schema\\\/logo\\\/image\\\/\"}}]}<\/script>\n<!-- \/ Yoast SEO plugin. -->","yoast_head_json":{"title":"Especialidades Ciclos | Colegio San Bartolom\u00e9 | Salesianos M\u00e1laga","description":"Un ciclo formativo de Formaci\u00f3n Profesional est\u00e1 estructurado en dos cursos, hasta completar un total de 2000 horas de formaci\u00f3n. En cada uno existen una serie de m\u00f3dulos profesionales. Las distintas especialidades de Ciclos Formativos en Salesianos M\u00e1laga se exponen a continuaci\u00f3n.","robots":{"index":"index","follow":"follow","max-snippet":"max-snippet:-1","max-image-preview":"max-image-preview:large","max-video-preview":"max-video-preview:-1"},"canonical":"https:\/\/malaga.salesianos.edu\/colegio\/plan-de-estudios-ciclos\/","og_locale":"es_ES","og_type":"article","og_title":"Especialidades Ciclos | Colegio San Bartolom\u00e9 | Salesianos M\u00e1laga","og_description":"Un ciclo formativo de Formaci\u00f3n Profesional est\u00e1 estructurado en dos cursos, hasta completar un total de 2000 horas de formaci\u00f3n. En cada uno existen una serie de m\u00f3dulos profesionales. Las distintas especialidades de Ciclos Formativos en Salesianos M\u00e1laga se exponen a continuaci\u00f3n.","og_url":"https:\/\/malaga.salesianos.edu\/colegio\/plan-de-estudios-ciclos\/","og_site_name":"Colegio Concertado San Bartolom\u00e9 | Salesianos M\u00e1laga","article_modified_time":"2026-02-17T11:50:36+00:00","twitter_card":"summary_large_image","twitter_misc":{"Tiempo de lectura":"4 minutos"},"schema":{"@context":"https:\/\/schema.org","@graph":[{"@type":"WebPage","@id":"https:\/\/malaga.salesianos.edu\/colegio\/plan-de-estudios-ciclos\/","url":"https:\/\/malaga.salesianos.edu\/colegio\/plan-de-estudios-ciclos\/","name":"Especialidades Ciclos | Colegio San Bartolom\u00e9 | Salesianos M\u00e1laga","isPartOf":{"@id":"https:\/\/malaga.salesianos.edu\/colegio\/#website"},"datePublished":"2017-05-22T07:42:13+00:00","dateModified":"2026-02-17T11:50:36+00:00","description":"Un ciclo formativo de Formaci\u00f3n Profesional est\u00e1 estructurado en dos cursos, hasta completar un total de 2000 horas de formaci\u00f3n. En cada uno existen una serie de m\u00f3dulos profesionales. Las distintas especialidades de Ciclos Formativos en Salesianos M\u00e1laga se exponen a continuaci\u00f3n.","breadcrumb":{"@id":"https:\/\/malaga.salesianos.edu\/colegio\/plan-de-estudios-ciclos\/#breadcrumb"},"inLanguage":"es","potentialAction":[{"@type":"ReadAction","target":["https:\/\/malaga.salesianos.edu\/colegio\/plan-de-estudios-ciclos\/"]}]},{"@type":"BreadcrumbList","@id":"https:\/\/malaga.salesianos.edu\/colegio\/plan-de-estudios-ciclos\/#breadcrumb","itemListElement":[{"@type":"ListItem","position":1,"name":"Portada","item":"https:\/\/malaga.salesianos.edu\/colegio\/"},{"@type":"ListItem","position":2,"name":"Especialidades CFGM y CFGS"}]},{"@type":"WebSite","@id":"https:\/\/malaga.salesianos.edu\/colegio\/#website","url":"https:\/\/malaga.salesianos.edu\/colegio\/","name":"Colegio Concertado San Bartolom\u00e9 | Salesianos M\u00e1laga","description":"Centro concertado. Infantil, Primaria, ESO, Bachillerato, Formaci\u00f3n Profesional, Formaci\u00f3n Profesional B\u00e1sica (FPB) y Ciclos Formativos de Grado Medio y Superior.","publisher":{"@id":"https:\/\/malaga.salesianos.edu\/colegio\/#organization"},"potentialAction":[{"@type":"SearchAction","target":{"@type":"EntryPoint","urlTemplate":"https:\/\/malaga.salesianos.edu\/colegio\/?s={search_term_string}"},"query-input":{"@type":"PropertyValueSpecification","valueRequired":true,"valueName":"search_term_string"}}],"inLanguage":"es"},{"@type":"Organization","@id":"https:\/\/malaga.salesianos.edu\/colegio\/#organization","name":"Salesianos M\u00e1laga","url":"https:\/\/malaga.salesianos.edu\/colegio\/","logo":{"@type":"ImageObject","inLanguage":"es","@id":"https:\/\/malaga.salesianos.edu\/colegio\/#\/schema\/logo\/image\/","url":"https:\/\/malaga.salesianos.edu\/colegio\/wp-content\/uploads\/sites\/2\/2018\/04\/MALAGAobraVN2.jpg","contentUrl":"https:\/\/malaga.salesianos.edu\/colegio\/wp-content\/uploads\/sites\/2\/2018\/04\/MALAGAobraVN2.jpg","width":1937,"height":1490,"caption":"Salesianos M\u00e1laga"},"image":{"@id":"https:\/\/malaga.salesianos.edu\/colegio\/#\/schema\/logo\/image\/"}}]}},"_links":{"self":[{"href":"https:\/\/malaga.salesianos.edu\/colegio\/wp-json\/wp\/v2\/pages\/2915","targetHints":{"allow":["GET"]}}],"collection":[{"href":"https:\/\/malaga.salesianos.edu\/colegio\/wp-json\/wp\/v2\/pages"}],"about":[{"href":"https:\/\/malaga.salesianos.edu\/colegio\/wp-json\/wp\/v2\/types\/page"}],"author":[{"embeddable":true,"href":"https:\/\/malaga.salesianos.edu\/colegio\/wp-json\/wp\/v2\/users\/2"}],"replies":[{"embeddable":true,"href":"https:\/\/malaga.salesianos.edu\/colegio\/wp-json\/wp\/v2\/comments?post=2915"}],"version-history":[{"count":63,"href":"https:\/\/malaga.salesianos.edu\/colegio\/wp-json\/wp\/v2\/pages\/2915\/revisions"}],"predecessor-version":[{"id":90519,"href":"https:\/\/malaga.salesianos.edu\/colegio\/wp-json\/wp\/v2\/pages\/2915\/revisions\/90519"}],"wp:attachment":[{"href":"https:\/\/malaga.salesianos.edu\/colegio\/wp-json\/wp\/v2\/media?parent=2915"}],"curies":[{"name":"wp","href":"https:\/\/api.w.org\/{rel}","templated":true}]}}