{"id":2849,"date":"2017-05-18T21:23:53","date_gmt":"2017-05-18T19:23:53","guid":{"rendered":"https:\/\/malaga.salesianos.edu\/colegio\/?page_id=2849"},"modified":"2026-03-25T13:33:05","modified_gmt":"2026-03-25T12:33:05","slug":"ciclos-formativos","status":"publish","type":"page","link":"https:\/\/malaga.salesianos.edu\/colegio\/ciclos-formativos\/","title":{"rendered":"Ciclos Formativos"},"content":{"rendered":"<p>[et_pb_section fb_built=\u00bb1&#8243; fullwidth=\u00bbon\u00bb _builder_version=\u00bb4.16&#8243; transparent_background=\u00bboff\u00bb make_fullwidth=\u00bboff\u00bb use_custom_width=\u00bboff\u00bb width_unit=\u00bbon\u00bb global_colors_info=\u00bb{}\u00bb][et_pb_fullwidth_post_slider posts_number=\u00bb5&#8243; include_categories=\u00bb8&#8243; use_manual_excerpt=\u00bboff\u00bb excerpt_length=\u00bb0&#8243; show_meta=\u00bboff\u00bb use_text_overlay=\u00bboff\u00bb show_content_on_mobile=\u00bboff\u00bb show_cta_on_mobile=\u00bboff\u00bb disabled_on=\u00bbon|on|on\u00bb _builder_version=\u00bb4.18.0&#8243; body_font_size=\u00bb20px\u00bb meta_font_size=\u00bb12px\u00bb background_color=\u00bb#2ea3f2&#8243; custom_button=\u00bbon\u00bb button_bg_color=\u00bb#dc001b\u00bb button_border_color=\u00bb#dc001b\u00bb button_icon_placement=\u00bbleft\u00bb custom_padding=\u00bb|||\u00bb auto=\u00bbon\u00bb auto_ignore_hover=\u00bbon\u00bb disabled=\u00bbon\u00bb global_colors_info=\u00bb{}\u00bb button_text_size__hover_enabled=\u00bboff\u00bb button_one_text_size__hover_enabled=\u00bboff\u00bb button_two_text_size__hover_enabled=\u00bboff\u00bb button_text_color__hover_enabled=\u00bboff\u00bb button_one_text_color__hover_enabled=\u00bboff\u00bb button_two_text_color__hover_enabled=\u00bboff\u00bb button_border_width__hover_enabled=\u00bboff\u00bb button_one_border_width__hover_enabled=\u00bboff\u00bb button_two_border_width__hover_enabled=\u00bboff\u00bb button_border_color__hover_enabled=\u00bboff\u00bb button_one_border_color__hover_enabled=\u00bboff\u00bb button_two_border_color__hover_enabled=\u00bboff\u00bb button_border_radius__hover_enabled=\u00bboff\u00bb button_one_border_radius__hover_enabled=\u00bboff\u00bb button_two_border_radius__hover_enabled=\u00bboff\u00bb button_letter_spacing__hover_enabled=\u00bboff\u00bb button_one_letter_spacing__hover_enabled=\u00bboff\u00bb button_two_letter_spacing__hover_enabled=\u00bboff\u00bb button_bg_color__hover_enabled=\u00bboff\u00bb button_one_bg_color__hover_enabled=\u00bboff\u00bb button_two_bg_color__hover_enabled=\u00bboff\u00bb][\/et_pb_fullwidth_post_slider][et_pb_fullwidth_header title=\u00bbCiclos Formativos\u00bb text_orientation=\u00bbright\u00bb button_one_text=\u00bbSolicitar plaza\u00bb button_one_url=\u00bbhttps:\/\/malaga.salesianos.edu\/colegio\/admisiones-fp\/\u00bb module_class=\u00bbpagina-imagen-cabecera\u00bb _builder_version=\u00bb4.19.0&#8243; title_text_color=\u00bb#ffffff\u00bb title_font_size=\u00bb35px\u00bb background_image=\u00bbhttps:\/\/malaga.salesianos.edu\/colegio\/wp-content\/uploads\/sites\/2\/2019\/05\/Fp-ciclos-mantenimiento-electronico-grado-superior.jpg\u00bb custom_button_one=\u00bbon\u00bb button_one_text_color=\u00bb#FFFFFF\u00bb button_one_bg_color=\u00bb#dc001b\u00bb button_one_icon=\u00bb&#x6b;||divi||400&#8243; button_one_icon_color=\u00bb#FFFFFF\u00bb button_one_icon_placement=\u00bbleft\u00bb button_one_on_hover=\u00bboff\u00bb background_layout=\u00bblight\u00bb title_text_shadow_style=\u00bbpreset2&#8243; global_colors_info=\u00bb{}\u00bb button_one_text_size__hover_enabled=\u00bboff\u00bb button_two_text_size__hover_enabled=\u00bboff\u00bb button_one_text_color__hover_enabled=\u00bboff\u00bb button_two_text_color__hover_enabled=\u00bboff\u00bb button_one_border_width__hover_enabled=\u00bboff\u00bb button_two_border_width__hover_enabled=\u00bboff\u00bb button_one_border_color__hover_enabled=\u00bboff\u00bb button_two_border_color__hover_enabled=\u00bboff\u00bb button_one_border_radius__hover_enabled=\u00bboff\u00bb button_two_border_radius__hover_enabled=\u00bboff\u00bb button_one_letter_spacing__hover_enabled=\u00bboff\u00bb button_two_letter_spacing__hover_enabled=\u00bboff\u00bb button_one_bg_color__hover_enabled=\u00bboff\u00bb button_two_bg_color__hover_enabled=\u00bboff\u00bb][\/et_pb_fullwidth_header][\/et_pb_section][et_pb_section fb_built=\u00bb1&#8243; admin_label=\u00bbsection\u00bb _builder_version=\u00bb4.16&#8243; custom_padding=\u00bb35px|||\u00bb transparent_background=\u00bboff\u00bb make_fullwidth=\u00bboff\u00bb use_custom_width=\u00bboff\u00bb width_unit=\u00bbon\u00bb global_colors_info=\u00bb{}\u00bb][et_pb_row column_structure=\u00bb1_2,1_2&#8243; custom_padding_last_edited=\u00bbon|desktop\u00bb _builder_version=\u00bb4.16&#8243; background_size=\u00bbinitial\u00bb background_position=\u00bbtop_left\u00bb background_repeat=\u00bbrepeat\u00bb custom_padding=\u00bb0px|||\u00bb custom_padding_tablet=\u00bb||0px|\u00bb custom_padding_phone=\u00bb\u00bb make_fullwidth=\u00bboff\u00bb use_custom_width=\u00bboff\u00bb width_unit=\u00bbon\u00bb global_colors_info=\u00bb{}\u00bb][et_pb_column type=\u00bb1_2&#8243; _builder_version=\u00bb4.16&#8243; custom_padding=\u00bb|||\u00bb global_colors_info=\u00bb{}\u00bb custom_padding__hover=\u00bb|||\u00bb][et_pb_blurb title=\u00bbNoticias\u00bb use_icon=\u00bbon\u00bb font_icon=\u00bb&#xf1ea;||fa||400&#8243; icon_color=\u00bb#66757e\u00bb icon_placement=\u00bbleft\u00bb image_icon_width=\u00bb26&#8243; admin_label=\u00bbNoticias Ciclos\u00bb _builder_version=\u00bb4.18.0&#8243; header_text_align=\u00bbleft\u00bb header_text_color=\u00bb#66757e\u00bb header_font_size=\u00bb26&#8243; header_letter_spacing=\u00bb0&#8243; header_line_height=\u00bb1&#8243; body_letter_spacing=\u00bb0&#8243; body_line_height=\u00bb1.7&#8243; background_size=\u00bbinitial\u00bb background_position=\u00bbtop_left\u00bb background_repeat=\u00bbrepeat\u00bb use_border_color=\u00bboff\u00bb border_color=\u00bb#ffffff\u00bb border_width=\u00bb1&#8243; border_style=\u00bbsolid\u00bb image_max_width=\u00bbnone\u00bb icon_font_size=\u00bb26&#8243; use_circle=\u00bboff\u00bb use_circle_border=\u00bboff\u00bb circle_border_color=\u00bb#dc001b\u00bb circle_color=\u00bb#dc001b\u00bb saved_tabs=\u00bball\u00bb global_colors_info=\u00bb{}\u00bb][\/et_pb_blurb][\/et_pb_column][et_pb_column type=\u00bb1_2&#8243; _builder_version=\u00bb4.16&#8243; custom_padding=\u00bb|||\u00bb global_colors_info=\u00bb{}\u00bb custom_padding__hover=\u00bb|||\u00bb][\/et_pb_column][\/et_pb_row][et_pb_row column_padding_mobile=\u00bbon\u00bb custom_padding_last_edited=\u00bbon|desktop\u00bb _builder_version=\u00bb4.16&#8243; background_size=\u00bbinitial\u00bb background_position=\u00bbtop_left\u00bb background_repeat=\u00bbrepeat\u00bb custom_padding=\u00bb0px||0px|\u00bb custom_padding_tablet=\u00bb\u00bb custom_padding_phone=\u00bb\u00bb make_fullwidth=\u00bboff\u00bb use_custom_width=\u00bboff\u00bb width_unit=\u00bbon\u00bb global_colors_info=\u00bb{}\u00bb][et_pb_column type=\u00bb4_4&#8243; _builder_version=\u00bb4.16&#8243; custom_padding=\u00bb|||\u00bb global_colors_info=\u00bb{}\u00bb custom_padding__hover=\u00bb|||\u00bb][et_pb_blog fullwidth=\u00bboff\u00bb posts_number=\u00bb3&#8243; include_categories=\u00bb8&#8243; meta_date=\u00bbd\/m\/y\u00bb show_more=\u00bbon\u00bb show_author=\u00bboff\u00bb show_categories=\u00bboff\u00bb show_pagination=\u00bboff\u00bb use_overlay=\u00bbon\u00bb admin_label=\u00bbUltimas noticias (blog)\u00bb _builder_version=\u00bb4.19.0&#8243; header_font=\u00bb|on|||\u00bb header_text_color=\u00bb#c9361c\u00bb header_font_size=\u00bb16&#8243; header_letter_spacing=\u00bb0&#8243; header_line_height=\u00bb1&#8243; body_font_size=\u00bb12&#8243; body_letter_spacing=\u00bb0&#8243; body_line_height=\u00bb1.5&#8243; meta_font=\u00bb||on||\u00bb meta_font_size=\u00bb12&#8243; meta_letter_spacing=\u00bb0&#8243; meta_line_height=\u00bb1.5&#8243; body_font_size_last_edited=\u00bboff|\u00bb border_radii=\u00bbon|20px|20px|20px|20px\u00bb box_shadow_style=\u00bbpreset3&#8243; box_shadow_color=\u00bbrgba(0,0,0,.1)\u00bb use_border_color=\u00bboff\u00bb border_color=\u00bb#ffffff\u00bb border_width=\u00bb1&#8243; border_style=\u00bbsolid\u00bb use_dropshadow=\u00bbon\u00bb global_colors_info=\u00bb{}\u00bb][\/et_pb_blog][et_pb_button button_url=\u00bb\/colegio\/blog-de-ciclos\/\u00bb button_text=\u00bbVer todas las noticias\u00bb button_alignment=\u00bbcenter\u00bb admin_label=\u00bbBot\u00f3n ver todas las noticias\u00bb _builder_version=\u00bb4.19.0&#8243; custom_button=\u00bbon\u00bb button_text_color=\u00bb#dc001b\u00bb button_border_color=\u00bb#66757e\u00bb button_border_radius=\u00bb25&#8243; saved_tabs=\u00bball\u00bb global_colors_info=\u00bb{}\u00bb button_text_size__hover_enabled=\u00bboff\u00bb button_one_text_size__hover_enabled=\u00bboff\u00bb button_two_text_size__hover_enabled=\u00bboff\u00bb button_text_color__hover_enabled=\u00bboff\u00bb button_one_text_color__hover_enabled=\u00bboff\u00bb button_two_text_color__hover_enabled=\u00bboff\u00bb button_border_width__hover_enabled=\u00bboff\u00bb button_one_border_width__hover_enabled=\u00bboff\u00bb button_two_border_width__hover_enabled=\u00bboff\u00bb button_border_color__hover_enabled=\u00bboff\u00bb button_one_border_color__hover_enabled=\u00bboff\u00bb button_two_border_color__hover_enabled=\u00bboff\u00bb button_border_radius__hover_enabled=\u00bboff\u00bb button_one_border_radius__hover_enabled=\u00bboff\u00bb button_two_border_radius__hover_enabled=\u00bboff\u00bb button_letter_spacing__hover_enabled=\u00bboff\u00bb button_one_letter_spacing__hover_enabled=\u00bboff\u00bb button_two_letter_spacing__hover_enabled=\u00bboff\u00bb button_bg_color__hover_enabled=\u00bboff\u00bb button_one_bg_color__hover_enabled=\u00bboff\u00bb button_two_bg_color__hover_enabled=\u00bboff\u00bb][\/et_pb_button][\/et_pb_column][\/et_pb_row][et_pb_row column_structure=\u00bb1_2,1_2&#8243; custom_padding_last_edited=\u00bbon|phone\u00bb _builder_version=\u00bb4.16&#8243; background_size=\u00bbinitial\u00bb background_position=\u00bbtop_left\u00bb background_repeat=\u00bbrepeat\u00bb custom_padding_tablet=\u00bb||0px|\u00bb custom_padding_phone=\u00bb\u00bb make_fullwidth=\u00bboff\u00bb use_custom_width=\u00bboff\u00bb width_unit=\u00bbon\u00bb global_colors_info=\u00bb{}\u00bb][et_pb_column type=\u00bb1_2&#8243; _builder_version=\u00bb4.16&#8243; custom_padding=\u00bb|||\u00bb global_colors_info=\u00bb{}\u00bb custom_padding__hover=\u00bb|||\u00bb][et_pb_blurb title=\u00bbDirecto a..\u00bb use_icon=\u00bbon\u00bb font_icon=\u00bb&#xe60c;||divi||400&#8243; icon_color=\u00bb#66757e\u00bb icon_placement=\u00bbleft\u00bb image_icon_width=\u00bb26&#8243; image_icon_width_tablet=\u00bb24&#8243; admin_label=\u00bbDirecto a..\u00bb _builder_version=\u00bb4.16&#8243; header_text_color=\u00bb#66757e\u00bb header_font_size=\u00bb26&#8243; header_letter_spacing=\u00bb0&#8243; header_line_height=\u00bb1&#8243; body_letter_spacing=\u00bb0&#8243; body_line_height=\u00bb1.7&#8243; background_size=\u00bbinitial\u00bb background_position=\u00bbtop_left\u00bb background_repeat=\u00bbrepeat\u00bb text_orientation=\u00bbjustified\u00bb header_font_size_tablet=\u00bb24&#8243; use_border_color=\u00bboff\u00bb border_color=\u00bb#ffffff\u00bb border_width=\u00bb1&#8243; border_style=\u00bbsolid\u00bb image_max_width=\u00bbnone\u00bb icon_font_size=\u00bb26&#8243; icon_font_size_tablet=\u00bb24&#8243; use_circle=\u00bboff\u00bb use_circle_border=\u00bboff\u00bb circle_border_color=\u00bb#dc001b\u00bb circle_color=\u00bb#dc001b\u00bb saved_tabs=\u00bball\u00bb global_colors_info=\u00bb{}\u00bb][\/et_pb_blurb][\/et_pb_column][et_pb_column type=\u00bb1_2&#8243; _builder_version=\u00bb4.16&#8243; custom_padding=\u00bb|||\u00bb global_colors_info=\u00bb{}\u00bb custom_padding__hover=\u00bb|||\u00bb][\/et_pb_column][\/et_pb_row][et_pb_row column_structure=\u00bb1_4,1_4,1_4,1_4&#8243; _builder_version=\u00bb4.27.6&#8243; background_size=\u00bbinitial\u00bb background_position=\u00bbtop_left\u00bb background_repeat=\u00bbrepeat\u00bb hover_enabled=\u00bb0&#8243; make_fullwidth=\u00bboff\u00bb use_custom_width=\u00bboff\u00bb width_unit=\u00bbon\u00bb global_colors_info=\u00bb{}\u00bb sticky_enabled=\u00bb0&#8243;][et_pb_column type=\u00bb1_4&#8243; _builder_version=\u00bb4.16&#8243; custom_padding=\u00bb|||\u00bb global_colors_info=\u00bb{}\u00bb custom_padding__hover=\u00bb|||\u00bb][et_pb_blurb title=\u00bbEspecialidades\u00bb url=\u00bbhttps:\/\/malaga.salesianos.edu\/colegio\/plan-de-estudios-ciclos\/\u00bb use_icon=\u00bbon\u00bb font_icon=\u00bb&#xf501;||fa||900&#8243; image_icon_background_color=\u00bb#ffffff\u00bb image_icon_width=\u00bb48px\u00bb admin_label=\u00bbEspecialidades Ciclos\u00bb _builder_version=\u00bb4.18.0&#8243; header_text_color=\u00bb#666666&#8243; background_size=\u00bbinitial\u00bb background_position=\u00bbtop_left\u00bb background_repeat=\u00bbrepeat\u00bb image_icon_custom_padding=\u00bb25px|25px|25px|25px|false|false\u00bb text_orientation=\u00bbcenter\u00bb max_width_tablet=\u00bb50px\u00bb border_radii_image=\u00bbon|100%|100%|100%|100%\u00bb border_width_all_image=\u00bb3px\u00bb border_color_all_image=\u00bb#666666&#8243; use_circle=\u00bbon\u00bb use_circle_border=\u00bbon\u00bb circle_border_color=\u00bb#666666&#8243; circle_color=\u00bb#ffffff\u00bb global_colors_info=\u00bb{}\u00bb image_icon_background_color__sticky_enabled=\u00bb#dc001b\u00bb image_icon_background_color__sticky=\u00bb#dc001b\u00bb][\/et_pb_blurb][\/et_pb_column][et_pb_column type=\u00bb1_4&#8243; _builder_version=\u00bb4.16&#8243; custom_padding=\u00bb|||\u00bb global_colors_info=\u00bb{}\u00bb custom_padding__hover=\u00bb|||\u00bb][et_pb_blurb title=\u00bbErasmus +\u00bb url=\u00bb\/colegio\/programas-europeos\/\u00bb use_icon=\u00bbon\u00bb font_icon=\u00bb&#xf74d;||fa||900&#8243; image_icon_background_color=\u00bb#ffffff\u00bb image_icon_width=\u00bb48px\u00bb admin_label=\u00bbErasmus +\u00bb _builder_version=\u00bb4.18.0&#8243; header_text_color=\u00bb#666666&#8243; background_size=\u00bbinitial\u00bb background_position=\u00bbtop_left\u00bb background_repeat=\u00bbrepeat\u00bb image_icon_custom_padding=\u00bb25px|25px|25px|25px|false|false\u00bb text_orientation=\u00bbcenter\u00bb max_width_tablet=\u00bb50px\u00bb border_style_all=\u00bbsolid\u00bb border_radii_image=\u00bbon|100%|100%|100%|100%\u00bb border_width_all_image=\u00bb3px\u00bb border_color_all_image=\u00bb#666666&#8243; border_style=\u00bbsolid\u00bb use_circle=\u00bbon\u00bb use_circle_border=\u00bbon\u00bb circle_border_color=\u00bb#666666&#8243; circle_color=\u00bb#ffffff\u00bb global_colors_info=\u00bb{}\u00bb image_icon_background_color__sticky_enabled=\u00bb#dc001b\u00bb image_icon_background_color__sticky=\u00bb#dc001b\u00bb][\/et_pb_blurb][\/et_pb_column][et_pb_column type=\u00bb1_4&#8243; _builder_version=\u00bb4.16&#8243; custom_padding=\u00bb|||\u00bb global_colors_info=\u00bb{}\u00bb custom_padding__hover=\u00bb|||\u00bb][et_pb_blurb title=\u00bbQualitas Educativa\u00bb url=\u00bb\/colegio\/qualitas-educativa\/\u00bb image=\u00bbhttps:\/\/malaga.salesianos.edu\/colegio\/wp-content\/uploads\/sites\/2\/2017\/12\/icono_acceso_qe-1.png\u00bb disabled_on=\u00bboff|off|off\u00bb admin_label=\u00bbQualitas\u00bb _builder_version=\u00bb4.18.1&#8243; header_text_color=\u00bb#666666&#8243; background_size=\u00bbinitial\u00bb background_position=\u00bbtop_left\u00bb background_repeat=\u00bbrepeat\u00bb text_orientation=\u00bbcenter\u00bb max_width_tablet=\u00bb50px\u00bb use_circle=\u00bbon\u00bb use_circle_border=\u00bbon\u00bb circle_border_color=\u00bb#666666&#8243; circle_color=\u00bb#ffffff\u00bb global_colors_info=\u00bb{}\u00bb][\/et_pb_blurb][\/et_pb_column][et_pb_column type=\u00bb1_4&#8243; _builder_version=\u00bb4.16&#8243; custom_padding=\u00bb|||\u00bb global_colors_info=\u00bb{}\u00bb custom_padding__hover=\u00bb|||\u00bb][et_pb_blurb title=\u00bbFP Dual\u00bb url=\u00bb\/colegio\/formacion-profesional-dual\/\u00bb use_icon=\u00bbon\u00bb font_icon=\u00bb&#xe035;||divi||400&#8243; image_icon_background_color=\u00bb#ffffff\u00bb image_icon_width=\u00bb48px\u00bb disabled_on=\u00bbon|on|on\u00bb admin_label=\u00bbFP Dual\u00bb _builder_version=\u00bb4.27.6&#8243; header_text_color=\u00bb#666666&#8243; background_size=\u00bbinitial\u00bb background_position=\u00bbtop_left\u00bb background_repeat=\u00bbrepeat\u00bb image_icon_custom_padding=\u00bb25px|25px|25px|25px|false|false\u00bb text_orientation=\u00bbcenter\u00bb max_width_tablet=\u00bb50px\u00bb border_style_all=\u00bbsolid\u00bb border_radii_image=\u00bbon|100%|100%|100%|100%\u00bb border_width_all_image=\u00bb3px\u00bb border_color_all_image=\u00bb#666666&#8243; border_style=\u00bbsolid\u00bb use_circle=\u00bbon\u00bb use_circle_border=\u00bbon\u00bb circle_border_color=\u00bb#666666&#8243; circle_color=\u00bb#ffffff\u00bb disabled=\u00bbon\u00bb global_colors_info=\u00bb{}\u00bb image_icon_background_color__sticky_enabled=\u00bb#dc001b\u00bb image_icon_background_color__sticky=\u00bb#dc001b\u00bb][\/et_pb_blurb][\/et_pb_column][\/et_pb_row][et_pb_row column_structure=\u00bb1_3,1_3,1_3&#8243; column_padding_mobile=\u00bbon\u00bb custom_padding_last_edited=\u00bbon|phone\u00bb _builder_version=\u00bb4.16&#8243; background_size=\u00bbinitial\u00bb background_position=\u00bbtop_left\u00bb background_repeat=\u00bbrepeat\u00bb custom_padding_tablet=\u00bb||0px|\u00bb custom_padding_phone=\u00bb\u00bb make_fullwidth=\u00bboff\u00bb use_custom_width=\u00bboff\u00bb width_unit=\u00bboff\u00bb custom_width_percent=\u00bb80px\u00bb global_colors_info=\u00bb{}\u00bb][et_pb_column type=\u00bb1_3&#8243; _builder_version=\u00bb4.16&#8243; custom_padding=\u00bb|||\u00bb global_colors_info=\u00bb{}\u00bb custom_padding__hover=\u00bb|||\u00bb][et_pb_blurb title=\u00bbDestacado\u00bb use_icon=\u00bbon\u00bb font_icon=\u00bb&#xe031;||divi||400&#8243; icon_color=\u00bb#66757e\u00bb icon_placement=\u00bbleft\u00bb image_icon_width=\u00bb26&#8243; admin_label=\u00bbDestacado\u00bb _builder_version=\u00bb4.18.0&#8243; header_text_color=\u00bb#66757e\u00bb header_font_size=\u00bb26&#8243; background_size=\u00bbinitial\u00bb background_position=\u00bbtop_left\u00bb background_repeat=\u00bbrepeat\u00bb text_orientation=\u00bbjustified\u00bb use_border_color=\u00bboff\u00bb border_color=\u00bb#ffffff\u00bb border_style=\u00bbsolid\u00bb image_max_width=\u00bbnone\u00bb icon_font_size=\u00bb26&#8243; use_circle=\u00bboff\u00bb use_circle_border=\u00bboff\u00bb circle_border_color=\u00bb#dc001b\u00bb circle_color=\u00bb#dc001b\u00bb saved_tabs=\u00bball\u00bb global_colors_info=\u00bb{}\u00bb][\/et_pb_blurb][\/et_pb_column][et_pb_column type=\u00bb1_3&#8243; _builder_version=\u00bb4.16&#8243; custom_padding=\u00bb|||\u00bb global_colors_info=\u00bb{}\u00bb custom_padding__hover=\u00bb|||\u00bb][\/et_pb_column][et_pb_column type=\u00bb1_3&#8243; _builder_version=\u00bb4.16&#8243; custom_padding=\u00bb|||\u00bb global_colors_info=\u00bb{}\u00bb custom_padding__hover=\u00bb|||\u00bb][\/et_pb_column][\/et_pb_row][et_pb_row column_structure=\u00bb1_2,1_2&#8243; _builder_version=\u00bb4.16&#8243; background_size=\u00bbinitial\u00bb background_position=\u00bbtop_left\u00bb background_repeat=\u00bbrepeat\u00bb make_fullwidth=\u00bboff\u00bb use_custom_width=\u00bboff\u00bb width_unit=\u00bbon\u00bb custom_width_px=\u00bb1080&#8243; custom_width_percent=\u00bb80&#8243; global_colors_info=\u00bb{}\u00bb][et_pb_column type=\u00bb1_2&#8243; _builder_version=\u00bb4.16&#8243; custom_padding=\u00bb|||\u00bb global_colors_info=\u00bb{}\u00bb custom_padding__hover=\u00bb|||\u00bb][et_pb_cta title=\u00bbAdmisiones en Ciclos Formativos\u00bb button_url=\u00bbhttps:\/\/malaga.salesianos.edu\/colegio\/admisiones-fp\/\u00bb button_text=\u00bbM\u00e1s Informaci\u00f3n\u00bb admin_label=\u00bbAdmisiones en Ciclos Formativos\u00bb _builder_version=\u00bb4.18.0&#8243; background_color=\u00bb#0C71C3&#8243; background_image=\u00bbhttps:\/\/malaga.salesianos.edu\/colegio\/wp-content\/uploads\/sites\/2\/2017\/05\/MECANICA-054.jpg\u00bb background_repeat=\u00bbrepeat\u00bb background_blend=\u00bbsoft-light\u00bb border_radii=\u00bbon|20px|20px|20px|20px\u00bb box_shadow_style=\u00bbpreset3&#8243; saved_tabs=\u00bball\u00bb global_colors_info=\u00bb{}\u00bb button_text_size__hover_enabled=\u00bboff\u00bb button_one_text_size__hover_enabled=\u00bboff\u00bb button_two_text_size__hover_enabled=\u00bboff\u00bb button_text_color__hover_enabled=\u00bboff\u00bb button_one_text_color__hover_enabled=\u00bboff\u00bb button_two_text_color__hover_enabled=\u00bboff\u00bb button_border_width__hover_enabled=\u00bboff\u00bb button_one_border_width__hover_enabled=\u00bboff\u00bb button_two_border_width__hover_enabled=\u00bboff\u00bb button_border_color__hover_enabled=\u00bboff\u00bb button_one_border_color__hover_enabled=\u00bboff\u00bb button_two_border_color__hover_enabled=\u00bboff\u00bb button_border_radius__hover_enabled=\u00bboff\u00bb button_one_border_radius__hover_enabled=\u00bboff\u00bb button_two_border_radius__hover_enabled=\u00bboff\u00bb button_letter_spacing__hover_enabled=\u00bboff\u00bb button_one_letter_spacing__hover_enabled=\u00bboff\u00bb button_two_letter_spacing__hover_enabled=\u00bboff\u00bb button_bg_color__hover_enabled=\u00bboff\u00bb button_one_bg_color__hover_enabled=\u00bboff\u00bb button_two_bg_color__hover_enabled=\u00bboff\u00bb][\/et_pb_cta][et_pb_video src=\u00bbhttps:\/\/www.youtube.com\/watch?v=lWYAhD3XB3k&#038;t=2s\u00bb image_src=\u00bbhttps:\/\/malaga.salesianos.edu\/colegio\/wp-content\/uploads\/sites\/2\/2017\/05\/fct_hospital2016c.jpg\u00bb _builder_version=\u00bb4.18.0&#8243; border_radii=\u00bbon|20px|20px|20px|20px\u00bb box_shadow_style=\u00bbpreset3&#8243; saved_tabs=\u00bball\u00bb global_colors_info=\u00bb{}\u00bb][\/et_pb_video][et_pb_image src=\u00bbhttps:\/\/malaga.salesianos.edu\/colegio\/wp-content\/uploads\/sites\/2\/2018\/06\/FP_escol_18.png\u00bb url=\u00bbhttps:\/\/malaga.salesianos.edu\/colegio\/admisiones-fp\/\u00bb use_overlay=\u00bbon\u00bb align_tablet=\u00bbcenter\u00bb align_phone=\u00bbcenter\u00bb align_last_edited=\u00bbon|desktop\u00bb disabled_on=\u00bbon|on|on\u00bb _builder_version=\u00bb4.18.0&#8243; disabled=\u00bbon\u00bb global_colors_info=\u00bb{}\u00bb][\/et_pb_image][et_pb_cta title=\u00bbConoce nuestra oferta\u00bb button_url=\u00bbhttps:\/\/malaga.salesianos.edu\/colegio\/plan-de-estudios-ciclos\/\u00bb button_text=\u00bbM\u00e1s Informaci\u00f3n\u00bb admin_label=\u00bbConoce nuestra oferta en Ciclos Formativos\u00bb _builder_version=\u00bb4.18.0&#8243; background_image=\u00bbhttps:\/\/malaga.salesianos.edu\/colegio\/wp-content\/uploads\/sites\/2\/2017\/05\/administracion_1.jpg\u00bb background_repeat=\u00bbrepeat\u00bb background_blend=\u00bbsoft-light\u00bb border_radii=\u00bbon|20px|20px|20px|20px\u00bb box_shadow_style=\u00bbpreset3&#8243; saved_tabs=\u00bball\u00bb global_colors_info=\u00bb{}\u00bb button_text_size__hover_enabled=\u00bboff\u00bb button_one_text_size__hover_enabled=\u00bboff\u00bb button_two_text_size__hover_enabled=\u00bboff\u00bb button_text_color__hover_enabled=\u00bboff\u00bb button_one_text_color__hover_enabled=\u00bboff\u00bb button_two_text_color__hover_enabled=\u00bboff\u00bb button_border_width__hover_enabled=\u00bboff\u00bb button_one_border_width__hover_enabled=\u00bboff\u00bb button_two_border_width__hover_enabled=\u00bboff\u00bb button_border_color__hover_enabled=\u00bboff\u00bb button_one_border_color__hover_enabled=\u00bboff\u00bb button_two_border_color__hover_enabled=\u00bboff\u00bb button_border_radius__hover_enabled=\u00bboff\u00bb button_one_border_radius__hover_enabled=\u00bboff\u00bb button_two_border_radius__hover_enabled=\u00bboff\u00bb button_letter_spacing__hover_enabled=\u00bboff\u00bb button_one_letter_spacing__hover_enabled=\u00bboff\u00bb button_two_letter_spacing__hover_enabled=\u00bboff\u00bb button_bg_color__hover_enabled=\u00bboff\u00bb button_one_bg_color__hover_enabled=\u00bboff\u00bb button_two_bg_color__hover_enabled=\u00bboff\u00bb][\/et_pb_cta][\/et_pb_column][et_pb_column type=\u00bb1_2&#8243; _builder_version=\u00bb4.16&#8243; custom_padding=\u00bb|||\u00bb global_colors_info=\u00bb{}\u00bb custom_padding__hover=\u00bb|||\u00bb][et_pb_code disabled_on=\u00bbon|on|on\u00bb _builder_version=\u00bb4.16&#8243; disabled=\u00bbon\u00bb global_colors_info=\u00bb{}\u00bb]<iframe loading=\"lazy\" src=\"https:\/\/calendar.google.com\/calendar\/embed?showTitle=0&#038;showTz=0&#038;mode=AGENDA&#038;height=430&#038;wkst=1&#038;bgcolor=%23cccccc&#038;src=salesianos.edu_i96seldtjetgotbtuvk6ejlk64%40group.calendar.google.com&#038;color=%23dc001b&#038;ctz=Europe%2FMadrid\" style=\"border-width:0\" width=\"800\" height=\"490\" frameborder=\"0\" scrolling=\"no\"><\/iframe>[\/et_pb_code][et_pb_code admin_label=\u00bbAgenda all in one\u00bb _builder_version=\u00bb4.16&#8243; global_colors_info=\u00bb{}\u00bb][ai1ec view=\u00bbagenda\u00bb cat_name=\u00bbciclos-formativos\u00bb events_limit=\u00bb5&#8243;][\/et_pb_code][\/et_pb_column][\/et_pb_row][et_pb_row column_structure=\u00bb1_3,1_3,1_3&#8243; column_padding_mobile=\u00bbon\u00bb custom_padding_last_edited=\u00bbon|desktop\u00bb _builder_version=\u00bb4.16&#8243; background_size=\u00bbinitial\u00bb background_position=\u00bbtop_left\u00bb background_repeat=\u00bbrepeat\u00bb custom_padding_tablet=\u00bb||0px|\u00bb custom_padding_phone=\u00bb\u00bb make_fullwidth=\u00bboff\u00bb use_custom_width=\u00bboff\u00bb width_unit=\u00bbon\u00bb global_colors_info=\u00bb{}\u00bb][et_pb_column type=\u00bb1_3&#8243; _builder_version=\u00bb4.16&#8243; custom_padding=\u00bb|||\u00bb global_colors_info=\u00bb{}\u00bb custom_padding__hover=\u00bb|||\u00bb][et_pb_blurb title=\u00bbColegio San Bartolom\u00e9\u00bb image=\u00bbhttps:\/\/malaga.salesianos.edu\/colegio\/wp-content\/uploads\/sites\/2\/2022\/10\/logo_gris.png\u00bb icon_placement=\u00bbleft\u00bb image_icon_width=\u00bb35px\u00bb _builder_version=\u00bb4.18.1&#8243; header_text_align=\u00bbleft\u00bb header_text_color=\u00bb#66757e\u00bb header_font_size=\u00bb26&#8243; background_size=\u00bbinitial\u00bb background_position=\u00bbtop_left\u00bb background_repeat=\u00bbrepeat\u00bb text_orientation=\u00bbjustified\u00bb max_width_tablet=\u00bb50px\u00bb border_color_all=\u00bboff\u00bb border_style_all=\u00bbsolid\u00bb use_border_color=\u00bboff\u00bb border_color=\u00bb#ffffff\u00bb border_style=\u00bbsolid\u00bb icon_font_size=\u00bb26&#8243; saved_tabs=\u00bball\u00bb global_colors_info=\u00bb{}\u00bb][\/et_pb_blurb][\/et_pb_column][et_pb_column type=\u00bb1_3&#8243; _builder_version=\u00bb4.16&#8243; custom_padding=\u00bb|||\u00bb global_colors_info=\u00bb{}\u00bb custom_padding__hover=\u00bb|||\u00bb][\/et_pb_column][et_pb_column type=\u00bb1_3&#8243; _builder_version=\u00bb4.16&#8243; custom_padding=\u00bb|||\u00bb global_colors_info=\u00bb{}\u00bb custom_padding__hover=\u00bb|||\u00bb][\/et_pb_column][\/et_pb_row][et_pb_row column_structure=\u00bb1_5,1_5,1_5,1_5,1_5&#8243; _builder_version=\u00bb4.16&#8243; background_size=\u00bbinitial\u00bb background_position=\u00bbtop_left\u00bb background_repeat=\u00bbrepeat\u00bb make_fullwidth=\u00bboff\u00bb use_custom_width=\u00bboff\u00bb width_unit=\u00bbon\u00bb global_colors_info=\u00bb{}\u00bb][et_pb_column type=\u00bb1_5&#8243; _builder_version=\u00bb4.16&#8243; custom_padding=\u00bb|||\u00bb global_colors_info=\u00bb{}\u00bb custom_padding__hover=\u00bb|||\u00bb][et_pb_blurb title=\u00bbAdmisiones\u00bb url=\u00bbhttps:\/\/malaga.salesianos.edu\/colegio\/admisiones\/\u00bb use_icon=\u00bbon\u00bb font_icon=\u00bb&#x6b;||divi||400&#8243; image_icon_background_color=\u00bb#ffffff\u00bb image_icon_width=\u00bb48px\u00bb admin_label=\u00bbAdmisiones\u00bb _builder_version=\u00bb4.16&#8243; header_text_color=\u00bb#e02b20&#8243; header_font_size=\u00bb16&#8243; image_icon_custom_padding=\u00bb25px|25px|25px|25px|false|false\u00bb text_orientation=\u00bbcenter\u00bb border_radii_image=\u00bbon|100%|100%|100%|100%\u00bb border_width_all_image=\u00bb3px\u00bb border_color_all_image=\u00bb#666666&#8243; use_circle=\u00bbon\u00bb use_circle_border=\u00bbon\u00bb circle_border_color=\u00bb#666666&#8243; circle_color=\u00bb#ffffff\u00bb global_colors_info=\u00bb{}\u00bb image_icon_background_color__sticky_enabled=\u00bb#dc001b\u00bb image_icon_background_color__sticky=\u00bb#dc001b\u00bb transform_styles__hover_enabled=\u00bbon|hover\u00bb transform_scale__hover=\u00bb104%|104%\u00bb transform_scale__hover_enabled=\u00bbon|hover\u00bb transform_translate__hover_enabled=\u00bbon|desktop\u00bb transform_rotate__hover_enabled=\u00bbon|desktop\u00bb transform_skew__hover_enabled=\u00bbon|desktop\u00bb transform_origin__hover_enabled=\u00bbon|desktop\u00bb][\/et_pb_blurb][\/et_pb_column][et_pb_column type=\u00bb1_5&#8243; _builder_version=\u00bb4.16&#8243; custom_padding=\u00bb|||\u00bb global_colors_info=\u00bb{}\u00bb custom_padding__hover=\u00bb|||\u00bb][et_pb_blurb title=\u00bbOferta Educativa\u00bb url=\u00bb\/colegio\/nuestra-oferta-educativa\/\u00bb use_icon=\u00bbon\u00bb font_icon=\u00bb&#xe022;||divi||400&#8243; image_icon_background_color=\u00bb#ffffff\u00bb image_icon_width=\u00bb48px\u00bb admin_label=\u00bbOferta Educativa\u00bb _builder_version=\u00bb4.16&#8243; header_text_color=\u00bb#e02b20&#8243; header_font_size=\u00bb16&#8243; image_icon_custom_padding=\u00bb25px|25px|25px|25px|false|false\u00bb text_orientation=\u00bbcenter\u00bb border_radii_image=\u00bbon|100%|100%|100%|100%\u00bb border_width_all_image=\u00bb3px\u00bb border_color_all_image=\u00bb#666666&#8243; use_circle=\u00bbon\u00bb use_circle_border=\u00bbon\u00bb circle_border_color=\u00bb#666666&#8243; circle_color=\u00bb#ffffff\u00bb global_colors_info=\u00bb{}\u00bb image_icon_background_color__sticky_enabled=\u00bb#dc001b\u00bb image_icon_background_color__sticky=\u00bb#dc001b\u00bb transform_styles__hover_enabled=\u00bbon|hover\u00bb transform_scale__hover=\u00bb104%|104%\u00bb transform_scale__hover_enabled=\u00bbon|hover\u00bb transform_translate__hover_enabled=\u00bbon|desktop\u00bb transform_rotate__hover_enabled=\u00bbon|desktop\u00bb transform_skew__hover_enabled=\u00bbon|desktop\u00bb transform_origin__hover_enabled=\u00bbon|desktop\u00bb][\/et_pb_blurb][\/et_pb_column][et_pb_column type=\u00bb1_5&#8243; _builder_version=\u00bb4.16&#8243; custom_padding=\u00bb|||\u00bb global_colors_info=\u00bb{}\u00bb custom_padding__hover=\u00bb|||\u00bb][et_pb_blurb title=\u00bbInstalaciones\u00bb url=\u00bb\/colegio\/instalaciones\/\u00bb use_icon=\u00bbon\u00bb font_icon=\u00bb&#xe0fd;||divi||400&#8243; image_icon_background_color=\u00bb#ffffff\u00bb image_icon_width=\u00bb48px\u00bb admin_label=\u00bbOferta Educativa\u00bb _builder_version=\u00bb4.18.0&#8243; header_text_color=\u00bb#e02b20&#8243; header_font_size=\u00bb16&#8243; image_icon_custom_padding=\u00bb25px|25px|25px|25px|false|false\u00bb text_orientation=\u00bbcenter\u00bb border_radii_image=\u00bbon|100%|100%|100%|100%\u00bb border_width_all_image=\u00bb3px\u00bb border_color_all_image=\u00bb#666666&#8243; use_circle=\u00bbon\u00bb use_circle_border=\u00bbon\u00bb circle_border_color=\u00bb#666666&#8243; circle_color=\u00bb#ffffff\u00bb global_colors_info=\u00bb{}\u00bb image_icon_background_color__sticky_enabled=\u00bb#dc001b\u00bb image_icon_background_color__sticky=\u00bb#dc001b\u00bb transform_styles__hover_enabled=\u00bbon|hover\u00bb transform_scale__hover=\u00bb104%|104%\u00bb transform_scale__hover_enabled=\u00bbon|hover\u00bb transform_translate__hover_enabled=\u00bbon|desktop\u00bb transform_rotate__hover_enabled=\u00bbon|desktop\u00bb transform_skew__hover_enabled=\u00bbon|desktop\u00bb transform_origin__hover_enabled=\u00bbon|desktop\u00bb][\/et_pb_blurb][\/et_pb_column][et_pb_column type=\u00bb1_5&#8243; _builder_version=\u00bb4.16&#8243; custom_padding=\u00bb|||\u00bb global_colors_info=\u00bb{}\u00bb custom_padding__hover=\u00bb|||\u00bb][et_pb_blurb title=\u00bbOrganizaci\u00f3n del Centro\u00bb url=\u00bb\/colegio\/organizacion-del-centro\/\u00bb use_icon=\u00bbon\u00bb font_icon=\u00bb&#xe109;||divi||400&#8243; image_icon_background_color=\u00bb#ffffff\u00bb image_icon_width=\u00bb48px\u00bb admin_label=\u00bbOrganizaci\u00f3n del Centro\u00bb _builder_version=\u00bb4.16&#8243; header_text_color=\u00bb#e02b20&#8243; header_font_size=\u00bb16&#8243; image_icon_custom_padding=\u00bb25px|25px|25px|25px|false|false\u00bb text_orientation=\u00bbcenter\u00bb border_radii_image=\u00bbon|100%|100%|100%|100%\u00bb border_width_all_image=\u00bb3px\u00bb border_color_all_image=\u00bb#666666&#8243; use_circle=\u00bbon\u00bb use_circle_border=\u00bbon\u00bb circle_border_color=\u00bb#666666&#8243; circle_color=\u00bb#ffffff\u00bb global_colors_info=\u00bb{}\u00bb image_icon_background_color__sticky_enabled=\u00bb#dc001b\u00bb image_icon_background_color__sticky=\u00bb#dc001b\u00bb transform_styles__hover_enabled=\u00bbon|hover\u00bb transform_scale__hover_enabled=\u00bbon|hover\u00bb transform_translate__hover_enabled=\u00bbon|desktop\u00bb transform_rotate__hover_enabled=\u00bbon|desktop\u00bb transform_skew__hover_enabled=\u00bbon|desktop\u00bb transform_origin__hover_enabled=\u00bbon|desktop\u00bb transform_scale__hover=\u00bb104%|104%\u00bb][\/et_pb_blurb][\/et_pb_column][et_pb_column type=\u00bb1_5&#8243; _builder_version=\u00bb4.16&#8243; custom_padding=\u00bb|||\u00bb global_colors_info=\u00bb{}\u00bb custom_padding__hover=\u00bb|||\u00bb][et_pb_blurb title=\u00bbProgramaci\u00f3n General Anual\u00bb url=\u00bbhttps:\/\/malaga.salesianos.edu\/colegio\/programacion-general-anual\/\u00bb use_icon=\u00bbon\u00bb font_icon=\u00bb&#x69;||divi||400&#8243; image_icon_background_color=\u00bb#ffffff\u00bb image_icon_width=\u00bb48px\u00bb admin_label=\u00bbProgramaci\u00f3n General\u00bb _builder_version=\u00bb4.19.0&#8243; header_text_color=\u00bb#e02b20&#8243; header_font_size=\u00bb16&#8243; image_icon_custom_padding=\u00bb25px|25px|25px|25px|false|false\u00bb text_orientation=\u00bbcenter\u00bb z_index_tablet=\u00bb500&#8243; border_radii_image=\u00bbon|100%|100%|100%|100%\u00bb border_width_all_image=\u00bb3px\u00bb border_color_all_image=\u00bb#666666&#8243; use_circle=\u00bbon\u00bb use_circle_border=\u00bbon\u00bb circle_border_color=\u00bb#666666&#8243; circle_color=\u00bb#ffffff\u00bb global_colors_info=\u00bb{}\u00bb image_icon_background_color__sticky_enabled=\u00bb#dc001b\u00bb image_icon_background_color__sticky=\u00bb#dc001b\u00bb transform_styles__hover_enabled=\u00bbon|hover\u00bb transform_scale__hover=\u00bb104%|104%\u00bb transform_scale__hover_enabled=\u00bbon|hover\u00bb transform_translate__hover_enabled=\u00bbon|desktop\u00bb transform_rotate__hover_enabled=\u00bbon|desktop\u00bb transform_skew__hover_enabled=\u00bbon|desktop\u00bb transform_origin__hover_enabled=\u00bbon|desktop\u00bb][\/et_pb_blurb][\/et_pb_column][\/et_pb_row][\/et_pb_section]<\/p>\n","protected":false},"excerpt":{"rendered":"<p>[ai1ec view=\u00bbagenda\u00bb cat_name=\u00bbciclos-formativos\u00bb events_limit=\u00bb5&#8243;]<\/p>\n","protected":false},"author":2,"featured_media":0,"parent":0,"menu_order":0,"comment_status":"closed","ping_status":"closed","template":"","meta":{"_et_pb_use_builder":"on","_et_pb_old_content":"","_et_gb_content_width":"","footnotes":""},"class_list":["post-2849","page","type-page","status-publish","hentry"],"yoast_head":"<!-- This site is optimized with the Yoast SEO plugin v27.4 - https:\/\/yoast.com\/product\/yoast-seo-wordpress\/ -->\n<title>Ciclos Formativos - Colegio Concertado San Bartolom\u00e9 | Salesianos M\u00e1laga<\/title>\n<meta name=\"description\" content=\"Un ciclo formativo de Formaci\u00f3n Profesional de Grado Medio o Grado Superior est\u00e1 estructurado en dos cursos, hasta completar un total de 2000 horas de formaci\u00f3n. Nuestro centro tiene concertados tres Ciclos Formativos de Grado Medio y tres Ciclos Formativos de Grado Superior.\" \/>\n<meta name=\"robots\" content=\"index, follow, max-snippet:-1, max-image-preview:large, max-video-preview:-1\" \/>\n<link rel=\"canonical\" href=\"https:\/\/malaga.salesianos.edu\/colegio\/ciclos-formativos\/\" \/>\n<meta property=\"og:locale\" content=\"es_ES\" \/>\n<meta property=\"og:type\" content=\"article\" \/>\n<meta property=\"og:title\" content=\"Ciclos Formativos - Colegio Concertado San Bartolom\u00e9 | Salesianos M\u00e1laga\" \/>\n<meta property=\"og:description\" content=\"Un ciclo formativo de Formaci\u00f3n Profesional de Grado Medio o Grado Superior est\u00e1 estructurado en dos cursos, hasta completar un total de 2000 horas de formaci\u00f3n. Nuestro centro tiene concertados tres Ciclos Formativos de Grado Medio y tres Ciclos Formativos de Grado Superior.\" \/>\n<meta property=\"og:url\" content=\"https:\/\/malaga.salesianos.edu\/colegio\/ciclos-formativos\/\" \/>\n<meta property=\"og:site_name\" content=\"Colegio Concertado San Bartolom\u00e9 | Salesianos M\u00e1laga\" \/>\n<meta property=\"article:modified_time\" content=\"2026-03-25T12:33:05+00:00\" \/>\n<meta name=\"twitter:card\" content=\"summary_large_image\" \/>\n<meta name=\"twitter:label1\" content=\"Tiempo de lectura\" \/>\n\t<meta name=\"twitter:data1\" content=\"4 minutos\" \/>\n<script type=\"application\/ld+json\" class=\"yoast-schema-graph\">{\"@context\":\"https:\\\/\\\/schema.org\",\"@graph\":[{\"@type\":\"WebPage\",\"@id\":\"https:\\\/\\\/malaga.salesianos.edu\\\/colegio\\\/ciclos-formativos\\\/\",\"url\":\"https:\\\/\\\/malaga.salesianos.edu\\\/colegio\\\/ciclos-formativos\\\/\",\"name\":\"Ciclos Formativos - Colegio Concertado San Bartolom\u00e9 | Salesianos M\u00e1laga\",\"isPartOf\":{\"@id\":\"https:\\\/\\\/malaga.salesianos.edu\\\/colegio\\\/#website\"},\"datePublished\":\"2017-05-18T19:23:53+00:00\",\"dateModified\":\"2026-03-25T12:33:05+00:00\",\"description\":\"Un ciclo formativo de Formaci\u00f3n Profesional de Grado Medio o Grado Superior est\u00e1 estructurado en dos cursos, hasta completar un total de 2000 horas de formaci\u00f3n. Nuestro centro tiene concertados tres Ciclos Formativos de Grado Medio y tres Ciclos Formativos de Grado Superior.\",\"breadcrumb\":{\"@id\":\"https:\\\/\\\/malaga.salesianos.edu\\\/colegio\\\/ciclos-formativos\\\/#breadcrumb\"},\"inLanguage\":\"es\",\"potentialAction\":[{\"@type\":\"ReadAction\",\"target\":[\"https:\\\/\\\/malaga.salesianos.edu\\\/colegio\\\/ciclos-formativos\\\/\"]}]},{\"@type\":\"BreadcrumbList\",\"@id\":\"https:\\\/\\\/malaga.salesianos.edu\\\/colegio\\\/ciclos-formativos\\\/#breadcrumb\",\"itemListElement\":[{\"@type\":\"ListItem\",\"position\":1,\"name\":\"Portada\",\"item\":\"https:\\\/\\\/malaga.salesianos.edu\\\/colegio\\\/\"},{\"@type\":\"ListItem\",\"position\":2,\"name\":\"Ciclos Formativos\"}]},{\"@type\":\"WebSite\",\"@id\":\"https:\\\/\\\/malaga.salesianos.edu\\\/colegio\\\/#website\",\"url\":\"https:\\\/\\\/malaga.salesianos.edu\\\/colegio\\\/\",\"name\":\"Colegio Concertado San Bartolom\u00e9 | Salesianos M\u00e1laga\",\"description\":\"Centro concertado. Infantil, Primaria, ESO, Bachillerato, Formaci\u00f3n Profesional, Formaci\u00f3n Profesional B\u00e1sica (FPB) y Ciclos Formativos de Grado Medio y Superior.\",\"publisher\":{\"@id\":\"https:\\\/\\\/malaga.salesianos.edu\\\/colegio\\\/#organization\"},\"potentialAction\":[{\"@type\":\"SearchAction\",\"target\":{\"@type\":\"EntryPoint\",\"urlTemplate\":\"https:\\\/\\\/malaga.salesianos.edu\\\/colegio\\\/?s={search_term_string}\"},\"query-input\":{\"@type\":\"PropertyValueSpecification\",\"valueRequired\":true,\"valueName\":\"search_term_string\"}}],\"inLanguage\":\"es\"},{\"@type\":\"Organization\",\"@id\":\"https:\\\/\\\/malaga.salesianos.edu\\\/colegio\\\/#organization\",\"name\":\"Salesianos M\u00e1laga\",\"url\":\"https:\\\/\\\/malaga.salesianos.edu\\\/colegio\\\/\",\"logo\":{\"@type\":\"ImageObject\",\"inLanguage\":\"es\",\"@id\":\"https:\\\/\\\/malaga.salesianos.edu\\\/colegio\\\/#\\\/schema\\\/logo\\\/image\\\/\",\"url\":\"https:\\\/\\\/malaga.salesianos.edu\\\/colegio\\\/wp-content\\\/uploads\\\/sites\\\/2\\\/2018\\\/04\\\/MALAGAobraVN2.jpg\",\"contentUrl\":\"https:\\\/\\\/malaga.salesianos.edu\\\/colegio\\\/wp-content\\\/uploads\\\/sites\\\/2\\\/2018\\\/04\\\/MALAGAobraVN2.jpg\",\"width\":1937,\"height\":1490,\"caption\":\"Salesianos M\u00e1laga\"},\"image\":{\"@id\":\"https:\\\/\\\/malaga.salesianos.edu\\\/colegio\\\/#\\\/schema\\\/logo\\\/image\\\/\"}}]}<\/script>\n<!-- \/ Yoast SEO plugin. -->","yoast_head_json":{"title":"Ciclos Formativos - Colegio Concertado San Bartolom\u00e9 | Salesianos M\u00e1laga","description":"Un ciclo formativo de Formaci\u00f3n Profesional de Grado Medio o Grado Superior est\u00e1 estructurado en dos cursos, hasta completar un total de 2000 horas de formaci\u00f3n. Nuestro centro tiene concertados tres Ciclos Formativos de Grado Medio y tres Ciclos Formativos de Grado Superior.","robots":{"index":"index","follow":"follow","max-snippet":"max-snippet:-1","max-image-preview":"max-image-preview:large","max-video-preview":"max-video-preview:-1"},"canonical":"https:\/\/malaga.salesianos.edu\/colegio\/ciclos-formativos\/","og_locale":"es_ES","og_type":"article","og_title":"Ciclos Formativos - Colegio Concertado San Bartolom\u00e9 | Salesianos M\u00e1laga","og_description":"Un ciclo formativo de Formaci\u00f3n Profesional de Grado Medio o Grado Superior est\u00e1 estructurado en dos cursos, hasta completar un total de 2000 horas de formaci\u00f3n. Nuestro centro tiene concertados tres Ciclos Formativos de Grado Medio y tres Ciclos Formativos de Grado Superior.","og_url":"https:\/\/malaga.salesianos.edu\/colegio\/ciclos-formativos\/","og_site_name":"Colegio Concertado San Bartolom\u00e9 | Salesianos M\u00e1laga","article_modified_time":"2026-03-25T12:33:05+00:00","twitter_card":"summary_large_image","twitter_misc":{"Tiempo de lectura":"4 minutos"},"schema":{"@context":"https:\/\/schema.org","@graph":[{"@type":"WebPage","@id":"https:\/\/malaga.salesianos.edu\/colegio\/ciclos-formativos\/","url":"https:\/\/malaga.salesianos.edu\/colegio\/ciclos-formativos\/","name":"Ciclos Formativos - Colegio Concertado San Bartolom\u00e9 | Salesianos M\u00e1laga","isPartOf":{"@id":"https:\/\/malaga.salesianos.edu\/colegio\/#website"},"datePublished":"2017-05-18T19:23:53+00:00","dateModified":"2026-03-25T12:33:05+00:00","description":"Un ciclo formativo de Formaci\u00f3n Profesional de Grado Medio o Grado Superior est\u00e1 estructurado en dos cursos, hasta completar un total de 2000 horas de formaci\u00f3n. Nuestro centro tiene concertados tres Ciclos Formativos de Grado Medio y tres Ciclos Formativos de Grado Superior.","breadcrumb":{"@id":"https:\/\/malaga.salesianos.edu\/colegio\/ciclos-formativos\/#breadcrumb"},"inLanguage":"es","potentialAction":[{"@type":"ReadAction","target":["https:\/\/malaga.salesianos.edu\/colegio\/ciclos-formativos\/"]}]},{"@type":"BreadcrumbList","@id":"https:\/\/malaga.salesianos.edu\/colegio\/ciclos-formativos\/#breadcrumb","itemListElement":[{"@type":"ListItem","position":1,"name":"Portada","item":"https:\/\/malaga.salesianos.edu\/colegio\/"},{"@type":"ListItem","position":2,"name":"Ciclos Formativos"}]},{"@type":"WebSite","@id":"https:\/\/malaga.salesianos.edu\/colegio\/#website","url":"https:\/\/malaga.salesianos.edu\/colegio\/","name":"Colegio Concertado San Bartolom\u00e9 | Salesianos M\u00e1laga","description":"Centro concertado. Infantil, Primaria, ESO, Bachillerato, Formaci\u00f3n Profesional, Formaci\u00f3n Profesional B\u00e1sica (FPB) y Ciclos Formativos de Grado Medio y Superior.","publisher":{"@id":"https:\/\/malaga.salesianos.edu\/colegio\/#organization"},"potentialAction":[{"@type":"SearchAction","target":{"@type":"EntryPoint","urlTemplate":"https:\/\/malaga.salesianos.edu\/colegio\/?s={search_term_string}"},"query-input":{"@type":"PropertyValueSpecification","valueRequired":true,"valueName":"search_term_string"}}],"inLanguage":"es"},{"@type":"Organization","@id":"https:\/\/malaga.salesianos.edu\/colegio\/#organization","name":"Salesianos M\u00e1laga","url":"https:\/\/malaga.salesianos.edu\/colegio\/","logo":{"@type":"ImageObject","inLanguage":"es","@id":"https:\/\/malaga.salesianos.edu\/colegio\/#\/schema\/logo\/image\/","url":"https:\/\/malaga.salesianos.edu\/colegio\/wp-content\/uploads\/sites\/2\/2018\/04\/MALAGAobraVN2.jpg","contentUrl":"https:\/\/malaga.salesianos.edu\/colegio\/wp-content\/uploads\/sites\/2\/2018\/04\/MALAGAobraVN2.jpg","width":1937,"height":1490,"caption":"Salesianos M\u00e1laga"},"image":{"@id":"https:\/\/malaga.salesianos.edu\/colegio\/#\/schema\/logo\/image\/"}}]}},"_links":{"self":[{"href":"https:\/\/malaga.salesianos.edu\/colegio\/wp-json\/wp\/v2\/pages\/2849","targetHints":{"allow":["GET"]}}],"collection":[{"href":"https:\/\/malaga.salesianos.edu\/colegio\/wp-json\/wp\/v2\/pages"}],"about":[{"href":"https:\/\/malaga.salesianos.edu\/colegio\/wp-json\/wp\/v2\/types\/page"}],"author":[{"embeddable":true,"href":"https:\/\/malaga.salesianos.edu\/colegio\/wp-json\/wp\/v2\/users\/2"}],"replies":[{"embeddable":true,"href":"https:\/\/malaga.salesianos.edu\/colegio\/wp-json\/wp\/v2\/comments?post=2849"}],"version-history":[{"count":65,"href":"https:\/\/malaga.salesianos.edu\/colegio\/wp-json\/wp\/v2\/pages\/2849\/revisions"}],"predecessor-version":[{"id":90592,"href":"https:\/\/malaga.salesianos.edu\/colegio\/wp-json\/wp\/v2\/pages\/2849\/revisions\/90592"}],"wp:attachment":[{"href":"https:\/\/malaga.salesianos.edu\/colegio\/wp-json\/wp\/v2\/media?parent=2849"}],"curies":[{"name":"wp","href":"https:\/\/api.w.org\/{rel}","templated":true}]}}