{"id":1650,"date":"2017-04-04T13:58:53","date_gmt":"2017-04-04T11:58:53","guid":{"rendered":"https:\/\/malaga.salesianos.edu\/colegio\/?page_id=1650"},"modified":"2024-09-30T13:22:50","modified_gmt":"2024-09-30T11:22:50","slug":"horario-de-atencion-a-familias","status":"publish","type":"page","link":"https:\/\/malaga.salesianos.edu\/colegio\/horario-de-atencion-a-familias\/","title":{"rendered":"Horario de Tutores"},"content":{"rendered":"<p>[et_pb_section fb_built=\u00bb1&#8243; fullwidth=\u00bbon\u00bb _builder_version=\u00bb4.16&#8243; transparent_background=\u00bboff\u00bb make_fullwidth=\u00bboff\u00bb use_custom_width=\u00bboff\u00bb width_unit=\u00bbon\u00bb global_colors_info=\u00bb{}\u00bb][et_pb_fullwidth_header title=\u00bbAtenci\u00f3n a Familias\u00bb title_font_color=\u00bb#ffffff\u00bb module_class=\u00bbpagina-imagen-cabecera\u00bb _builder_version=\u00bb4.16&#8243; title_text_color=\u00bb#ffffff\u00bb title_font_size=\u00bb40px\u00bb background_color=\u00bbrgba(255, 255, 255, 0)\u00bb background_image=\u00bbhttps:\/\/malaga.salesianos.edu\/colegio\/wp-content\/uploads\/sites\/2\/2017\/11\/writing-1149962_1280-1.jpg\u00bb background_blend=\u00bbsoft-light\u00bb background_layout=\u00bblight\u00bb background_url=\u00bbhttps:\/\/malaga.salesianos.edu\/colegio\/wp-content\/uploads\/sites\/2\/2017\/04\/recursos_profesores2.jpg\u00bb saved_tabs=\u00bball\u00bb global_colors_info=\u00bb{}\u00bb button_one_text_size__hover_enabled=\u00bboff\u00bb button_one_text_size__hover=\u00bbnull\u00bb button_two_text_size__hover_enabled=\u00bboff\u00bb button_two_text_size__hover=\u00bbnull\u00bb button_one_text_color__hover_enabled=\u00bboff\u00bb button_one_text_color__hover=\u00bbnull\u00bb button_two_text_color__hover_enabled=\u00bboff\u00bb button_two_text_color__hover=\u00bbnull\u00bb button_one_border_width__hover_enabled=\u00bboff\u00bb button_one_border_width__hover=\u00bbnull\u00bb button_two_border_width__hover_enabled=\u00bboff\u00bb button_two_border_width__hover=\u00bbnull\u00bb button_one_border_color__hover_enabled=\u00bboff\u00bb button_one_border_color__hover=\u00bbnull\u00bb button_two_border_color__hover_enabled=\u00bboff\u00bb button_two_border_color__hover=\u00bbnull\u00bb button_one_border_radius__hover_enabled=\u00bboff\u00bb button_one_border_radius__hover=\u00bbnull\u00bb button_two_border_radius__hover_enabled=\u00bboff\u00bb button_two_border_radius__hover=\u00bbnull\u00bb button_one_letter_spacing__hover_enabled=\u00bboff\u00bb button_one_letter_spacing__hover=\u00bbnull\u00bb button_two_letter_spacing__hover_enabled=\u00bboff\u00bb button_two_letter_spacing__hover=\u00bbnull\u00bb button_one_bg_color__hover_enabled=\u00bboff\u00bb button_one_bg_color__hover=\u00bbnull\u00bb button_two_bg_color__hover_enabled=\u00bboff\u00bb button_two_bg_color__hover=\u00bbnull\u00bb][\/et_pb_fullwidth_header][\/et_pb_section][et_pb_section fb_built=\u00bb1&#8243; admin_label=\u00bbsection\u00bb _builder_version=\u00bb4.16&#8243; transparent_background=\u00bboff\u00bb make_fullwidth=\u00bboff\u00bb use_custom_width=\u00bboff\u00bb width_unit=\u00bbon\u00bb global_colors_info=\u00bb{}\u00bb][et_pb_row admin_label=\u00bbrow\u00bb _builder_version=\u00bb4.16&#8243; background_size=\u00bbinitial\u00bb background_position=\u00bbtop_left\u00bb background_repeat=\u00bbrepeat\u00bb global_colors_info=\u00bb{}\u00bb][et_pb_column type=\u00bb4_4&#8243; _builder_version=\u00bb4.16&#8243; custom_padding=\u00bb|||\u00bb global_colors_info=\u00bb{}\u00bb custom_padding__hover=\u00bb|||\u00bb][et_pb_post_title author=\u00bboff\u00bb date=\u00bboff\u00bb comments=\u00bboff\u00bb featured_image=\u00bboff\u00bb _builder_version=\u00bb4.16&#8243; title_font_size=\u00bb26&#8243; title_font_size_tablet=\u00bb\u00bb title_font_size_phone=\u00bb\u00bb title_font_size_last_edited=\u00bbon|phone\u00bb parallax_effect=\u00bboff\u00bb use_border_color=\u00bboff\u00bb border_color=\u00bb#ffffff\u00bb border_style=\u00bbsolid\u00bb global_colors_info=\u00bb{}\u00bb][\/et_pb_post_title][et_pb_tabs _builder_version=\u00bb4.27.0&#8243; background_size=\u00bbinitial\u00bb background_position=\u00bbtop_left\u00bb background_repeat=\u00bbrepeat\u00bb hover_enabled=\u00bb0&#8243; global_colors_info=\u00bb{}\u00bb sticky_enabled=\u00bb0&#8243;][et_pb_tab title=\u00bbInfantil\u00bb _builder_version=\u00bb4.27.0&#8243; body_font=\u00bb||||\u00bb body_line_height=\u00bb2em\u00bb tab_font=\u00bb||||\u00bb tab_line_height=\u00bb2em\u00bb background_image=\u00bbhttps:\/\/malaga.salesianos.edu\/colegio\/wp-content\/uploads\/sites\/2\/2017\/11\/fondo_correo.jpg\u00bb background_blend=\u00bbsoft-light\u00bb hover_enabled=\u00bb0&#8243; body_line_height_tablet=\u00bb2em\u00bb body_line_height_phone=\u00bb2em\u00bb tab_line_height_tablet=\u00bb2em\u00bb tab_line_height_phone=\u00bb2em\u00bb global_colors_info=\u00bb{}\u00bb sticky_enabled=\u00bb0&#8243;]<\/p>\n<p><img loading=\"lazy\" decoding=\"async\" class=\"alignnone wp-image-8254\" src=\"https:\/\/malaga.salesianos.edu\/colegio\/wp-content\/uploads\/sites\/2\/2018\/02\/icono_infantil-min-150x150.png\" alt=\"\" width=\"32\" height=\"32\" srcset=\"https:\/\/malaga.salesianos.edu\/colegio\/wp-content\/uploads\/sites\/2\/2018\/02\/icono_infantil-min-150x150.png 150w, https:\/\/malaga.salesianos.edu\/colegio\/wp-content\/uploads\/sites\/2\/2018\/02\/icono_infantil-min-300x300.png 300w, https:\/\/malaga.salesianos.edu\/colegio\/wp-content\/uploads\/sites\/2\/2018\/02\/icono_infantil-min.png 350w\" sizes=\"(max-width: 32px) 100vw, 32px\" \/><\/p>\n<table>\n<tbody>\n<tr>\n<td width=\"231\">\n<h3><strong>Tutor<\/strong><\/h3>\n<\/td>\n<td width=\"79\">\n<h3><strong>Curso<\/strong><\/h3>\n<\/td>\n<td width=\"130\">\n<h3><strong>D\u00eda<\/strong><\/h3>\n<\/td>\n<td width=\"141\">\n<h3><strong>Horario<\/strong><\/h3>\n<\/td>\n<\/tr>\n<tr>\n<td width=\"231\">D\u00aa. Carmen Nieves Lucena Fajardo<\/td>\n<td width=\"79\">3 a\u00f1os A<\/td>\n<td width=\"130\">Martes<\/td>\n<td width=\"141\">16.00 a 17.00 h<\/td>\n<\/tr>\n<tr>\n<td width=\"231\">D\u00aa. Carmen Garc\u00eda Luque<\/td>\n<td width=\"79\">3 a\u00f1os B<\/td>\n<td width=\"130\">Martes<\/td>\n<td width=\"141\">16.00 a 17.00 h<\/td>\n<\/tr>\n<tr>\n<td width=\"231\">D\u00aa. M\u00aa Auxiliadora Ruz Delgado<\/td>\n<td width=\"79\">4 a\u00f1os A<\/td>\n<td width=\"130\">Martes<\/td>\n<td width=\"141\">16.00 a 17.00 h<\/td>\n<\/tr>\n<tr>\n<td width=\"231\">D\u00aa. Carmen Rodr\u00edguez Tineo<\/td>\n<td width=\"79\">4 a\u00f1os B<\/td>\n<td width=\"130\">Martes<\/td>\n<td width=\"141\">16.00 a 17.00 h<\/td>\n<\/tr>\n<tr>\n<td width=\"231\">D\u00aa. Luz Marina Raya Crespo<\/td>\n<td width=\"79\">5 a\u00f1os A<\/td>\n<td width=\"130\">Martes<\/td>\n<td width=\"141\">16.00 a 17.00 h<\/td>\n<\/tr>\n<tr>\n<td width=\"231\">D\u00aa. Maria Jos\u00e9 L\u00f3pez Dom\u00ednguez<\/td>\n<td width=\"79\">5 a\u00f1os B<\/td>\n<td width=\"130\">Martes<\/td>\n<td width=\"141\">16.00 a 17.00 h<\/td>\n<\/tr>\n<\/tbody>\n<\/table>\n<p>[\/et_pb_tab][et_pb_tab title=\u00bbPrimaria\u00bb _builder_version=\u00bb4.19.4&#8243; body_font=\u00bb||||\u00bb body_line_height=\u00bb2em\u00bb tab_font=\u00bb||||\u00bb tab_line_height=\u00bb2em\u00bb background_image=\u00bbhttps:\/\/malaga.salesianos.edu\/colegio\/wp-content\/uploads\/sites\/2\/2017\/11\/fondo_correo.jpg\u00bb body_line_height_tablet=\u00bb2em\u00bb body_line_height_phone=\u00bb2em\u00bb tab_line_height_tablet=\u00bb2em\u00bb tab_line_height_phone=\u00bb2em\u00bb global_colors_info=\u00bb{}\u00bb]<\/p>\n<p><img loading=\"lazy\" decoding=\"async\" class=\"alignnone wp-image-8255\" src=\"https:\/\/malaga.salesianos.edu\/colegio\/wp-content\/uploads\/sites\/2\/2018\/02\/icono_primaria-min-150x150.png\" alt=\"\" width=\"32\" height=\"32\" srcset=\"https:\/\/malaga.salesianos.edu\/colegio\/wp-content\/uploads\/sites\/2\/2018\/02\/icono_primaria-min-150x150.png 150w, https:\/\/malaga.salesianos.edu\/colegio\/wp-content\/uploads\/sites\/2\/2018\/02\/icono_primaria-min-300x300.png 300w, https:\/\/malaga.salesianos.edu\/colegio\/wp-content\/uploads\/sites\/2\/2018\/02\/icono_primaria-min.png 350w\" sizes=\"(max-width: 32px) 100vw, 32px\" \/><\/p>\n<table>\n<tbody>\n<tr>\n<td width=\"243\">\n<h3>Tutor<\/h3>\n<\/td>\n<td width=\"66\">\n<h3>Curso<\/h3>\n<\/td>\n<td width=\"130\">\n<h3>D\u00eda<\/h3>\n<\/td>\n<td width=\"141\">\n<h3>Horario<\/h3>\n<\/td>\n<\/tr>\n<tr>\n<td width=\"243\">D. Francisco Javier Fern\u00e1ndez Rosas<\/td>\n<td width=\"66\">1\u00ba A<\/td>\n<td width=\"130\">Martes<\/td>\n<td width=\"141\">16.00 a 19.00 h<\/td>\n<\/tr>\n<tr>\n<td width=\"243\">D\u00aa. Eva Mar\u00eda Berral Quero<\/td>\n<td width=\"66\">1\u00ba B<\/td>\n<td width=\"130\">Martes<\/td>\n<td width=\"141\">16.00 a 19.00 h<\/td>\n<\/tr>\n<tr>\n<td width=\"243\">D. Jos\u00e9 Gabriel Cruz Quir\u00f3s<\/td>\n<td width=\"66\">2\u00ba A<\/td>\n<td width=\"130\">Martes<\/td>\n<td width=\"141\">16.00 a 19.00 h<\/td>\n<\/tr>\n<tr>\n<td width=\"243\">D\u00aa. M\u00aa Luz Gonzalez Garc\u00eda<\/td>\n<td width=\"66\">2\u00ba B<\/td>\n<td width=\"130\">Martes<\/td>\n<td width=\"141\">16.00 a 19.00 h<\/td>\n<\/tr>\n<tr>\n<td width=\"243\">D\u00aa. Carmen Alejandra Rey Navarro<\/td>\n<td width=\"66\">3\u00ba A<\/td>\n<td width=\"130\">Martes<\/td>\n<td width=\"141\">16.00 a 19.00 h<\/td>\n<\/tr>\n<tr>\n<td width=\"243\">D\u00aa. Cristina N\u00fa\u00f1ez C\u00f3zar<\/td>\n<td width=\"66\">3\u00ba B<\/td>\n<td width=\"130\">Martes<\/td>\n<td width=\"141\">16.00 a 19.00 h<\/td>\n<\/tr>\n<tr>\n<td width=\"243\">D\u00aa. Roc\u00edo Ru\u00edz Pardo<\/td>\n<td width=\"66\">4\u00ba A<\/td>\n<td width=\"130\">Martes<\/td>\n<td width=\"141\">16.00 a 19.00 h<\/td>\n<\/tr>\n<tr>\n<td width=\"243\">D\u00aa. Nuria P\u00e9rez Romero<\/td>\n<td width=\"66\">4\u00ba B<\/td>\n<td width=\"130\">Martes<\/td>\n<td width=\"141\">16.00 a 19.00 h<\/td>\n<\/tr>\n<tr>\n<td width=\"243\">D\u00aa. Roc\u00edo Moreno Molina<\/td>\n<td width=\"66\">5\u00ba A<\/td>\n<td width=\"130\">Martes<\/td>\n<td width=\"141\">16.00 a 19.00 h<\/td>\n<\/tr>\n<tr>\n<td width=\"243\">D. Juan Melgar Valadez<\/td>\n<td width=\"66\">5\u00ba B<\/td>\n<td width=\"130\">Martes<\/td>\n<td width=\"141\">16.00 a 19.00 h<\/td>\n<\/tr>\n<tr>\n<td width=\"243\">D. Rafael Arrabal S\u00e1nchez<\/td>\n<td width=\"66\">6\u00ba A<\/td>\n<td width=\"130\">Martes<\/td>\n<td width=\"141\">16.00 a 19.00 h<\/td>\n<\/tr>\n<tr>\n<td width=\"243\">D. Carlos Javier Mu\u00f1oz L\u00f3pez<\/td>\n<td width=\"66\">6\u00ba B<\/td>\n<td width=\"130\">Martes<\/td>\n<td width=\"141\">16.00 a 19.00 h<\/td>\n<\/tr>\n<\/tbody>\n<\/table>\n<p>[\/et_pb_tab][et_pb_tab title=\u00bbSecundaria Obligatoria\u00bb _builder_version=\u00bb4.19.4&#8243; body_font=\u00bb||||\u00bb body_line_height=\u00bb2em\u00bb tab_font=\u00bb||||\u00bb tab_line_height=\u00bb2em\u00bb background_image=\u00bbhttps:\/\/malaga.salesianos.edu\/colegio\/wp-content\/uploads\/sites\/2\/2017\/11\/fondo_correo.jpg\u00bb body_line_height_tablet=\u00bb2em\u00bb body_line_height_phone=\u00bb2em\u00bb tab_line_height_tablet=\u00bb2em\u00bb tab_line_height_phone=\u00bb2em\u00bb global_colors_info=\u00bb{}\u00bb]<\/p>\n<p><img loading=\"lazy\" decoding=\"async\" class=\"wp-image-8256 alignnone\" src=\"https:\/\/malaga.salesianos.edu\/colegio\/wp-content\/uploads\/sites\/2\/2018\/02\/icono_eso-min-150x150.png\" alt=\"\" width=\"32\" height=\"32\" srcset=\"https:\/\/malaga.salesianos.edu\/colegio\/wp-content\/uploads\/sites\/2\/2018\/02\/icono_eso-min-150x150.png 150w, https:\/\/malaga.salesianos.edu\/colegio\/wp-content\/uploads\/sites\/2\/2018\/02\/icono_eso-min-300x300.png 300w, https:\/\/malaga.salesianos.edu\/colegio\/wp-content\/uploads\/sites\/2\/2018\/02\/icono_eso-min.png 350w\" sizes=\"(max-width: 32px) 100vw, 32px\" \/><\/p>\n<table width=\"612\">\n<tbody>\n<tr>\n<td width=\"73\">\n<h3><strong>Curso<\/strong><\/h3>\n<\/td>\n<td width=\"217\">\n<h3><strong>Tutor<\/strong><\/h3>\n<\/td>\n<td width=\"170\">\n<h3><strong>Ma\u00f1ana<\/strong><\/h3>\n<\/td>\n<td width=\"151\">\n<h3><strong>Tarde<\/strong><\/h3>\n<\/td>\n<\/tr>\n<tr>\n<td width=\"73\">E1A<\/td>\n<td width=\"217\">D\u00aa. M\u00aa Carmen Ahuir Galindo<\/td>\n<td width=\"170\">Lunes: 12:45 \u2013 13:45<\/td>\n<td width=\"151\">Martes: 16:00 \u2013 17:00<\/td>\n<\/tr>\n<tr>\n<td width=\"73\">E1B<\/td>\n<td width=\"217\">D\u00aa. M\u00aa Isabel Cabezas Mu\u00f1oz<\/td>\n<td width=\"170\">Mi\u00e9rcoles: 12:45 \u2013 13:45<\/td>\n<td width=\"151\">Martes 19:00 \u2013 20:00<\/td>\n<\/tr>\n<tr>\n<td width=\"73\">E2A<\/td>\n<td width=\"217\">D. Alberto Garrido Luis<\/td>\n<td width=\"170\">Martes: 10:15 \u2013 11:15<\/td>\n<td width=\"151\">Martes: 16:00 \u2013 17:00<\/td>\n<\/tr>\n<tr>\n<td width=\"73\">E2B<\/td>\n<td width=\"217\">D\u00aa. Bel\u00e9n Quintero Maeso<\/td>\n<td width=\"170\">Martes: 12:45 \u2013 13:45<\/td>\n<td width=\"151\">Martes: 19:00 \u2013 20:00<\/td>\n<\/tr>\n<tr>\n<td width=\"73\">E3A<\/td>\n<td width=\"217\">D\u00aa. Alicia Montiel Molina<\/td>\n<td width=\"170\">Mi\u00e9rcoles: 10:15 \u2013 11:15<\/td>\n<td width=\"151\">Martes: 19:00 \u2013 20:00<\/td>\n<\/tr>\n<tr>\n<td width=\"73\">E3B<\/td>\n<td width=\"217\">D\u00aa. Marina Mart\u00edn Dom\u00ednguez<\/td>\n<td width=\"170\">Lunes: 12:45 \u2013 13:45<\/td>\n<td width=\"151\">Mi\u00e9rcoles: 16:30 \u2013 17:30<\/td>\n<\/tr>\n<tr>\n<td width=\"73\">E4A<\/td>\n<td width=\"217\">D\u00aa. Raquel Morales Moreno<\/td>\n<td width=\"170\">Mi\u00e9rcoles: 11:45 \u2013 12:45<\/td>\n<td width=\"151\">Martes: 16:00 \u2013 17:00<\/td>\n<\/tr>\n<tr>\n<td width=\"73\">E4B<\/td>\n<td width=\"217\">D\u00aa. Teresa Fern\u00e1ndez-Gallego Anaya<\/td>\n<td width=\"170\">Martes: 12:45 \u2013 13:45<\/td>\n<td width=\"151\">Martes: 19:00 \u2013 20:00<\/td>\n<\/tr>\n<\/tbody>\n<\/table>\n<p>[\/et_pb_tab][et_pb_tab title=\u00bbBachillerato\u00bb _builder_version=\u00bb4.19.4&#8243; body_font=\u00bb||||\u00bb body_line_height=\u00bb2em\u00bb tab_font=\u00bb||||\u00bb tab_line_height=\u00bb2em\u00bb background_image=\u00bbhttps:\/\/malaga.salesianos.edu\/colegio\/wp-content\/uploads\/sites\/2\/2017\/11\/fondo_correo.jpg\u00bb body_line_height_tablet=\u00bb2em\u00bb body_line_height_phone=\u00bb2em\u00bb tab_line_height_tablet=\u00bb2em\u00bb tab_line_height_phone=\u00bb2em\u00bb global_colors_info=\u00bb{}\u00bb]<\/p>\n<p><img loading=\"lazy\" decoding=\"async\" class=\"wp-image-8257 alignnone\" src=\"https:\/\/malaga.salesianos.edu\/colegio\/wp-content\/uploads\/sites\/2\/2018\/02\/icono_bachillerato-min-150x150.png\" alt=\"\" width=\"32\" height=\"32\" srcset=\"https:\/\/malaga.salesianos.edu\/colegio\/wp-content\/uploads\/sites\/2\/2018\/02\/icono_bachillerato-min-150x150.png 150w, https:\/\/malaga.salesianos.edu\/colegio\/wp-content\/uploads\/sites\/2\/2018\/02\/icono_bachillerato-min-300x300.png 300w, https:\/\/malaga.salesianos.edu\/colegio\/wp-content\/uploads\/sites\/2\/2018\/02\/icono_bachillerato-min.png 350w\" sizes=\"(max-width: 32px) 100vw, 32px\" \/><\/p>\n<table width=\"612\">\n<tbody>\n<tr>\n<td width=\"73\">\n<h3><strong>Curso<\/strong><\/h3>\n<\/td>\n<td width=\"217\">\n<h3><strong>Tutor<\/strong><\/h3>\n<\/td>\n<td width=\"170\">\n<h3><strong>Ma\u00f1ana<\/strong><\/h3>\n<\/td>\n<td width=\"151\">\n<h3><strong>Tarde<\/strong><\/h3>\n<\/td>\n<\/tr>\n<tr>\n<td width=\"73\">B1A<\/td>\n<td width=\"217\">D. Enrique Jes\u00fas Vilches Cruces<\/td>\n<td width=\"170\">Lunes: 10:15 \u2013 11:15<\/td>\n<td width=\"151\">Jueves 17:00 \u2013 18:00<\/td>\n<\/tr>\n<tr>\n<td width=\"73\">B1B<\/td>\n<td width=\"217\">D\u00aa. Silvia Bol\u00edvar S\u00e1ez<\/td>\n<td width=\"170\">Martes: 9:15 \u2013 10:15<\/td>\n<td width=\"151\">Martes 16:00 \u2013 17:00<\/td>\n<\/tr>\n<tr>\n<td width=\"73\">B1C<\/td>\n<td width=\"217\">D. \u00c1lvaro Palomeque P\u00e1ez<\/td>\n<td width=\"170\">Lunes: 11:45 \u2013 12:45<\/td>\n<td width=\"151\">Jueves 17:00 \u2013 18:00<\/td>\n<\/tr>\n<tr>\n<td width=\"73\">B2A<\/td>\n<td width=\"217\">D. Miguel G\u00f3mez Barrientos<\/td>\n<td width=\"170\">Lunes: 13:45 \u2013 14:45<\/td>\n<td width=\"151\">Martes 16:00 \u2013 17:00<\/td>\n<\/tr>\n<tr>\n<td width=\"73\">B2B<\/td>\n<td width=\"217\">D\u00aa. Inmaculada Graci\u00e1n Fern\u00e1ndez<\/td>\n<td width=\"170\">Lunes: 12:45 \u2013 13:45<\/td>\n<td width=\"151\">Martes 19:00 \u2013 20:00<\/td>\n<\/tr>\n<tr>\n<td width=\"73\">B2C<\/td>\n<td width=\"217\">D\u00aa. In\u00e9s Gonz\u00e1lez Herrera<\/td>\n<td width=\"170\">Jueves: 11:45 \u2013 12:45<\/td>\n<td width=\"151\">Martes 16:00 \u2013 17:00<\/td>\n<\/tr>\n<\/tbody>\n<\/table>\n<p>[\/et_pb_tab][et_pb_tab title=\u00bbCF Grado B\u00e1sico\u00bb _builder_version=\u00bb4.19.4&#8243; body_font=\u00bb||||\u00bb body_line_height=\u00bb2em\u00bb tab_font=\u00bb||||\u00bb tab_line_height=\u00bb2em\u00bb background_image=\u00bbhttps:\/\/malaga.salesianos.edu\/colegio\/wp-content\/uploads\/sites\/2\/2017\/11\/fondo_correo.jpg\u00bb body_line_height_tablet=\u00bb2em\u00bb body_line_height_phone=\u00bb2em\u00bb tab_line_height_tablet=\u00bb2em\u00bb tab_line_height_phone=\u00bb2em\u00bb global_colors_info=\u00bb{}\u00bb]<\/p>\n<p><img loading=\"lazy\" decoding=\"async\" class=\"alignnone wp-image-88588 \" src=\"https:\/\/malaga.salesianos.edu\/colegio\/wp-content\/uploads\/sites\/2\/2023\/01\/CFGB-300x292.png\" alt=\"\" width=\"33\" height=\"32\" srcset=\"https:\/\/malaga.salesianos.edu\/colegio\/wp-content\/uploads\/sites\/2\/2023\/01\/CFGB-300x292.png 300w, https:\/\/malaga.salesianos.edu\/colegio\/wp-content\/uploads\/sites\/2\/2023\/01\/CFGB-150x150.png 150w, https:\/\/malaga.salesianos.edu\/colegio\/wp-content\/uploads\/sites\/2\/2023\/01\/CFGB.png 354w\" sizes=\"(max-width: 33px) 100vw, 33px\" \/><\/p>\n<table width=\"612\">\n<tbody>\n<tr>\n<td width=\"72\">\n<h3><strong>Curso<\/strong><\/h3>\n<\/td>\n<td width=\"214\">\n<h3><strong>Tutor<\/strong><\/h3>\n<\/td>\n<td width=\"168\">\n<h3><strong>Ma\u00f1ana<\/strong><\/h3>\n<\/td>\n<td width=\"148\">\n<h3><strong>Tarde<\/strong><\/h3>\n<\/td>\n<\/tr>\n<tr>\n<td width=\"72\">CFGB1E<\/td>\n<td width=\"214\">D. Pablo Mart\u00edn Lloret<\/td>\n<td width=\"168\">Viernes: 9:15 \u2013 10:15<\/td>\n<td width=\"148\">Mi\u00e9rcoles 17:30 \u2013 18:30<\/td>\n<\/tr>\n<tr>\n<td width=\"72\">CFGB1V<\/td>\n<td width=\"214\">D\u00aa. Cristina Casado L\u00f3pez<\/td>\n<td width=\"168\">Mi\u00e9rcoles: 10:15 -11:15<\/td>\n<td width=\"148\">Martes 16:00 \u2013 17:00<\/td>\n<\/tr>\n<tr>\n<td width=\"72\">FPB2E<\/td>\n<td width=\"214\">D. Jos\u00e9 Antonio Monta\u00f1ez Cuevas<\/td>\n<td width=\"168\">Mi\u00e9rcoles: 11:45-12:45<\/td>\n<td width=\"148\">Lunes 17:30 \u2013 18:30<\/td>\n<\/tr>\n<tr>\n<td width=\"72\">FPB2V<\/td>\n<td width=\"214\">D. Manuel Olmedo Casares<\/td>\n<td width=\"168\">Viernes: 09:15 \u2013 10:15<\/td>\n<td width=\"148\">Lunes 17:30 \u2013 18:30<\/td>\n<\/tr>\n<\/tbody>\n<\/table>\n<p>[\/et_pb_tab][et_pb_tab title=\u00bbCiclos Formativos\u00bb _builder_version=\u00bb4.19.4&#8243; body_font=\u00bb||||\u00bb body_line_height=\u00bb2em\u00bb tab_font=\u00bb||||\u00bb tab_line_height=\u00bb2em\u00bb background_image=\u00bbhttps:\/\/malaga.salesianos.edu\/colegio\/wp-content\/uploads\/sites\/2\/2017\/11\/fondo_correo.jpg\u00bb body_line_height_tablet=\u00bb2em\u00bb body_line_height_phone=\u00bb2em\u00bb tab_line_height_tablet=\u00bb2em\u00bb tab_line_height_phone=\u00bb2em\u00bb global_colors_info=\u00bb{}\u00bb]<\/p>\n<p><img loading=\"lazy\" decoding=\"async\" class=\"alignnone wp-image-8260\" src=\"https:\/\/malaga.salesianos.edu\/colegio\/wp-content\/uploads\/sites\/2\/2018\/02\/icono_CICLOS-min-150x150.png\" alt=\"\" width=\"32\" height=\"32\" srcset=\"https:\/\/malaga.salesianos.edu\/colegio\/wp-content\/uploads\/sites\/2\/2018\/02\/icono_CICLOS-min-150x150.png 150w, https:\/\/malaga.salesianos.edu\/colegio\/wp-content\/uploads\/sites\/2\/2018\/02\/icono_CICLOS-min-300x300.png 300w, https:\/\/malaga.salesianos.edu\/colegio\/wp-content\/uploads\/sites\/2\/2018\/02\/icono_CICLOS-min.png 350w\" sizes=\"(max-width: 32px) 100vw, 32px\" \/><\/p>\n<table style=\"height: 424px; width: 612px;\" width=\"612\">\n<tbody>\n<tr style=\"height: 76px;\">\n<td style=\"width: 70.2344px; height: 76px;\">\n<h3><strong>Curso<\/strong><\/h3>\n<\/td>\n<td style=\"width: 241.812px; height: 76px;\">\n<h3><strong>Tutor<\/strong><\/h3>\n<\/td>\n<td style=\"width: 277.953px; height: 76px;\">\n<h3><strong>Hora<\/strong><\/h3>\n<\/td>\n<\/tr>\n<tr style=\"height: 23px;\">\n<td style=\"width: 70.2344px; height: 23px;\">CM1A<\/td>\n<td style=\"width: 241.812px; height: 23px;\">D. Marcelino Due\u00f1as Olmo<\/td>\n<td style=\"width: 277.953px; height: 23px;\">Martes: 10:15 \u2013 11:15<\/td>\n<\/tr>\n<tr style=\"height: 23px;\">\n<td style=\"width: 70.2344px; height: 23px;\">CM2A<\/td>\n<td style=\"width: 241.812px; height: 23px;\">D. Nicol\u00e1s Bell\u00f3n \u00c1lvarez<\/td>\n<td style=\"width: 277.953px; height: 23px;\">Lunes: 09:15 \u2013 10:15<\/td>\n<\/tr>\n<tr style=\"height: 47px;\">\n<td style=\"width: 70.2344px; height: 47px;\">CM1E<\/td>\n<td style=\"width: 241.812px; height: 47px;\">D. Jos\u00e9 Manuel Dom\u00e9nech Alarc\u00f3n<\/td>\n<td style=\"width: 277.953px; height: 47px;\">Viernes: 13:45 \u2013 14:45<\/td>\n<\/tr>\n<tr style=\"height: 23px;\">\n<td style=\"width: 70.2344px; height: 23px;\">CM2E<\/td>\n<td style=\"width: 241.812px; height: 23px;\">D. \u00c1ngel Parra Bravo<\/td>\n<td style=\"width: 277.953px; height: 23px;\">Lunes: 10:15 \u2013 11:15<\/td>\n<\/tr>\n<tr style=\"height: 23px;\">\n<td style=\"width: 70.2344px; height: 23px;\">CM1V<\/td>\n<td style=\"width: 241.812px; height: 23px;\">D. Juan Carlos Fern\u00e1ndez Pardo<\/td>\n<td style=\"width: 277.953px; height: 23px;\">Viernes: 10:15 \u2013 11:15<\/td>\n<\/tr>\n<tr style=\"height: 23px;\">\n<td style=\"width: 70.2344px; height: 23px;\">CM2V<\/td>\n<td style=\"width: 241.812px; height: 23px;\">D. Jos\u00e9 Ram\u00f3n Rueda Rodr\u00edguez<\/td>\n<td style=\"width: 277.953px; height: 23px;\">Mi\u00e9rcoles: 10:15 \u2013 11:15<\/td>\n<\/tr>\n<tr style=\"height: 23px;\">\n<td style=\"width: 70.2344px; height: 23px;\">CS1A<\/td>\n<td style=\"width: 241.812px; height: 23px;\">D\u00aa. Esperanza Mart\u00ednez Serrano<\/td>\n<td style=\"width: 277.953px; height: 23px;\">Lunes: 09:15 \u2013 12:15<\/td>\n<\/tr>\n<tr style=\"height: 23px;\">\n<td style=\"width: 70.2344px; height: 23px;\">CS2A<\/td>\n<td style=\"width: 241.812px; height: 23px;\">D\u00aa. M\u00aa Dolores Ruiz Cabezas<\/td>\n<td style=\"width: 277.953px; height: 23px;\">Lunes: 11:45 \u2013 12:45<\/td>\n<\/tr>\n<tr style=\"height: 47px;\">\n<td style=\"width: 70.2344px; height: 47px;\">CS1E<\/td>\n<td style=\"width: 241.812px; height: 47px;\">D\u00aa. M\u00aa Carmen Rodr\u00edguez Ram\u00edrez<\/td>\n<td style=\"width: 277.953px; height: 47px;\">Jueves: 10:15 \u2013 11:15<\/td>\n<\/tr>\n<tr style=\"height: 23px;\">\n<td style=\"width: 70.2344px; height: 23px;\">CS2E<\/td>\n<td style=\"width: 241.812px; height: 23px;\">D. Juan Baena Serrano<\/td>\n<td style=\"width: 277.953px; height: 23px;\">Mi\u00e9rcoles: 12:45 \u2013 13:45<\/td>\n<\/tr>\n<tr style=\"height: 23px;\">\n<td style=\"width: 70.2344px; height: 23px;\">CS1M<\/td>\n<td style=\"width: 241.812px; height: 23px;\">D. Juan Jos\u00e9 Carrillo Pel\u00e1ez<\/td>\n<td style=\"width: 277.953px; height: 23px;\">Mi\u00e9rcoles: 12:45 \u2013 13:45<\/td>\n<\/tr>\n<tr style=\"height: 47px;\">\n<td style=\"width: 70.2344px; height: 47px;\">CS2M<\/td>\n<td style=\"width: 241.812px; height: 47px;\">D. Miguel \u00c1ngel Borrego de la Fuente<\/td>\n<td style=\"width: 277.953px; height: 47px;\">Jueves: 11:45 \u2013 12:45<\/td>\n<\/tr>\n<\/tbody>\n<\/table>\n<p>[\/et_pb_tab][\/et_pb_tabs][\/et_pb_column][\/et_pb_row][et_pb_row column_structure=\u00bb1_5,1_5,1_5,1_5,1_5&#8243; _builder_version=\u00bb3.25&#8243; background_size=\u00bbinitial\u00bb background_position=\u00bbtop_left\u00bb background_repeat=\u00bbrepeat\u00bb make_fullwidth=\u00bboff\u00bb use_custom_width=\u00bboff\u00bb width_unit=\u00bbon\u00bb global_module=\u00bb2193&#8243; global_colors_info=\u00bb{}\u00bb][et_pb_column type=\u00bb1_5&#8243; _builder_version=\u00bb4.16&#8243; custom_padding=\u00bb|||\u00bb global_colors_info=\u00bb{}\u00bb custom_padding__hover=\u00bb|||\u00bb][et_pb_blurb title=\u00bbAdmisiones\u00bb url=\u00bbhttps:\/\/malaga.salesianos.edu\/colegio\/admisiones\/\u00bb use_icon=\u00bbon\u00bb font_icon=\u00bb&#x6b;||divi||400&#8243; image_icon_background_color=\u00bb#ffffff\u00bb image_icon_width=\u00bb48px\u00bb admin_label=\u00bbAdmisiones\u00bb _builder_version=\u00bb4.16&#8243; header_text_color=\u00bb#e02b20&#8243; header_font_size=\u00bb16&#8243; image_icon_custom_padding=\u00bb25px|25px|25px|25px|false|false\u00bb text_orientation=\u00bbcenter\u00bb border_radii_image=\u00bbon|100%|100%|100%|100%\u00bb border_width_all_image=\u00bb3px\u00bb border_color_all_image=\u00bb#666666&#8243; use_circle=\u00bbon\u00bb use_circle_border=\u00bbon\u00bb circle_border_color=\u00bb#666666&#8243; circle_color=\u00bb#ffffff\u00bb global_colors_info=\u00bb{}\u00bb image_icon_background_color__sticky_enabled=\u00bb#dc001b\u00bb image_icon_background_color__sticky=\u00bb#dc001b\u00bb transform_styles__hover_enabled=\u00bbon|hover\u00bb transform_scale__hover=\u00bb104%|104%\u00bb transform_scale__hover_enabled=\u00bbon|hover\u00bb transform_translate__hover_enabled=\u00bbon|desktop\u00bb transform_rotate__hover_enabled=\u00bbon|desktop\u00bb transform_skew__hover_enabled=\u00bbon|desktop\u00bb transform_origin__hover_enabled=\u00bbon|desktop\u00bb][\/et_pb_blurb][\/et_pb_column][et_pb_column type=\u00bb1_5&#8243; _builder_version=\u00bb4.16&#8243; custom_padding=\u00bb|||\u00bb global_colors_info=\u00bb{}\u00bb custom_padding__hover=\u00bb|||\u00bb][et_pb_blurb title=\u00bbOferta Educativa\u00bb url=\u00bb\/colegio\/nuestra-oferta-educativa\/\u00bb use_icon=\u00bbon\u00bb font_icon=\u00bb&#xe022;||divi||400&#8243; image_icon_background_color=\u00bb#ffffff\u00bb image_icon_width=\u00bb48px\u00bb admin_label=\u00bbOferta Educativa\u00bb _builder_version=\u00bb4.16&#8243; header_text_color=\u00bb#e02b20&#8243; header_font_size=\u00bb16&#8243; image_icon_custom_padding=\u00bb25px|25px|25px|25px|false|false\u00bb text_orientation=\u00bbcenter\u00bb border_radii_image=\u00bbon|100%|100%|100%|100%\u00bb border_width_all_image=\u00bb3px\u00bb border_color_all_image=\u00bb#666666&#8243; use_circle=\u00bbon\u00bb use_circle_border=\u00bbon\u00bb circle_border_color=\u00bb#666666&#8243; circle_color=\u00bb#ffffff\u00bb global_colors_info=\u00bb{}\u00bb image_icon_background_color__sticky_enabled=\u00bb#dc001b\u00bb image_icon_background_color__sticky=\u00bb#dc001b\u00bb transform_styles__hover_enabled=\u00bbon|hover\u00bb transform_scale__hover=\u00bb104%|104%\u00bb transform_scale__hover_enabled=\u00bbon|hover\u00bb transform_translate__hover_enabled=\u00bbon|desktop\u00bb transform_rotate__hover_enabled=\u00bbon|desktop\u00bb transform_skew__hover_enabled=\u00bbon|desktop\u00bb transform_origin__hover_enabled=\u00bbon|desktop\u00bb][\/et_pb_blurb][\/et_pb_column][et_pb_column type=\u00bb1_5&#8243; _builder_version=\u00bb4.16&#8243; custom_padding=\u00bb|||\u00bb global_colors_info=\u00bb{}\u00bb custom_padding__hover=\u00bb|||\u00bb][et_pb_blurb title=\u00bbInstalaciones\u00bb url=\u00bb\/colegio\/instalaciones\/\u00bb use_icon=\u00bbon\u00bb font_icon=\u00bb&#xe0fd;||divi||400&#8243; image_icon_background_color=\u00bb#ffffff\u00bb image_icon_width=\u00bb48px\u00bb admin_label=\u00bbOferta Educativa\u00bb _builder_version=\u00bb4.18.0&#8243; header_text_color=\u00bb#e02b20&#8243; header_font_size=\u00bb16&#8243; image_icon_custom_padding=\u00bb25px|25px|25px|25px|false|false\u00bb text_orientation=\u00bbcenter\u00bb border_radii_image=\u00bbon|100%|100%|100%|100%\u00bb border_width_all_image=\u00bb3px\u00bb border_color_all_image=\u00bb#666666&#8243; use_circle=\u00bbon\u00bb use_circle_border=\u00bbon\u00bb circle_border_color=\u00bb#666666&#8243; circle_color=\u00bb#ffffff\u00bb global_colors_info=\u00bb{}\u00bb image_icon_background_color__sticky_enabled=\u00bb#dc001b\u00bb image_icon_background_color__sticky=\u00bb#dc001b\u00bb transform_styles__hover_enabled=\u00bbon|hover\u00bb transform_scale__hover=\u00bb104%|104%\u00bb transform_scale__hover_enabled=\u00bbon|hover\u00bb transform_translate__hover_enabled=\u00bbon|desktop\u00bb transform_rotate__hover_enabled=\u00bbon|desktop\u00bb transform_skew__hover_enabled=\u00bbon|desktop\u00bb transform_origin__hover_enabled=\u00bbon|desktop\u00bb][\/et_pb_blurb][\/et_pb_column][et_pb_column type=\u00bb1_5&#8243; _builder_version=\u00bb4.16&#8243; custom_padding=\u00bb|||\u00bb global_colors_info=\u00bb{}\u00bb custom_padding__hover=\u00bb|||\u00bb][et_pb_blurb title=\u00bbOrganizaci\u00f3n del Centro\u00bb url=\u00bb\/colegio\/organizacion-del-centro\/\u00bb use_icon=\u00bbon\u00bb font_icon=\u00bb&#xe109;||divi||400&#8243; image_icon_background_color=\u00bb#ffffff\u00bb image_icon_width=\u00bb48px\u00bb admin_label=\u00bbOrganizaci\u00f3n del Centro\u00bb _builder_version=\u00bb4.16&#8243; header_text_color=\u00bb#e02b20&#8243; header_font_size=\u00bb16&#8243; image_icon_custom_padding=\u00bb25px|25px|25px|25px|false|false\u00bb text_orientation=\u00bbcenter\u00bb border_radii_image=\u00bbon|100%|100%|100%|100%\u00bb border_width_all_image=\u00bb3px\u00bb border_color_all_image=\u00bb#666666&#8243; use_circle=\u00bbon\u00bb use_circle_border=\u00bbon\u00bb circle_border_color=\u00bb#666666&#8243; circle_color=\u00bb#ffffff\u00bb global_colors_info=\u00bb{}\u00bb image_icon_background_color__sticky_enabled=\u00bb#dc001b\u00bb image_icon_background_color__sticky=\u00bb#dc001b\u00bb transform_styles__hover_enabled=\u00bbon|hover\u00bb transform_scale__hover_enabled=\u00bbon|hover\u00bb transform_translate__hover_enabled=\u00bbon|desktop\u00bb transform_rotate__hover_enabled=\u00bbon|desktop\u00bb transform_skew__hover_enabled=\u00bbon|desktop\u00bb transform_origin__hover_enabled=\u00bbon|desktop\u00bb transform_scale__hover=\u00bb104%|104%\u00bb][\/et_pb_blurb][\/et_pb_column][et_pb_column type=\u00bb1_5&#8243; _builder_version=\u00bb4.16&#8243; custom_padding=\u00bb|||\u00bb global_colors_info=\u00bb{}\u00bb custom_padding__hover=\u00bb|||\u00bb][et_pb_blurb title=\u00bbProgramaci\u00f3n General Anual\u00bb url=\u00bbhttps:\/\/malaga.salesianos.edu\/colegio\/programacion-general-anual\/\u00bb use_icon=\u00bbon\u00bb font_icon=\u00bb&#x69;||divi||400&#8243; image_icon_background_color=\u00bb#ffffff\u00bb image_icon_width=\u00bb48px\u00bb admin_label=\u00bbProgramaci\u00f3n General\u00bb _builder_version=\u00bb4.19.0&#8243; header_text_color=\u00bb#e02b20&#8243; header_font_size=\u00bb16&#8243; image_icon_custom_padding=\u00bb25px|25px|25px|25px|false|false\u00bb text_orientation=\u00bbcenter\u00bb z_index_tablet=\u00bb500&#8243; border_radii_image=\u00bbon|100%|100%|100%|100%\u00bb border_width_all_image=\u00bb3px\u00bb border_color_all_image=\u00bb#666666&#8243; use_circle=\u00bbon\u00bb use_circle_border=\u00bbon\u00bb circle_border_color=\u00bb#666666&#8243; circle_color=\u00bb#ffffff\u00bb global_colors_info=\u00bb{}\u00bb image_icon_background_color__sticky_enabled=\u00bb#dc001b\u00bb image_icon_background_color__sticky=\u00bb#dc001b\u00bb transform_styles__hover_enabled=\u00bbon|hover\u00bb transform_scale__hover=\u00bb104%|104%\u00bb transform_scale__hover_enabled=\u00bbon|hover\u00bb transform_translate__hover_enabled=\u00bbon|desktop\u00bb transform_rotate__hover_enabled=\u00bbon|desktop\u00bb transform_skew__hover_enabled=\u00bbon|desktop\u00bb transform_origin__hover_enabled=\u00bbon|desktop\u00bb][\/et_pb_blurb][\/et_pb_column][\/et_pb_row][\/et_pb_section]<\/p>\n","protected":false},"excerpt":{"rendered":"<p>Tutor Curso D\u00eda Horario D\u00aa. Carmen Nieves Lucena Fajardo 3 a\u00f1os A Martes 16.00 a 17.00 h D\u00aa. Carmen Garc\u00eda Luque 3 a\u00f1os B Martes 16.00 a 17.00 h D\u00aa. M\u00aa Auxiliadora Ruz Delgado 4 a\u00f1os A Martes 16.00 a 17.00 h D\u00aa. Carmen Rodr\u00edguez Tineo 4 a\u00f1os B Martes 16.00 a 17.00 h D\u00aa. [&hellip;]<\/p>\n","protected":false},"author":2,"featured_media":0,"parent":0,"menu_order":0,"comment_status":"closed","ping_status":"closed","template":"","meta":{"_et_pb_use_builder":"on","_et_pb_old_content":"","_et_gb_content_width":"","footnotes":""},"class_list":["post-1650","page","type-page","status-publish","hentry"],"yoast_head":"<!-- This site is optimized with the Yoast SEO plugin v28.3 - https:\/\/yoast.com\/product\/yoast-seo-wordpress\/ -->\n<title>Horario de Tutores - Colegio Concertado San Bartolom\u00e9 | Salesianos M\u00e1laga<\/title>\n<meta name=\"description\" content=\"Atenci\u00f3n a familias. Horario de Tutores de las distintas etapas educativas. Infantil, Primaria, ESO, Bachillerato, FPB y Ciclos Formativos.\" \/>\n<meta name=\"robots\" content=\"index, follow, max-snippet:-1, max-image-preview:large, max-video-preview:-1\" \/>\n<link rel=\"canonical\" href=\"https:\/\/malaga.salesianos.edu\/colegio\/horario-de-atencion-a-familias\/\" \/>\n<meta property=\"og:locale\" content=\"es_ES\" \/>\n<meta property=\"og:type\" content=\"article\" \/>\n<meta property=\"og:title\" content=\"Horario de Tutores - Colegio Concertado San Bartolom\u00e9 | Salesianos M\u00e1laga\" \/>\n<meta property=\"og:description\" content=\"Atenci\u00f3n a familias. Horario de Tutores de las distintas etapas educativas. Infantil, Primaria, ESO, Bachillerato, FPB y Ciclos Formativos.\" \/>\n<meta property=\"og:url\" content=\"https:\/\/malaga.salesianos.edu\/colegio\/horario-de-atencion-a-familias\/\" \/>\n<meta property=\"og:site_name\" content=\"Colegio Concertado San Bartolom\u00e9 | Salesianos M\u00e1laga\" \/>\n<meta property=\"article:modified_time\" content=\"2024-09-30T11:22:50+00:00\" \/>\n<meta property=\"og:image\" content=\"https:\/\/malaga.salesianos.edu\/colegio\/wp-content\/uploads\/sites\/2\/2018\/02\/icono_infantil-min-150x150.png\" \/>\n<meta name=\"twitter:card\" content=\"summary_large_image\" \/>\n<meta name=\"twitter:label1\" content=\"Tiempo de lectura\" \/>\n\t<meta name=\"twitter:data1\" content=\"4 minutos\" \/>\n<script type=\"application\/ld+json\" class=\"yoast-schema-graph\">{\"@context\":\"https:\\\/\\\/schema.org\",\"@graph\":[{\"@type\":\"WebPage\",\"@id\":\"https:\\\/\\\/malaga.salesianos.edu\\\/colegio\\\/horario-de-atencion-a-familias\\\/\",\"url\":\"https:\\\/\\\/malaga.salesianos.edu\\\/colegio\\\/horario-de-atencion-a-familias\\\/\",\"name\":\"Horario de Tutores - Colegio Concertado San Bartolom\u00e9 | Salesianos M\u00e1laga\",\"isPartOf\":{\"@id\":\"https:\\\/\\\/malaga.salesianos.edu\\\/colegio\\\/#website\"},\"primaryImageOfPage\":{\"@id\":\"https:\\\/\\\/malaga.salesianos.edu\\\/colegio\\\/horario-de-atencion-a-familias\\\/#primaryimage\"},\"image\":{\"@id\":\"https:\\\/\\\/malaga.salesianos.edu\\\/colegio\\\/horario-de-atencion-a-familias\\\/#primaryimage\"},\"thumbnailUrl\":\"https:\\\/\\\/malaga.salesianos.edu\\\/colegio\\\/wp-content\\\/uploads\\\/sites\\\/2\\\/2018\\\/02\\\/icono_infantil-min-150x150.png\",\"datePublished\":\"2017-04-04T11:58:53+00:00\",\"dateModified\":\"2024-09-30T11:22:50+00:00\",\"description\":\"Atenci\u00f3n a familias. Horario de Tutores de las distintas etapas educativas. Infantil, Primaria, ESO, Bachillerato, FPB y Ciclos Formativos.\",\"breadcrumb\":{\"@id\":\"https:\\\/\\\/malaga.salesianos.edu\\\/colegio\\\/horario-de-atencion-a-familias\\\/#breadcrumb\"},\"inLanguage\":\"es\",\"potentialAction\":[{\"@type\":\"ReadAction\",\"target\":[\"https:\\\/\\\/malaga.salesianos.edu\\\/colegio\\\/horario-de-atencion-a-familias\\\/\"]}]},{\"@type\":\"ImageObject\",\"inLanguage\":\"es\",\"@id\":\"https:\\\/\\\/malaga.salesianos.edu\\\/colegio\\\/horario-de-atencion-a-familias\\\/#primaryimage\",\"url\":\"https:\\\/\\\/malaga.salesianos.edu\\\/colegio\\\/wp-content\\\/uploads\\\/sites\\\/2\\\/2018\\\/02\\\/icono_infantil-min.png\",\"contentUrl\":\"https:\\\/\\\/malaga.salesianos.edu\\\/colegio\\\/wp-content\\\/uploads\\\/sites\\\/2\\\/2018\\\/02\\\/icono_infantil-min.png\",\"width\":350,\"height\":350},{\"@type\":\"BreadcrumbList\",\"@id\":\"https:\\\/\\\/malaga.salesianos.edu\\\/colegio\\\/horario-de-atencion-a-familias\\\/#breadcrumb\",\"itemListElement\":[{\"@type\":\"ListItem\",\"position\":1,\"name\":\"Portada\",\"item\":\"https:\\\/\\\/malaga.salesianos.edu\\\/colegio\\\/\"},{\"@type\":\"ListItem\",\"position\":2,\"name\":\"Horario de Tutores\"}]},{\"@type\":\"WebSite\",\"@id\":\"https:\\\/\\\/malaga.salesianos.edu\\\/colegio\\\/#website\",\"url\":\"https:\\\/\\\/malaga.salesianos.edu\\\/colegio\\\/\",\"name\":\"Colegio Concertado San Bartolom\u00e9 | Salesianos M\u00e1laga\",\"description\":\"Centro concertado. Infantil, Primaria, ESO, Bachillerato, Formaci\u00f3n Profesional, Formaci\u00f3n Profesional B\u00e1sica (FPB) y Ciclos Formativos de Grado Medio y Superior.\",\"publisher\":{\"@id\":\"https:\\\/\\\/malaga.salesianos.edu\\\/colegio\\\/#organization\"},\"potentialAction\":[{\"@type\":\"SearchAction\",\"target\":{\"@type\":\"EntryPoint\",\"urlTemplate\":\"https:\\\/\\\/malaga.salesianos.edu\\\/colegio\\\/?s={search_term_string}\"},\"query-input\":{\"@type\":\"PropertyValueSpecification\",\"valueRequired\":true,\"valueName\":\"search_term_string\"}}],\"inLanguage\":\"es\"},{\"@type\":\"Organization\",\"@id\":\"https:\\\/\\\/malaga.salesianos.edu\\\/colegio\\\/#organization\",\"name\":\"Salesianos M\u00e1laga\",\"url\":\"https:\\\/\\\/malaga.salesianos.edu\\\/colegio\\\/\",\"logo\":{\"@type\":\"ImageObject\",\"inLanguage\":\"es\",\"@id\":\"https:\\\/\\\/malaga.salesianos.edu\\\/colegio\\\/#\\\/schema\\\/logo\\\/image\\\/\",\"url\":\"https:\\\/\\\/malaga.salesianos.edu\\\/colegio\\\/wp-content\\\/uploads\\\/sites\\\/2\\\/2018\\\/04\\\/MALAGAobraVN2.jpg\",\"contentUrl\":\"https:\\\/\\\/malaga.salesianos.edu\\\/colegio\\\/wp-content\\\/uploads\\\/sites\\\/2\\\/2018\\\/04\\\/MALAGAobraVN2.jpg\",\"width\":1937,\"height\":1490,\"caption\":\"Salesianos M\u00e1laga\"},\"image\":{\"@id\":\"https:\\\/\\\/malaga.salesianos.edu\\\/colegio\\\/#\\\/schema\\\/logo\\\/image\\\/\"}}]}<\/script>\n<!-- \/ Yoast SEO plugin. -->","yoast_head_json":{"title":"Horario de Tutores - Colegio Concertado San Bartolom\u00e9 | Salesianos M\u00e1laga","description":"Atenci\u00f3n a familias. Horario de Tutores de las distintas etapas educativas. Infantil, Primaria, ESO, Bachillerato, FPB y Ciclos Formativos.","robots":{"index":"index","follow":"follow","max-snippet":"max-snippet:-1","max-image-preview":"max-image-preview:large","max-video-preview":"max-video-preview:-1"},"canonical":"https:\/\/malaga.salesianos.edu\/colegio\/horario-de-atencion-a-familias\/","og_locale":"es_ES","og_type":"article","og_title":"Horario de Tutores - Colegio Concertado San Bartolom\u00e9 | Salesianos M\u00e1laga","og_description":"Atenci\u00f3n a familias. Horario de Tutores de las distintas etapas educativas. Infantil, Primaria, ESO, Bachillerato, FPB y Ciclos Formativos.","og_url":"https:\/\/malaga.salesianos.edu\/colegio\/horario-de-atencion-a-familias\/","og_site_name":"Colegio Concertado San Bartolom\u00e9 | Salesianos M\u00e1laga","article_modified_time":"2024-09-30T11:22:50+00:00","og_image":[{"url":"https:\/\/malaga.salesianos.edu\/colegio\/wp-content\/uploads\/sites\/2\/2018\/02\/icono_infantil-min-150x150.png","type":"","width":"","height":""}],"twitter_card":"summary_large_image","twitter_misc":{"Tiempo de lectura":"4 minutos"},"schema":{"@context":"https:\/\/schema.org","@graph":[{"@type":"WebPage","@id":"https:\/\/malaga.salesianos.edu\/colegio\/horario-de-atencion-a-familias\/","url":"https:\/\/malaga.salesianos.edu\/colegio\/horario-de-atencion-a-familias\/","name":"Horario de Tutores - Colegio Concertado San Bartolom\u00e9 | Salesianos M\u00e1laga","isPartOf":{"@id":"https:\/\/malaga.salesianos.edu\/colegio\/#website"},"primaryImageOfPage":{"@id":"https:\/\/malaga.salesianos.edu\/colegio\/horario-de-atencion-a-familias\/#primaryimage"},"image":{"@id":"https:\/\/malaga.salesianos.edu\/colegio\/horario-de-atencion-a-familias\/#primaryimage"},"thumbnailUrl":"https:\/\/malaga.salesianos.edu\/colegio\/wp-content\/uploads\/sites\/2\/2018\/02\/icono_infantil-min-150x150.png","datePublished":"2017-04-04T11:58:53+00:00","dateModified":"2024-09-30T11:22:50+00:00","description":"Atenci\u00f3n a familias. Horario de Tutores de las distintas etapas educativas. Infantil, Primaria, ESO, Bachillerato, FPB y Ciclos Formativos.","breadcrumb":{"@id":"https:\/\/malaga.salesianos.edu\/colegio\/horario-de-atencion-a-familias\/#breadcrumb"},"inLanguage":"es","potentialAction":[{"@type":"ReadAction","target":["https:\/\/malaga.salesianos.edu\/colegio\/horario-de-atencion-a-familias\/"]}]},{"@type":"ImageObject","inLanguage":"es","@id":"https:\/\/malaga.salesianos.edu\/colegio\/horario-de-atencion-a-familias\/#primaryimage","url":"https:\/\/malaga.salesianos.edu\/colegio\/wp-content\/uploads\/sites\/2\/2018\/02\/icono_infantil-min.png","contentUrl":"https:\/\/malaga.salesianos.edu\/colegio\/wp-content\/uploads\/sites\/2\/2018\/02\/icono_infantil-min.png","width":350,"height":350},{"@type":"BreadcrumbList","@id":"https:\/\/malaga.salesianos.edu\/colegio\/horario-de-atencion-a-familias\/#breadcrumb","itemListElement":[{"@type":"ListItem","position":1,"name":"Portada","item":"https:\/\/malaga.salesianos.edu\/colegio\/"},{"@type":"ListItem","position":2,"name":"Horario de Tutores"}]},{"@type":"WebSite","@id":"https:\/\/malaga.salesianos.edu\/colegio\/#website","url":"https:\/\/malaga.salesianos.edu\/colegio\/","name":"Colegio Concertado San Bartolom\u00e9 | Salesianos M\u00e1laga","description":"Centro concertado. Infantil, Primaria, ESO, Bachillerato, Formaci\u00f3n Profesional, Formaci\u00f3n Profesional B\u00e1sica (FPB) y Ciclos Formativos de Grado Medio y Superior.","publisher":{"@id":"https:\/\/malaga.salesianos.edu\/colegio\/#organization"},"potentialAction":[{"@type":"SearchAction","target":{"@type":"EntryPoint","urlTemplate":"https:\/\/malaga.salesianos.edu\/colegio\/?s={search_term_string}"},"query-input":{"@type":"PropertyValueSpecification","valueRequired":true,"valueName":"search_term_string"}}],"inLanguage":"es"},{"@type":"Organization","@id":"https:\/\/malaga.salesianos.edu\/colegio\/#organization","name":"Salesianos M\u00e1laga","url":"https:\/\/malaga.salesianos.edu\/colegio\/","logo":{"@type":"ImageObject","inLanguage":"es","@id":"https:\/\/malaga.salesianos.edu\/colegio\/#\/schema\/logo\/image\/","url":"https:\/\/malaga.salesianos.edu\/colegio\/wp-content\/uploads\/sites\/2\/2018\/04\/MALAGAobraVN2.jpg","contentUrl":"https:\/\/malaga.salesianos.edu\/colegio\/wp-content\/uploads\/sites\/2\/2018\/04\/MALAGAobraVN2.jpg","width":1937,"height":1490,"caption":"Salesianos M\u00e1laga"},"image":{"@id":"https:\/\/malaga.salesianos.edu\/colegio\/#\/schema\/logo\/image\/"}}]}},"_links":{"self":[{"href":"https:\/\/malaga.salesianos.edu\/colegio\/wp-json\/wp\/v2\/pages\/1650","targetHints":{"allow":["GET"]}}],"collection":[{"href":"https:\/\/malaga.salesianos.edu\/colegio\/wp-json\/wp\/v2\/pages"}],"about":[{"href":"https:\/\/malaga.salesianos.edu\/colegio\/wp-json\/wp\/v2\/types\/page"}],"author":[{"embeddable":true,"href":"https:\/\/malaga.salesianos.edu\/colegio\/wp-json\/wp\/v2\/users\/2"}],"replies":[{"embeddable":true,"href":"https:\/\/malaga.salesianos.edu\/colegio\/wp-json\/wp\/v2\/comments?post=1650"}],"version-history":[{"count":71,"href":"https:\/\/malaga.salesianos.edu\/colegio\/wp-json\/wp\/v2\/pages\/1650\/revisions"}],"predecessor-version":[{"id":90068,"href":"https:\/\/malaga.salesianos.edu\/colegio\/wp-json\/wp\/v2\/pages\/1650\/revisions\/90068"}],"wp:attachment":[{"href":"https:\/\/malaga.salesianos.edu\/colegio\/wp-json\/wp\/v2\/media?parent=1650"}],"curies":[{"name":"wp","href":"https:\/\/api.w.org\/{rel}","templated":true}]}}