{"id":12299,"date":"2018-06-25T12:44:37","date_gmt":"2018-06-25T10:44:37","guid":{"rendered":"https:\/\/malaga.salesianos.edu\/colegio\/?page_id=12299"},"modified":"2025-06-15T17:22:15","modified_gmt":"2025-06-15T15:22:15","slug":"admisiones-fpb","status":"publish","type":"page","link":"https:\/\/malaga.salesianos.edu\/colegio\/admisiones-fpb\/","title":{"rendered":"Admisiones FPB"},"content":{"rendered":"<p>[et_pb_section fb_built=\u00bb1&#8243; fullwidth=\u00bbon\u00bb _builder_version=\u00bb4.16&#8243; transparent_background=\u00bboff\u00bb make_fullwidth=\u00bboff\u00bb use_custom_width=\u00bboff\u00bb width_unit=\u00bbon\u00bb global_colors_info=\u00bb{}\u00bb][et_pb_fullwidth_header title=\u00bbAdmisi\u00f3n Ciclos Formativos\u00bb subhead=\u00bbGrado B\u00e1sico\u00bb text_orientation=\u00bbright\u00bb title_font_color=\u00bb#ffffff\u00bb module_class=\u00bbpagina-imagen-cabecera\u00bb _builder_version=\u00bb4.25.0&#8243; title_font=\u00bb||||||||\u00bb title_font_size=\u00bb38px\u00bb subhead_text_color=\u00bb#FFFFFF\u00bb subhead_font_size=\u00bb26px\u00bb background_image=\u00bbhttps:\/\/malaga.salesianos.edu\/colegio\/wp-content\/uploads\/sites\/2\/2018\/06\/FPB_teleco.jpg\u00bb background_position=\u00bbtop_center\u00bb background_vertical_offset=\u00bb67%\u00bb background_layout=\u00bblight\u00bb subhead_text_shadow_style=\u00bbpreset2&#8243; text_shadow_style=\u00bbpreset2&#8243; background_url=\u00bbhttps:\/\/malaga.salesianos.edu\/colegio\/wp-content\/uploads\/sites\/2\/2017\/02\/fondobosco-1.jpg\u00bb button_one_letter_spacing_hover=\u00bb0&#8243; button_two_letter_spacing_hover=\u00bb0&#8243; saved_tabs=\u00bball\u00bb global_colors_info=\u00bb{}\u00bb][\/et_pb_fullwidth_header][\/et_pb_section][et_pb_section fb_built=\u00bb1&#8243; _builder_version=\u00bb4.16&#8243; background_color=\u00bbrgba(255,255,255,0.55)\u00bb background_image=\u00bbhttps:\/\/malaga.salesianos.edu\/colegio\/wp-content\/uploads\/sites\/2\/2018\/06\/tool-2820946_1280_c.jpg\u00bb background_blend=\u00bbsoft-light\u00bb module_alignment=\u00bbcenter\u00bb custom_padding=\u00bb50px|0px|70px|0px\u00bb global_colors_info=\u00bb{}\u00bb][et_pb_row _builder_version=\u00bb4.16&#8243; global_colors_info=\u00bb{}\u00bb][et_pb_column type=\u00bb4_4&#8243; _builder_version=\u00bb4.16&#8243; custom_padding=\u00bb|||\u00bb global_colors_info=\u00bb{}\u00bb custom_padding__hover=\u00bb|||\u00bb][et_pb_text disabled_on=\u00bboff|off|off\u00bb admin_label=\u00bbCurso 2025\/2026&#8243; _builder_version=\u00bb4.27.4&#8243; text_font=\u00bb|300|||||||\u00bb text_text_color=\u00bb#dc001b\u00bb text_font_size=\u00bb30px\u00bb header_2_font=\u00bbLato|300|||||||\u00bb header_2_font_size=\u00bb49px\u00bb text_orientation=\u00bbcenter\u00bb custom_padding=\u00bb||0px|||\u00bb hover_enabled=\u00bb0&#8243; global_colors_info=\u00bb{}\u00bb sticky_enabled=\u00bb0&#8243;]<\/p>\n<p style=\"text-align: center;\"><strong>Curso 2025-2026<\/strong><\/p>\n<p>[\/et_pb_text][et_pb_text admin_label=\u00bbCiclos formativos de grado b\u00e1sico\u00bb _builder_version=\u00bb4.18.0&#8243; text_font_size=\u00bb18px\u00bb global_colors_info=\u00bb{}\u00bb]<\/p>\n<p style=\"text-align: center;\">CICLOS FORMATIVOS DE GRADO B\u00c1SICO<\/p>\n<p>[\/et_pb_text][\/et_pb_column][\/et_pb_row][et_pb_row column_structure=\u00bb1_5,1_5,1_5,1_5,1_5&#8243; _builder_version=\u00bb4.21.0&#8243; _module_preset=\u00bbdefault\u00bb global_colors_info=\u00bb{}\u00bb][et_pb_column type=\u00bb1_5&#8243; _builder_version=\u00bb4.21.0&#8243; _module_preset=\u00bbdefault\u00bb global_colors_info=\u00bb{}\u00bb][\/et_pb_column][et_pb_column type=\u00bb1_5&#8243; _builder_version=\u00bb4.21.0&#8243; _module_preset=\u00bbdefault\u00bb global_colors_info=\u00bb{}\u00bb][et_pb_blurb title=\u00bbGRADO B\u00c1SICO\u00bb url=\u00bbhttps:\/\/malaga.salesianos.edu\/colegio\/plan-de-estudios-fpb\/\u00bb image=\u00bbhttps:\/\/malaga.salesianos.edu\/colegio\/wp-content\/uploads\/sites\/2\/2024\/05\/electrician-2755682_1280-300&#215;200.jpg\u00bb _builder_version=\u00bb4.25.0&#8243; header_font=\u00bb||||||||\u00bb header_text_align=\u00bbcenter\u00bb header_font_size=\u00bb16px\u00bb body_font=\u00bb||||||||\u00bb body_text_align=\u00bbcenter\u00bb border_radii=\u00bbon|20px|20px|20px|20px\u00bb locked=\u00bboff\u00bb global_colors_info=\u00bb{}\u00bb]<\/p>\n<p><b>Electricidad y Electr\u00f3nica<\/b><\/p>\n<p><span style=\"font-size: 14px;\">C\u00f3d: 09101<br \/><\/span><span style=\"font-size: 14px;\">\u00a0<\/span><span style=\"font-size: 14px;\"><br \/><\/span><\/p>\n<p>[\/et_pb_blurb][\/et_pb_column][et_pb_column type=\u00bb1_5&#8243; _builder_version=\u00bb4.21.0&#8243; _module_preset=\u00bbdefault\u00bb global_colors_info=\u00bb{}\u00bb][\/et_pb_column][et_pb_column type=\u00bb1_5&#8243; _builder_version=\u00bb4.21.0&#8243; _module_preset=\u00bbdefault\u00bb global_colors_info=\u00bb{}\u00bb][et_pb_blurb title=\u00bbGRADO B\u00c1SICO\u00bb url=\u00bbhttps:\/\/malaga.salesianos.edu\/colegio\/plan-de-estudios-fpb\/\u00bb image=\u00bbhttps:\/\/malaga.salesianos.edu\/colegio\/wp-content\/uploads\/sites\/2\/2024\/05\/oil-3964367_1280.jpg\u00bb admin_label=\u00bbAnuncio\u00bb _builder_version=\u00bb4.25.0&#8243; header_font=\u00bb||||||||\u00bb header_text_align=\u00bbcenter\u00bb header_font_size=\u00bb16px\u00bb body_font=\u00bb||||||||\u00bb body_text_align=\u00bbcenter\u00bb border_radii=\u00bbon|20px|20px|20px|20px\u00bb locked=\u00bboff\u00bb global_colors_info=\u00bb{}\u00bb]<\/p>\n<p><b>Mantenimiento de Veh\u00edculos<\/b><\/p>\n<p><span style=\"font-size: 14px;\">C\u00f3d: 16101<br \/><\/span><span style=\"font-size: 14px;\">\u00a0<\/span><span style=\"font-size: 14px;\"><br \/><\/span><\/p>\n<p>[\/et_pb_blurb][\/et_pb_column][et_pb_column type=\u00bb1_5&#8243; _builder_version=\u00bb4.21.0&#8243; _module_preset=\u00bbdefault\u00bb global_colors_info=\u00bb{}\u00bb][\/et_pb_column][\/et_pb_row][et_pb_row _builder_version=\u00bb4.21.0&#8243; _module_preset=\u00bbdefault\u00bb global_colors_info=\u00bb{}\u00bb][et_pb_column type=\u00bb4_4&#8243; _builder_version=\u00bb4.21.0&#8243; _module_preset=\u00bbdefault\u00bb global_colors_info=\u00bb{}\u00bb][et_pb_divider divider_style=\u00bbdashed\u00bb _builder_version=\u00bb4.16&#8243; height=\u00bb0px\u00bb global_colors_info=\u00bb{}\u00bb][\/et_pb_divider][\/et_pb_column][\/et_pb_row][et_pb_row column_structure=\u00bb1_2,1_2&#8243; custom_padding_last_edited=\u00bbon|phone\u00bb _builder_version=\u00bb4.16&#8243; custom_margin=\u00bb|||\u00bb custom_padding=\u00bb0px|||\u00bb custom_padding_tablet=\u00bb||0px|\u00bb custom_padding_phone=\u00bb||0px|\u00bb global_colors_info=\u00bb{}\u00bb][et_pb_column type=\u00bb1_2&#8243; _builder_version=\u00bb4.16&#8243; custom_padding=\u00bb|||\u00bb global_colors_info=\u00bb{}\u00bb custom_padding__hover=\u00bb|||\u00bb][et_pb_text _builder_version=\u00bb4.27.4&#8243; text_font_size=\u00bb18px\u00bb module_alignment=\u00bbcenter\u00bb hover_enabled=\u00bb0&#8243; global_colors_info=\u00bb{}\u00bb sticky_enabled=\u00bb0&#8243;]<\/p>\n<p><strong><em>Del 15 de junio al 30 de junio est\u00e1 abierto el periodo de admisi\u00f3n de solicitudes para el pr\u00f3ximo curso escolar en CFGB (Ciclos Formativos de Grado B\u00e1sico).<\/em><\/strong><\/p>\n<p>Nuestro centro cuenta con un atractivo proyecto educativo de formaci\u00f3n profesional en el que destacan el\u00a0<strong>ambiente educativo<\/strong>, las metodolog\u00edas empleadas, los acuerdos con\u00a0<strong>empresas<\/strong>, la oferta de\u00a0<strong>Formaci\u00f3n en Centros de Trabajo,<\/strong>\u00a0o la posibilidad de cursar la FCT (periodo de pr\u00e1cticas) en empresas ubicadas en el extranjero a trav\u00e9s de los proyectos\u00a0<a href=\"https:\/\/malaga.salesianos.edu\/colegio\/programas-europeos\/\" target=\"_blank\" rel=\"noopener noreferrer\"><strong>Erasmus+<\/strong><\/a>.<\/p>\n<p>[\/et_pb_text][et_pb_button button_url=\u00bbhttps:\/\/malaga.salesianos.edu\/colegio\/plan-de-estudios-fpb\/\u00bb url_new_window=\u00bbon\u00bb button_text=\u00bbConoce nuestra oferta educativa de CFGB\u00bb button_alignment=\u00bbcenter\u00bb _builder_version=\u00bb4.19.4&#8243; custom_button=\u00bbon\u00bb button_text_color=\u00bb#ffffff\u00bb button_bg_color=\u00bb#e02b20&#8243; button_border_width=\u00bb0px\u00bb button_icon=\u00bb&#xe086;||divi||400&#8243; button_icon_placement=\u00bbleft\u00bb button_on_hover=\u00bboff\u00bb box_shadow_style=\u00bbpreset2&#8243; button_text_color_hover=\u00bb#ffffff\u00bb button_bg_color_hover=\u00bb#cc1c1c\u00bb global_colors_info=\u00bb{}\u00bb button_text_size__hover_enabled=\u00bboff\u00bb button_one_text_size__hover_enabled=\u00bboff\u00bb button_two_text_size__hover_enabled=\u00bboff\u00bb button_text_color__hover_enabled=\u00bbon\u00bb button_text_color__hover=\u00bb#ffffff\u00bb button_one_text_color__hover_enabled=\u00bboff\u00bb button_two_text_color__hover_enabled=\u00bboff\u00bb button_border_width__hover_enabled=\u00bboff\u00bb button_one_border_width__hover_enabled=\u00bboff\u00bb button_two_border_width__hover_enabled=\u00bboff\u00bb button_border_color__hover_enabled=\u00bboff\u00bb button_one_border_color__hover_enabled=\u00bboff\u00bb button_two_border_color__hover_enabled=\u00bboff\u00bb button_border_radius__hover_enabled=\u00bboff\u00bb button_one_border_radius__hover_enabled=\u00bboff\u00bb button_two_border_radius__hover_enabled=\u00bboff\u00bb button_letter_spacing__hover_enabled=\u00bboff\u00bb button_one_letter_spacing__hover_enabled=\u00bboff\u00bb button_two_letter_spacing__hover_enabled=\u00bboff\u00bb button_bg_color__hover_enabled=\u00bbon\u00bb button_bg_color__hover=\u00bb#cc1c1c\u00bb button_one_bg_color__hover_enabled=\u00bboff\u00bb button_two_bg_color__hover_enabled=\u00bboff\u00bb][\/et_pb_button][et_pb_text _builder_version=\u00bb4.16&#8243; global_colors_info=\u00bb{}\u00bb]<em>El <strong>Colegio Salesiano \u201cSan Bartolom\u00e9\u201d<\/strong> queda configurado definitivamente por la Orden 31 de enero de 1996, BOJA de 5 de marzo; Orden de 10 de diciembre de 1999, BOJA de 12 febrero de 2000; y Orden de 7 de agosto, BOJA n\u00ba 162 de 20 de agosto.<\/em><br \/>\n[\/et_pb_text][et_pb_video src=\u00bbhttps:\/\/www.youtube.com\/watch?v=WjHHUnesevU\u00bb _builder_version=\u00bb4.25.1&#8243; _module_preset=\u00bbdefault\u00bb border_radii=\u00bbon|20px|20px|20px|20px\u00bb global_colors_info=\u00bb{}\u00bb][\/et_pb_video][et_pb_video src=\u00bbhttps:\/\/youtu.be\/n6dmc0M0anU\u00bb _builder_version=\u00bb4.25.1&#8243; _module_preset=\u00bbdefault\u00bb border_radii=\u00bbon|20px|20px|20px|20px\u00bb global_colors_info=\u00bb{}\u00bb][\/et_pb_video][et_pb_code _builder_version=\u00bb4.27.4&#8243; _module_preset=\u00bbdefault\u00bb hover_enabled=\u00bb0&#8243; global_colors_info=\u00bb{}\u00bb sticky_enabled=\u00bb0&#8243;]<iframe loading=\"lazy\" src=\"https:\/\/malaga.salesianos.edu\/wp-content\/uploads\/2025\/06\/CALENDARIO_GB-25-1.pdf\" height=\"510px\" width=\"100%\"><\/iframe>[\/et_pb_code][\/et_pb_column][et_pb_column type=\u00bb1_2&#8243; _builder_version=\u00bb4.16&#8243; custom_padding=\u00bb|||25px\u00bb custom_padding_tablet=\u00bb|||0px\u00bb custom_padding_phone=\u00bb|||0px\u00bb custom_padding_last_edited=\u00bbon|phone\u00bb global_colors_info=\u00bb{}\u00bb custom_padding__hover=\u00bb|||\u00bb][et_pb_blurb title=\u00bbADMISIONES | Del 15 de junio al 30 de junio\u00bb use_icon=\u00bbon\u00bb font_icon=\u00bb&#xe023;||divi||400&#8243; icon_color=\u00bb#e02b20&#8243; icon_placement=\u00bbleft\u00bb content_max_width=\u00bb881px\u00bb _builder_version=\u00bb4.27.4&#8243; header_level=\u00bbh3&#8243; header_font=\u00bb|700|||||||\u00bb header_font_size=\u00bb20px\u00bb body_font_size=\u00bb16px\u00bb body_line_height=\u00bb1.3em\u00bb custom_padding=\u00bb|||\u00bb hover_enabled=\u00bb0&#8243; global_colors_info=\u00bb{}\u00bb sticky_enabled=\u00bb0&#8243;]<\/p>\n<p><em>Presentaci\u00f3n de solicitudes debe hacerse telem\u00e1ticamente. Para cualquier consulta, puede dirigirse a la <strong><a href=\"https:\/\/malaga.salesianos.edu\/colegio\/secretaria-del-centro\/\">secretar\u00eda<\/a><\/strong> del centro.<br \/><\/em><\/p>\n<p><strong>LUNES A VIERNES<\/strong> | 09:00 h \u00b7 14:00 h<\/p>\n<p><strong>TEL\u00c9FONO<\/strong> | <a href=\"tel:\/\/952251541\">952 25 15 41<\/a><\/p>\n<p><strong>EMAIL<\/strong> | <a href=\"mailto:secretaria.malaga@salesianos.edu\">secretaria.malaga@salesianos.edu<\/a><\/p>\n<p>[\/et_pb_blurb][et_pb_button button_url=\u00bbhttps:\/\/www.juntadeandalucia.es\/educacion\/secretariavirtual\/accesoTramite\/265\/\u00bb url_new_window=\u00bbon\u00bb button_text=\u00bbSolicitud Telem\u00e1tica | CFGB\u00bb button_alignment=\u00bbcenter\u00bb disabled_on=\u00bbon|on|on\u00bb admin_label=\u00bbSolicitud Telem\u00e1tica | CFGB\u00bb _builder_version=\u00bb4.25.1&#8243; custom_button=\u00bbon\u00bb button_text_color=\u00bb#ffffff\u00bb button_bg_color=\u00bb#e02b20&#8243; button_border_width=\u00bb0px\u00bb button_icon=\u00bb&#xe058;||divi||400&#8243; button_icon_placement=\u00bbleft\u00bb button_on_hover=\u00bboff\u00bb box_shadow_style=\u00bbpreset2&#8243; button_text_color_hover=\u00bb#ffffff\u00bb button_bg_color_hover=\u00bb#cc1c1c\u00bb disabled=\u00bbon\u00bb global_colors_info=\u00bb{}\u00bb button_text_size__hover_enabled=\u00bboff\u00bb button_one_text_size__hover_enabled=\u00bboff\u00bb button_two_text_size__hover_enabled=\u00bboff\u00bb button_text_color__hover_enabled=\u00bbon\u00bb button_text_color__hover=\u00bb#ffffff\u00bb button_one_text_color__hover_enabled=\u00bboff\u00bb button_two_text_color__hover_enabled=\u00bboff\u00bb button_border_width__hover_enabled=\u00bboff\u00bb button_one_border_width__hover_enabled=\u00bboff\u00bb button_two_border_width__hover_enabled=\u00bboff\u00bb button_border_color__hover_enabled=\u00bboff\u00bb button_one_border_color__hover_enabled=\u00bboff\u00bb button_two_border_color__hover_enabled=\u00bboff\u00bb button_border_radius__hover_enabled=\u00bboff\u00bb button_one_border_radius__hover_enabled=\u00bboff\u00bb button_two_border_radius__hover_enabled=\u00bboff\u00bb button_letter_spacing__hover_enabled=\u00bboff\u00bb button_one_letter_spacing__hover_enabled=\u00bboff\u00bb button_two_letter_spacing__hover_enabled=\u00bboff\u00bb button_bg_color__hover_enabled=\u00bbon\u00bb button_bg_color__hover=\u00bb#cc1c1c\u00bb button_one_bg_color__hover_enabled=\u00bboff\u00bb button_two_bg_color__hover_enabled=\u00bboff\u00bb][\/et_pb_button][et_pb_cta title=\u00bbSolicitud Telem\u00e1tica para Ciclos Formativos de Grado B\u00e1sico\u00bb button_url=\u00bbhttps:\/\/www.juntadeandalucia.es\/educacion\/secretariavirtual\/accesoTramite\/265\/\u00bb button_text=\u00bbSolicitar Plaza\u00bb admin_label=\u00bbSolicitud Telem\u00e1tica CFGB\u00bb _builder_version=\u00bb4.25.1&#8243; _module_preset=\u00bbdefault\u00bb background_image=\u00bbhttps:\/\/malaga.salesianos.edu\/colegio\/wp-content\/uploads\/sites\/2\/2018\/02\/Cabecera_salesianos.png\u00bb custom_button=\u00bbon\u00bb button_border_radius=\u00bb12px\u00bb border_radii=\u00bbon|20px|20px|20px|20px\u00bb global_colors_info=\u00bb{}\u00bb][\/et_pb_cta][et_pb_button button_url=\u00bbhttps:\/\/www.juntadeandalucia.es\/educacion\/portals\/delegate\/content\/f2a69111-0452-42d5-aa18-167b1696b5a3\/Solicitud%20-%20Admisi%C3%B3n%20en%20ciclos%20formativos%20de%20FP%20B%C3%A1sica\u00bb url_new_window=\u00bbon\u00bb button_text=\u00bbSolicitud | Ciclos Formativos de Grado B\u00e1sico\u00bb disabled_on=\u00bbon|on|on\u00bb admin_label=\u00bbOculto anteiormente\u00bb _builder_version=\u00bb4.19.4&#8243; custom_button=\u00bbon\u00bb button_text_color=\u00bb#ffffff\u00bb button_bg_color=\u00bb#e02b20&#8243; button_border_width=\u00bb0px\u00bb button_icon=\u00bb&#xe058;||divi||400&#8243; button_icon_placement=\u00bbleft\u00bb button_on_hover=\u00bboff\u00bb box_shadow_style=\u00bbpreset2&#8243; button_text_color_hover=\u00bb#ffffff\u00bb button_bg_color_hover=\u00bb#cc1c1c\u00bb disabled=\u00bbon\u00bb global_colors_info=\u00bb{}\u00bb button_text_size__hover_enabled=\u00bboff\u00bb button_one_text_size__hover_enabled=\u00bboff\u00bb button_two_text_size__hover_enabled=\u00bboff\u00bb button_text_color__hover_enabled=\u00bbon\u00bb button_text_color__hover=\u00bb#ffffff\u00bb button_one_text_color__hover_enabled=\u00bboff\u00bb button_two_text_color__hover_enabled=\u00bboff\u00bb button_border_width__hover_enabled=\u00bboff\u00bb button_one_border_width__hover_enabled=\u00bboff\u00bb button_two_border_width__hover_enabled=\u00bboff\u00bb button_border_color__hover_enabled=\u00bboff\u00bb button_one_border_color__hover_enabled=\u00bboff\u00bb button_two_border_color__hover_enabled=\u00bboff\u00bb button_border_radius__hover_enabled=\u00bboff\u00bb button_one_border_radius__hover_enabled=\u00bboff\u00bb button_two_border_radius__hover_enabled=\u00bboff\u00bb button_letter_spacing__hover_enabled=\u00bboff\u00bb button_one_letter_spacing__hover_enabled=\u00bboff\u00bb button_two_letter_spacing__hover_enabled=\u00bboff\u00bb button_bg_color__hover_enabled=\u00bbon\u00bb button_bg_color__hover=\u00bb#cc1c1c\u00bb button_one_bg_color__hover_enabled=\u00bboff\u00bb button_two_bg_color__hover_enabled=\u00bboff\u00bb][\/et_pb_button][et_pb_text disabled_on=\u00bbon|on|on\u00bb admin_label=\u00bbOculto anteriormente\u00bb _builder_version=\u00bb4.16&#8243; disabled=\u00bbon\u00bb global_colors_info=\u00bb{}\u00bb]<\/p>\n<p>* En la solicitud seleccionar centro educativo: <strong>29004626 C.D.P. San Bartolom\u00e9 (M\u00e1laga)<\/strong><\/p>\n<p><em>Una vez cumplimentada,\u00a0<\/em><strong>Imprimir por duplicado<\/strong> y presentar en secretar\u00eda del centro junto a una <strong>fotocopia del DNI<\/strong>.<\/p>\n<p>[\/et_pb_text][et_pb_text _builder_version=\u00bb4.16&#8243; global_colors_info=\u00bb{}\u00bb]<\/p>\n<p>* En la solicitud seleccionar centro educativo: <strong>29004626 C.D.P. San Bartolom\u00e9 (M\u00e1laga)<\/strong><\/p>\n<p>[\/et_pb_text][et_pb_text _builder_version=\u00bb4.17.4&#8243; _module_preset=\u00bbdefault\u00bb global_colors_info=\u00bb{}\u00bb]<\/p>\n<h2>Tutorial de c\u00f3mo\u00a0solicitar admisi\u00f3n a ciclo formativo de oferta completa<\/h2>\n<p>[\/et_pb_text][et_pb_video src=\u00bbhttps:\/\/malaga.salesianos.edu\/colegio\/wp-content\/uploads\/sites\/2\/2022\/06\/Tutorial-Co\u0301mo-solicitar-admisio\u0301n-a-ciclo-formativo-de-oferta-completa.mp4&#8243; _builder_version=\u00bb4.25.1&#8243; _module_preset=\u00bbdefault\u00bb border_radii=\u00bbon|20px|20px|20px|20px\u00bb global_colors_info=\u00bb{}\u00bb][\/et_pb_video][et_pb_blurb title=\u00bbRELACI\u00d3N PROVISIONAL | 3 de julio\u00bb use_icon=\u00bbon\u00bb font_icon=\u00bb&#xe023;||divi||400&#8243; icon_color=\u00bb#e02b20&#8243; icon_placement=\u00bbleft\u00bb content_max_width=\u00bb881px\u00bb disabled_on=\u00bboff|off|off\u00bb admin_label=\u00bbRELACI\u00d3N PROVISIONAL\u00bb _builder_version=\u00bb4.27.4&#8243; header_level=\u00bbh3&#8243; header_font=\u00bb|700|||||||\u00bb header_font_size=\u00bb20px\u00bb body_font_size=\u00bb16px\u00bb body_line_height=\u00bb1.3em\u00bb custom_padding=\u00bb|||\u00bb hover_enabled=\u00bb0&#8243; global_colors_info=\u00bb{}\u00bb sticky_enabled=\u00bb0&#8243;]<\/p>\n<p><em>Se publicar\u00e1 en el tabl\u00f3n de anuncios del hall del Colegio<br \/><\/em><\/p>\n<p>A partir de esa fecha, <strong>se abrir\u00e1 un plazo de 3 d\u00edas lectivos<\/strong> (4, 5, 6 y 7 de julio) para la presentaci\u00f3n de <strong>alegaciones<\/strong>.<\/p>\n<p>[\/et_pb_blurb][et_pb_blurb title=\u00bbRELACI\u00d3N DEFINITIVA | 10 de julio\u00bb use_icon=\u00bbon\u00bb font_icon=\u00bb&#xe023;||divi||400&#8243; icon_color=\u00bb#e02b20&#8243; icon_placement=\u00bbleft\u00bb content_max_width=\u00bb881px\u00bb disabled_on=\u00bboff|off|off\u00bb admin_label=\u00bbRelaci\u00f3n definitiva\u00bb _builder_version=\u00bb4.27.4&#8243; header_level=\u00bbh3&#8243; header_font=\u00bb|700|||||||\u00bb header_font_size=\u00bb20px\u00bb body_font_size=\u00bb16px\u00bb body_line_height=\u00bb1.3em\u00bb custom_padding=\u00bb|||\u00bb hover_enabled=\u00bb0&#8243; global_colors_info=\u00bb{}\u00bb sticky_enabled=\u00bb0&#8243;]<\/p>\n<p>Se publicar\u00e1 relaci\u00f3n definitiva de solicitantes.<\/p>\n<p>[\/et_pb_blurb][et_pb_blurb title=\u00bbPRIMERA ADJUDICACI\u00d3N | 10 de julio\u00bb use_icon=\u00bbon\u00bb font_icon=\u00bb&#xe023;||divi||400&#8243; icon_color=\u00bb#e02b20&#8243; icon_placement=\u00bbleft\u00bb content_max_width=\u00bb881px\u00bb disabled_on=\u00bboff|off|off\u00bb admin_label=\u00bbPrimera adjudicaci\u00f3n\u00bb _builder_version=\u00bb4.27.4&#8243; header_level=\u00bbh3&#8243; header_font=\u00bb|700|||||||\u00bb header_font_size=\u00bb20px\u00bb body_font_size=\u00bb16px\u00bb body_line_height=\u00bb1.3em\u00bb custom_padding=\u00bb|||\u00bb hover_enabled=\u00bb0&#8243; global_colors_info=\u00bb{}\u00bb sticky_enabled=\u00bb0&#8243;]<\/p>\n<p>Relaci\u00f3n de admitidos en la primera adjudicaci\u00f3n.<\/p>\n<p>[\/et_pb_blurb][et_pb_blurb title=\u00bbMATRICULACI\u00d3N | Del 11 al 16 de julio\u00bb use_icon=\u00bbon\u00bb font_icon=\u00bb&#xe023;||divi||400&#8243; icon_color=\u00bb#e02b20&#8243; icon_placement=\u00bbleft\u00bb content_max_width=\u00bb881px\u00bb disabled_on=\u00bboff|off|off\u00bb admin_label=\u00bbMatriculaci\u00f3n\u00bb _builder_version=\u00bb4.27.4&#8243; header_level=\u00bbh3&#8243; header_font=\u00bb|700|||||||\u00bb header_font_size=\u00bb20px\u00bb body_font_size=\u00bb16px\u00bb body_line_height=\u00bb1.3em\u00bb custom_padding=\u00bb|||\u00bb hover_enabled=\u00bb0&#8243; global_colors_info=\u00bb{}\u00bb sticky_enabled=\u00bb0&#8243;]<\/p>\n<p>Matriculaci\u00f3n de alumnado admitido en 1\u00aa adjudicaci\u00f3n a trav\u00e9s de nuestra. A trav\u00e9s de nuestra<a href=\"https:\/\/malaga.salesianos.edu\/blog\/matriculacion-secretaria-virtual\/\"> \u00abMatriculaci\u00f3n: Secretar\u00eda Virtual\u00bb<\/a><\/p>\n<p>[\/et_pb_blurb][et_pb_blurb title=\u00bbSEGUNDA ADJUDICACI\u00d3N | 21 de julio\u00bb use_icon=\u00bbon\u00bb font_icon=\u00bb&#xe023;||divi||400&#8243; icon_color=\u00bb#e02b20&#8243; icon_placement=\u00bbleft\u00bb content_max_width=\u00bb881px\u00bb disabled_on=\u00bboff|off|off\u00bb admin_label=\u00bbSegunda adjudicaci\u00f3n\u00bb _builder_version=\u00bb4.27.4&#8243; header_level=\u00bbh3&#8243; header_font=\u00bb|700|||||||\u00bb header_font_size=\u00bb20px\u00bb body_font_size=\u00bb16px\u00bb body_line_height=\u00bb1.3em\u00bb custom_padding=\u00bb|||\u00bb hover_enabled=\u00bb0&#8243; global_colors_info=\u00bb{}\u00bb sticky_enabled=\u00bb0&#8243;]<\/p>\n<p>Relaci\u00f3n de admitidos en la segunda adjudicaci\u00f3n.<\/p>\n<p>[\/et_pb_blurb][et_pb_blurb title=\u00bbMATRICULACI\u00d3N | Del 22 al 24 de julio\u00bb use_icon=\u00bbon\u00bb font_icon=\u00bb&#xe023;||divi||400&#8243; icon_color=\u00bb#e02b20&#8243; icon_placement=\u00bbleft\u00bb content_max_width=\u00bb881px\u00bb disabled_on=\u00bboff|off|off\u00bb admin_label=\u00bbMatriculaci\u00f3n\u00bb _builder_version=\u00bb4.27.4&#8243; header_level=\u00bbh3&#8243; header_font=\u00bb|700|||||||\u00bb header_font_size=\u00bb20px\u00bb body_font_size=\u00bb16px\u00bb body_line_height=\u00bb1.3em\u00bb custom_padding=\u00bb|||\u00bb hover_enabled=\u00bb0&#8243; global_colors_info=\u00bb{}\u00bb sticky_enabled=\u00bb0&#8243;]<\/p>\n<p>Matriculaci\u00f3n de alumnado admitido en <strong>2\u00aa adjudicaci\u00f3n<\/strong> a trav\u00e9s de nuestra <a href=\"https:\/\/malaga.salesianos.edu\/blog\/matriculacion-secretaria-virtual\/\">\u00abMatriculaci\u00f3n: Secretar\u00eda Virtual\u00bb<\/a><\/p>\n<p>[\/et_pb_blurb][et_pb_blurb title=\u00bbLISTAS DE ESPERA | hasta el 15 de octubre\u00bb use_icon=\u00bbon\u00bb font_icon=\u00bb&#xe023;||divi||400&#8243; icon_color=\u00bb#e02b20&#8243; icon_placement=\u00bbleft\u00bb content_max_width=\u00bb881px\u00bb disabled_on=\u00bboff|off|off\u00bb admin_label=\u00bbListas de espera\u00bb _builder_version=\u00bb4.27.4&#8243; header_level=\u00bbh3&#8243; header_font=\u00bb|700|||||||\u00bb header_font_size=\u00bb20px\u00bb body_font_size=\u00bb16px\u00bb body_line_height=\u00bb1.3em\u00bb custom_padding=\u00bb|||\u00bb hover_enabled=\u00bb0&#8243; global_colors_info=\u00bb{}\u00bb sticky_enabled=\u00bb0&#8243;]<\/p>\n<p>Procedimiento de admisi\u00f3n a trav\u00e9s de listas de espera para el alumnado que haya participado en el procedimiento ordinario \u00fanico.<\/p>\n<p>[\/et_pb_blurb][\/et_pb_column][\/et_pb_row][et_pb_row _builder_version=\u00bb4.16&#8243; custom_padding=\u00bb25.59375px|0px|0px|0px\u00bb use_custom_width=\u00bbon\u00bb width_unit=\u00bboff\u00bb custom_width_percent=\u00bb60%\u00bb global_colors_info=\u00bb{}\u00bb][et_pb_column type=\u00bb4_4&#8243; _builder_version=\u00bb4.16&#8243; custom_padding=\u00bb|||\u00bb global_colors_info=\u00bb{}\u00bb custom_padding__hover=\u00bb|||\u00bb][et_pb_divider show_divider=\u00bboff\u00bb _builder_version=\u00bb4.16&#8243; height=\u00bb0px\u00bb custom_margin=\u00bb||14px|||\u00bb global_colors_info=\u00bb{}\u00bb][\/et_pb_divider][et_pb_text _builder_version=\u00bb4.27.4&#8243; text_font_size=\u00bb18px\u00bb header_2_font=\u00bb|300|||||||\u00bb header_2_font_size=\u00bb30px\u00bb text_orientation=\u00bbcenter\u00bb hover_enabled=\u00bb0&#8243; global_colors_info=\u00bb{}\u00bb sticky_enabled=\u00bb0&#8243;]<\/p>\n<h2 style=\"text-align: center;\">Plan de estudios CFGB para el curso 2025-2026<\/h2>\n<h2 style=\"text-align: center;\"><strong>29004626 C.D.P. San Bartolom\u00e9 (M\u00e1laga)<\/strong><\/h2>\n<p>[\/et_pb_text][et_pb_divider show_divider=\u00bboff\u00bb _builder_version=\u00bb4.16&#8243; height=\u00bb0px\u00bb global_colors_info=\u00bb{}\u00bb][\/et_pb_divider][et_pb_tabs _builder_version=\u00bb4.25.1&#8243; tab_text_color=\u00bb#e02b20&#8243; background_color=\u00bbrgba(255,249,249,0)\u00bb background_image=\u00bbhttps:\/\/malaga.salesianos.edu\/colegio\/wp-content\/uploads\/sites\/2\/2018\/06\/tool-2820946_1280_c.jpg\u00bb background_size=\u00bbinitial\u00bb background_position=\u00bbtop_left\u00bb background_repeat=\u00bbrepeat\u00bb background_blend=\u00bbcolor\u00bb use_border_color=\u00bboff\u00bb saved_tabs=\u00bball\u00bb global_colors_info=\u00bb{}\u00bb][et_pb_tab title=\u00bbT\u00c9CNICO DE GRADO B\u00c1SICO EN ELECTRICIDAD Y ELECTR\u00d3NICA\u00bb _builder_version=\u00bb4.25.1&#8243; body_font=\u00bb||||\u00bb body_line_height=\u00bb2em\u00bb tab_font=\u00bb||||\u00bb tab_line_height=\u00bb2em\u00bb body_line_height_tablet=\u00bb2em\u00bb body_line_height_phone=\u00bb2em\u00bb tab_line_height_tablet=\u00bb2em\u00bb tab_line_height_phone=\u00bb2em\u00bb global_colors_info=\u00bb{}\u00bb]<\/p>\n<p><google-sheets-html-origin><\/p>\n<style type=\"text\/css\"><!--td {border: 1px solid #cccccc;}br {mso-data-placement:same-cell;}--><\/style>\n<table xmlns=\"http:\/\/www.w3.org\/1999\/xhtml\" cellspacing=\"0\" cellpadding=\"0\" dir=\"ltr\" border=\"1\" data-sheets-root=\"1\">\n<colgroup>\n<col width=\"100\" \/>\n<col width=\"254\" \/>\n<col width=\"143\" \/><\/colgroup>\n<tbody>\n<tr>\n<td data-sheets-value=\"{&quot;1&quot;:2,&quot;2&quot;:&quot;CURSO 1\u00ba&quot;}\">CURSO 1\u00ba<\/td>\n<td data-sheets-value=\"{&quot;1&quot;:2,&quot;2&quot;:&quot;M\u00d3DULOS&quot;}\">M\u00d3DULOS<\/td>\n<td data-sheets-value=\"{&quot;1&quot;:2,&quot;2&quot;:&quot;HORAS SEMANALES&quot;}\">HORAS SEMANALES<\/td>\n<\/tr>\n<tr>\n<td rowspan=\"2\" colspan=\"1\" data-sheets-value=\"{&quot;1&quot;:2,&quot;2&quot;:&quot;\u00c1mbitos asociados a Bloques comunes&quot;}\">\n<div>\u00c1mbitos asociados a Bloques comunes<\/div>\n<\/td>\n<td data-sheets-value=\"{&quot;1&quot;:2,&quot;2&quot;:&quot;Comunicaci\u00f3n y Ciencias Sociales&quot;}\">Comunicaci\u00f3n y Ciencias Sociales<\/td>\n<td data-sheets-value=\"{&quot;1&quot;:3,&quot;3&quot;:8}\">8<\/td>\n<\/tr>\n<tr>\n<td data-sheets-value=\"{&quot;1&quot;:2,&quot;2&quot;:&quot;Ciencias Aplicadas I&quot;}\">Ciencias Aplicadas I<\/td>\n<td data-sheets-value=\"{&quot;1&quot;:3,&quot;3&quot;:5}\">5<\/td>\n<\/tr>\n<tr>\n<td rowspan=\"2\" colspan=\"1\" data-sheets-value=\"{&quot;1&quot;:2,&quot;2&quot;:&quot;\u00c1mbitos asociados al cat\u00e1logo nacional de cualificaciones profesionales&quot;}\">\n<div>\u00c1mbitos asociados al cat\u00e1logo nacional de cualificaciones profesionales<\/div>\n<\/td>\n<td data-sheets-value=\"{&quot;1&quot;:2,&quot;2&quot;:&quot;Instalaciones El\u00e9ctricas y Dom\u00f3ticas&quot;}\">Instalaciones El\u00e9ctricas y Dom\u00f3ticas<\/td>\n<td data-sheets-value=\"{&quot;1&quot;:3,&quot;3&quot;:10}\">10<\/td>\n<\/tr>\n<tr>\n<td data-sheets-value=\"{&quot;1&quot;:2,&quot;2&quot;:&quot;Equipos El\u00e9ctricos y Electr\u00f3nicos&quot;}\">Equipos El\u00e9ctricos y Electr\u00f3nicos<\/td>\n<td data-sheets-value=\"{&quot;1&quot;:3,&quot;3&quot;:6}\">6<\/td>\n<\/tr>\n<tr>\n<td data-sheets-value=\"{&quot;1&quot;:2,&quot;2&quot;:&quot;Tutor\u00eda&quot;}\">Tutor\u00eda<\/td>\n<td><\/td>\n<td data-sheets-value=\"{&quot;1&quot;:3,&quot;3&quot;:1}\">1<\/td>\n<\/tr>\n<tr>\n<td><\/td>\n<td><\/td>\n<td data-sheets-value=\"{&quot;1&quot;:3,&quot;3&quot;:30}\">30<\/td>\n<\/tr>\n<tr>\n<td data-sheets-value=\"{&quot;1&quot;:2,&quot;2&quot;:&quot;CURSO 2\u00ba&quot;}\">CURSO 2\u00ba<\/td>\n<td data-sheets-value=\"{&quot;1&quot;:2,&quot;2&quot;:&quot;M\u00d3DULOS&quot;}\">M\u00d3DULOS<\/td>\n<td data-sheets-value=\"{&quot;1&quot;:2,&quot;2&quot;:&quot;HORAS SEMANALES&quot;}\">HORAS SEMANALES<\/td>\n<\/tr>\n<tr>\n<td rowspan=\"2\" colspan=\"1\" data-sheets-value=\"{&quot;1&quot;:2,&quot;2&quot;:&quot;M\u00f3dulos asociados a bloques comunes&quot;}\">\n<div>M\u00f3dulos asociados a bloques comunes<\/div>\n<\/td>\n<td data-sheets-value=\"{&quot;1&quot;:2,&quot;2&quot;:&quot;Comunicaci\u00f3n y Sociedad II&quot;}\">Comunicaci\u00f3n y Sociedad II<\/td>\n<td data-sheets-value=\"{&quot;1&quot;:3,&quot;3&quot;:7}\">7<\/td>\n<\/tr>\n<tr>\n<td data-sheets-value=\"{&quot;1&quot;:2,&quot;2&quot;:&quot;Ciencias Aplicadas II&quot;}\">Ciencias Aplicadas II<\/td>\n<td data-sheets-value=\"{&quot;1&quot;:3,&quot;3&quot;:5}\">5<\/td>\n<\/tr>\n<tr>\n<td rowspan=\"3\" colspan=\"1\" data-sheets-value=\"{&quot;1&quot;:2,&quot;2&quot;:&quot;M\u00f3dulos asociados al cat\u00e1logo nacional de cualificaciones profesionales&quot;}\">\n<div>M\u00f3dulos asociados al cat\u00e1logo nacional de cualificaciones profesionales<\/div>\n<\/td>\n<td data-sheets-value=\"{&quot;1&quot;:2,&quot;2&quot;:&quot;Instalaciones de Telecomunicaciones&quot;}\">Instalaciones de Telecomunicaciones<\/td>\n<td data-sheets-value=\"{&quot;1&quot;:3,&quot;3&quot;:9}\">9<\/td>\n<\/tr>\n<tr>\n<td data-sheets-value=\"{&quot;1&quot;:2,&quot;2&quot;:&quot;Instalaciones de Mantenimiento de redes&quot;}\">Instalaciones de Mantenimiento de redes<\/td>\n<td data-sheets-value=\"{&quot;1&quot;:3,&quot;3&quot;:7}\">7<\/td>\n<\/tr>\n<tr>\n<td data-sheets-value=\"{&quot;1&quot;:2,&quot;2&quot;:&quot;Und Formaci\u00f3n Prevenci\u00f3n&quot;}\">Und Formaci\u00f3n Prevenci\u00f3n<\/td>\n<td data-sheets-value=\"{&quot;1&quot;:3,&quot;3&quot;:1}\">1<\/td>\n<\/tr>\n<tr>\n<td data-sheets-value=\"{&quot;1&quot;:2,&quot;2&quot;:&quot;Tutor\u00eda&quot;}\">Tutor\u00eda<\/td>\n<td><\/td>\n<td data-sheets-value=\"{&quot;1&quot;:3,&quot;3&quot;:1}\">1<\/td>\n<\/tr>\n<tr>\n<td><\/td>\n<td><\/td>\n<td data-sheets-value=\"{&quot;1&quot;:3,&quot;3&quot;:30}\">30<\/td>\n<\/tr>\n<tr>\n<td data-sheets-value=\"{&quot;1&quot;:2,&quot;2&quot;:&quot;Formaci\u00f3n en Centro de Trabajo&quot;}\">\n<div>\n<div>Formaci\u00f3n en Centro de Trabajo<\/div>\n<\/div>\n<\/td>\n<td><\/td>\n<td data-sheets-value=\"{&quot;1&quot;:2,&quot;2&quot;:&quot;260 horas totales&quot;}\">260 horas totales<\/td>\n<\/tr>\n<\/tbody>\n<\/table>\n<p><\/google-sheets-html-origin><\/p>\n<p>[\/et_pb_tab][et_pb_tab title=\u00bbT\u00c9CNICO DE GRADO B\u00c1SICO EN MANTENIMIENTO DE VEH\u00cdCULOS\u00bb _builder_version=\u00bb4.25.1&#8243; body_font=\u00bb||||\u00bb body_line_height=\u00bb2em\u00bb tab_font=\u00bb||||\u00bb tab_line_height=\u00bb2em\u00bb body_line_height_tablet=\u00bb2em\u00bb body_line_height_phone=\u00bb2em\u00bb tab_line_height_tablet=\u00bb2em\u00bb tab_line_height_phone=\u00bb2em\u00bb global_colors_info=\u00bb{}\u00bb]<\/p>\n<p><google-sheets-html-origin><\/p>\n<style type=\"text\/css\"><!--td {border: 1px solid #cccccc;}br {mso-data-placement:same-cell;}--><\/style>\n<table xmlns=\"http:\/\/www.w3.org\/1999\/xhtml\" cellspacing=\"0\" cellpadding=\"0\" dir=\"ltr\" border=\"1\" data-sheets-root=\"1\">\n<colgroup>\n<col width=\"122\" \/>\n<col width=\"214\" \/>\n<col width=\"142\" \/><\/colgroup>\n<tbody>\n<tr>\n<td data-sheets-value=\"{&quot;1&quot;:2,&quot;2&quot;:&quot;CURSO 1\u00ba&quot;}\">CURSO 1\u00ba<\/td>\n<td data-sheets-value=\"{&quot;1&quot;:2,&quot;2&quot;:&quot;M\u00d3DULOS&quot;}\">M\u00d3DULOS<\/td>\n<td data-sheets-value=\"{&quot;1&quot;:2,&quot;2&quot;:&quot;HORAS SEMANALES&quot;}\">HORAS SEMANALES<\/td>\n<\/tr>\n<tr>\n<td rowspan=\"2\" colspan=\"1\" data-sheets-value=\"{&quot;1&quot;:2,&quot;2&quot;:&quot;M\u00f3dulos asociados a bloques comunes&quot;}\">\n<div>M\u00f3dulos asociados a bloques comunes<\/div>\n<\/td>\n<td data-sheets-value=\"{&quot;1&quot;:2,&quot;2&quot;:&quot;Comunicaci\u00f3n y Ciencias Sociales&quot;}\">Comunicaci\u00f3n y Ciencias Sociales<\/td>\n<td data-sheets-value=\"{&quot;1&quot;:3,&quot;3&quot;:8}\">8<\/td>\n<\/tr>\n<tr>\n<td data-sheets-value=\"{&quot;1&quot;:2,&quot;2&quot;:&quot;Ciencias Aplicadas I&quot;}\">Ciencias Aplicadas I<\/td>\n<td data-sheets-value=\"{&quot;1&quot;:3,&quot;3&quot;:5}\">5<\/td>\n<\/tr>\n<tr>\n<td rowspan=\"3\" colspan=\"1\" data-sheets-value=\"{&quot;1&quot;:2,&quot;2&quot;:&quot;M\u00f3dulos asociados al cat\u00e1logo nacional de cualificaciones profesionales&quot;}\">\n<div>M\u00f3dulos asociados al cat\u00e1logo nacional de cualificaciones profesionales<\/div>\n<\/td>\n<td data-sheets-value=\"{&quot;1&quot;:2,&quot;2&quot;:&quot;Mecanizado y soldadura&quot;}\">Mecanizado y soldadura<\/td>\n<td data-sheets-value=\"{&quot;1&quot;:3,&quot;3&quot;:5}\">5<\/td>\n<\/tr>\n<tr>\n<td data-sheets-value=\"{&quot;1&quot;:2,&quot;2&quot;:&quot;Amovibles&quot;}\">Amovibles<\/td>\n<td data-sheets-value=\"{&quot;1&quot;:3,&quot;3&quot;:6}\">6<\/td>\n<\/tr>\n<tr>\n<td data-sheets-value=\"{&quot;1&quot;:2,&quot;2&quot;:&quot;Preparaci\u00f3n de superficies&quot;}\">Preparaci\u00f3n de superficies<\/td>\n<td data-sheets-value=\"{&quot;1&quot;:3,&quot;3&quot;:5}\">5<\/td>\n<\/tr>\n<tr>\n<td data-sheets-value=\"{&quot;1&quot;:2,&quot;2&quot;:&quot;Tutor\u00eda&quot;}\">Tutor\u00eda<\/td>\n<td><\/td>\n<td data-sheets-value=\"{&quot;1&quot;:3,&quot;3&quot;:1}\">1<\/td>\n<\/tr>\n<tr>\n<td><\/td>\n<td><\/td>\n<td data-sheets-value=\"{&quot;1&quot;:3,&quot;3&quot;:30}\">30<\/td>\n<\/tr>\n<tr>\n<td data-sheets-value=\"{&quot;1&quot;:2,&quot;2&quot;:&quot;CURSO 2\u00ba&quot;}\">CURSO 2\u00ba<\/td>\n<td data-sheets-value=\"{&quot;1&quot;:2,&quot;2&quot;:&quot;M\u00d3DULOS&quot;}\">M\u00d3DULOS<\/td>\n<td data-sheets-value=\"{&quot;1&quot;:2,&quot;2&quot;:&quot;HORAS SEMANALES&quot;}\">HORAS SEMANALES<\/td>\n<\/tr>\n<tr>\n<td rowspan=\"2\" colspan=\"1\" data-sheets-value=\"{&quot;1&quot;:2,&quot;2&quot;:&quot;M\u00f3dulos asociados a bloques comunes&quot;}\">\n<div>M\u00f3dulos asociados a bloques comunes<\/div>\n<\/td>\n<td data-sheets-value=\"{&quot;1&quot;:2,&quot;2&quot;:&quot;Comunicaci\u00f3n y Sociedad II&quot;}\">Comunicaci\u00f3n y Sociedad II<\/td>\n<td data-sheets-value=\"{&quot;1&quot;:3,&quot;3&quot;:7}\">7<\/td>\n<\/tr>\n<tr>\n<td data-sheets-value=\"{&quot;1&quot;:2,&quot;2&quot;:&quot;Ciencias Aplicadas II&quot;}\">Ciencias Aplicadas II<\/td>\n<td data-sheets-value=\"{&quot;1&quot;:3,&quot;3&quot;:5}\">5<\/td>\n<\/tr>\n<tr>\n<td rowspan=\"3\" colspan=\"1\" data-sheets-value=\"{&quot;1&quot;:2,&quot;2&quot;:&quot;M\u00f3dulos asociados al cat\u00e1logo nacional de cualificaciones profesionales&quot;}\">\n<div>M\u00f3dulos asociados al cat\u00e1logo nacional de cualificaciones profesionales<\/div>\n<\/td>\n<td data-sheets-value=\"{&quot;1&quot;:2,&quot;2&quot;:&quot;Electricidad del veh\u00edculo&quot;}\">Electricidad del veh\u00edculo<\/td>\n<td data-sheets-value=\"{&quot;1&quot;:3,&quot;3&quot;:6}\">6<\/td>\n<\/tr>\n<tr>\n<td data-sheets-value=\"{&quot;1&quot;:2,&quot;2&quot;:&quot;Mec\u00e1nica del veh\u00edculo&quot;}\">Mec\u00e1nica del veh\u00edculo<\/td>\n<td data-sheets-value=\"{&quot;1&quot;:3,&quot;3&quot;:10}\">10<\/td>\n<\/tr>\n<tr>\n<td data-sheets-value=\"{&quot;1&quot;:2,&quot;2&quot;:&quot;Und Formaci\u00f3n Prevenci\u00f3n&quot;}\">Und Formaci\u00f3n Prevenci\u00f3n<\/td>\n<td data-sheets-value=\"{&quot;1&quot;:3,&quot;3&quot;:1}\">1<\/td>\n<\/tr>\n<tr>\n<td data-sheets-value=\"{&quot;1&quot;:2,&quot;2&quot;:&quot;Tutor\u00eda&quot;}\">Tutor\u00eda<\/td>\n<td><\/td>\n<td data-sheets-value=\"{&quot;1&quot;:3,&quot;3&quot;:1}\">1<\/td>\n<\/tr>\n<tr>\n<td><\/td>\n<td><\/td>\n<td data-sheets-value=\"{&quot;1&quot;:3,&quot;3&quot;:30}\">30<\/td>\n<\/tr>\n<tr>\n<td data-sheets-value=\"{&quot;1&quot;:2,&quot;2&quot;:&quot;Formaci\u00f3n en Centro de Trabajo&quot;}\">\n<div>\n<div>Formaci\u00f3n en Centro de Trabajo<\/div>\n<\/div>\n<\/td>\n<td><\/td>\n<td data-sheets-value=\"{&quot;1&quot;:2,&quot;2&quot;:&quot;260 horas totales&quot;}\">260 horas totales<\/td>\n<\/tr>\n<\/tbody>\n<\/table>\n<p><\/google-sheets-html-origin>\u00a0<\/p>\n<p>[\/et_pb_tab][\/et_pb_tabs][et_pb_text disabled_on=\u00bbon|on|on\u00bb _builder_version=\u00bb4.19.4&#8243; disabled=\u00bbon\u00bb global_colors_info=\u00bb{}\u00bb]<\/p>\n<table style=\"height: 159px;\" width=\"664\">\n<tbody>\n<tr>\n<td width=\"280\"><strong>CICLO FORMATIVO GRADO MEDIO<\/strong><\/td>\n<td style=\"text-align: center;\" width=\"202\"><strong>C\u00d3DIGO DEL CICLO<\/strong><\/td>\n<td style=\"text-align: center;\" width=\"189\"><strong>C\u00d3DIGO DEL CENTRO<\/strong><\/td>\n<\/tr>\n<tr>\n<td width=\"280\">GESTI\u00d3N ADMINISTRATIVA<\/td>\n<td style=\"text-align: center;\" width=\"202\">04201G<\/td>\n<td style=\"text-align: center;\" width=\"189\">29004626<\/td>\n<\/tr>\n<tr>\n<td width=\"280\">INSTALACIONES EL\u00c9CTRICAS Y AUTOM\u00c1TICAS<\/td>\n<td width=\"202\">\n<p style=\"text-align: center;\">09202G<\/p>\n<\/td>\n<td width=\"189\">\n<p style=\"text-align: center;\">29004626<\/p>\n<\/td>\n<\/tr>\n<tr>\n<td width=\"280\">ELECTROMEC\u00c1NICA DE VEH\u00cdCULOS<\/td>\n<td style=\"text-align: center;\" width=\"202\">16201G<\/td>\n<td width=\"189\">\n<p style=\"text-align: center;\">29004626<\/p>\n<\/td>\n<\/tr>\n<\/tbody>\n<\/table>\n<p>[\/et_pb_text][et_pb_text disabled_on=\u00bbon|on|on\u00bb _builder_version=\u00bb4.16&#8243; disabled=\u00bbon\u00bb global_colors_info=\u00bb{}\u00bb]<\/p>\n<h3 style=\"text-align: left;\"><\/h3>\n<table style=\"height: 202px;\" width=\"661\">\n<tbody>\n<tr>\n<td width=\"280\">\n<p style=\"text-align: left;\"><strong>CICLO FORMATIVO GRADO SUPERIOR<\/strong><\/p>\n<\/td>\n<td style=\"text-align: center;\" width=\"202\"><strong>C\u00d3DIGO DEL CICLO<\/strong><\/td>\n<td style=\"text-align: center;\" width=\"189\"><strong>C\u00d3DIGO DEL CENTRO<\/strong><\/td>\n<\/tr>\n<tr>\n<td width=\"280\">\n<p style=\"text-align: left;\">ADMINISTRACI\u00d3N Y FINANZAS<\/p>\n<\/td>\n<td style=\"text-align: center;\" width=\"202\">04302G<\/td>\n<td style=\"text-align: center;\" width=\"189\">29004626<\/td>\n<\/tr>\n<tr>\n<td width=\"280\">\n<p style=\"text-align: left;\">MANTENIMIENTO ELECTR\u00d3NICO<\/p>\n<\/td>\n<td width=\"202\">\n<p style=\"text-align: center;\">09301G<\/p>\n<\/td>\n<td width=\"189\">\n<p style=\"text-align: center;\">29004626<\/p>\n<\/td>\n<\/tr>\n<tr>\n<td style=\"text-align: left;\" width=\"280\">MANTENIMIENTO DE INSTALACIONES T\u00c9RMICAS Y DE FLUIDOS<\/td>\n<td style=\"text-align: center;\" width=\"202\">17303G<\/td>\n<td width=\"189\">\n<p style=\"text-align: center;\">29004626<\/p>\n<\/td>\n<\/tr>\n<\/tbody>\n<\/table>\n<p>[\/et_pb_text][et_pb_cta title=\u00bbConoce nuestra oferta en Ciclos Formativos de Grado B\u00e1sico \u00bb button_url=\u00bbhttps:\/\/malaga.salesianos.edu\/colegio\/plan-de-estudios-fpb\/\u00bb url_new_window=\u00bbon\u00bb button_text=\u00bbM\u00e1s Informaci\u00f3n\u00bb disabled_on=\u00bbon|on|on\u00bb admin_label=\u00bbConoce nuestra oferta en Ciclos Formativos\u00bb _builder_version=\u00bb4.17.4&#8243; background_image=\u00bbhttps:\/\/malaga.salesianos.edu\/colegio\/wp-content\/uploads\/sites\/2\/2017\/05\/administracion_1.jpg\u00bb background_repeat=\u00bbrepeat\u00bb background_blend=\u00bbsoft-light\u00bb border_radii=\u00bbon|10px|10px|10px|10px\u00bb box_shadow_style=\u00bbpreset3&#8243; disabled=\u00bbon\u00bb saved_tabs=\u00bball\u00bb global_colors_info=\u00bb{}\u00bb button_text_size__hover_enabled=\u00bboff\u00bb button_one_text_size__hover_enabled=\u00bboff\u00bb button_two_text_size__hover_enabled=\u00bboff\u00bb button_text_color__hover_enabled=\u00bboff\u00bb button_one_text_color__hover_enabled=\u00bboff\u00bb button_two_text_color__hover_enabled=\u00bboff\u00bb button_border_width__hover_enabled=\u00bboff\u00bb button_one_border_width__hover_enabled=\u00bboff\u00bb button_two_border_width__hover_enabled=\u00bboff\u00bb button_border_color__hover_enabled=\u00bboff\u00bb button_one_border_color__hover_enabled=\u00bboff\u00bb button_two_border_color__hover_enabled=\u00bboff\u00bb button_border_radius__hover_enabled=\u00bboff\u00bb button_one_border_radius__hover_enabled=\u00bboff\u00bb button_two_border_radius__hover_enabled=\u00bboff\u00bb button_letter_spacing__hover_enabled=\u00bboff\u00bb button_one_letter_spacing__hover_enabled=\u00bboff\u00bb button_two_letter_spacing__hover_enabled=\u00bboff\u00bb button_bg_color__hover_enabled=\u00bboff\u00bb button_one_bg_color__hover_enabled=\u00bboff\u00bb button_two_bg_color__hover_enabled=\u00bboff\u00bb][\/et_pb_cta][et_pb_divider show_divider=\u00bboff\u00bb disabled_on=\u00bbon|on|on\u00bb _builder_version=\u00bb4.16&#8243; height=\u00bb0px\u00bb disabled=\u00bbon\u00bb global_colors_info=\u00bb{}\u00bb][\/et_pb_divider][et_pb_button button_url=\u00bbhttps:\/\/malaga.salesianos.edu\/identidad\/\u00bb url_new_window=\u00bbon\u00bb button_text=\u00bb\u00bfQui\u00e9nes somos los Salesianos?\u00bb button_alignment=\u00bbcenter\u00bb disabled_on=\u00bbon|on|on\u00bb _builder_version=\u00bb4.16&#8243; custom_button=\u00bbon\u00bb button_text_color=\u00bb#ffffff\u00bb button_bg_color=\u00bb#e02b20&#8243; button_border_width=\u00bb0px\u00bb button_icon=\u00bb&#xe060;||divi||400&#8243; button_icon_placement=\u00bbleft\u00bb button_on_hover=\u00bboff\u00bb button_text_color_hover=\u00bb#ffffff\u00bb button_bg_color_hover=\u00bb#cc1c1c\u00bb disabled=\u00bbon\u00bb global_colors_info=\u00bb{}\u00bb button_text_size__hover_enabled=\u00bboff\u00bb button_one_text_size__hover_enabled=\u00bboff\u00bb button_two_text_size__hover_enabled=\u00bboff\u00bb button_text_color__hover_enabled=\u00bbon\u00bb button_text_color__hover=\u00bb#ffffff\u00bb button_one_text_color__hover_enabled=\u00bboff\u00bb button_two_text_color__hover_enabled=\u00bboff\u00bb button_border_width__hover_enabled=\u00bboff\u00bb button_one_border_width__hover_enabled=\u00bboff\u00bb button_two_border_width__hover_enabled=\u00bboff\u00bb button_border_color__hover_enabled=\u00bboff\u00bb button_one_border_color__hover_enabled=\u00bboff\u00bb button_two_border_color__hover_enabled=\u00bboff\u00bb button_border_radius__hover_enabled=\u00bboff\u00bb button_one_border_radius__hover_enabled=\u00bboff\u00bb button_two_border_radius__hover_enabled=\u00bboff\u00bb button_letter_spacing__hover_enabled=\u00bboff\u00bb button_one_letter_spacing__hover_enabled=\u00bboff\u00bb button_two_letter_spacing__hover_enabled=\u00bboff\u00bb button_bg_color__hover_enabled=\u00bbon\u00bb button_bg_color__hover=\u00bb#cc1c1c\u00bb button_one_bg_color__hover_enabled=\u00bboff\u00bb button_two_bg_color__hover_enabled=\u00bboff\u00bb][\/et_pb_button][et_pb_text disabled_on=\u00bbon|on|on\u00bb _builder_version=\u00bb4.16&#8243; disabled=\u00bbon\u00bb global_colors_info=\u00bb{}\u00bb]<em>En nuestra casa, los\u00a0<strong>Salesianos<\/strong>\u00a0estamos presentes y\u00a0<strong>acompa\u00f1amos a grupos, equipos y personas<\/strong>\u00a0creyentes que son la base de una\u00a0<strong>comunidad cristiana de referencia<\/strong>\u00a0que hace posible la labor educativa y evangelizadora de nuestros proyectos y ambientes propios.<\/em><br \/>\n[\/et_pb_text][\/et_pb_column][\/et_pb_row][et_pb_row column_structure=\u00bb1_2,1_2&#8243; _builder_version=\u00bb4.16&#8243; width=\u00bb60%\u00bb max_width=\u00bb60%\u00bb custom_padding=\u00bb25.59375px|0px|65px|0px\u00bb use_custom_width=\u00bbon\u00bb width_unit=\u00bboff\u00bb custom_width_percent=\u00bb60%\u00bb locked=\u00bboff\u00bb global_colors_info=\u00bb{}\u00bb][et_pb_column type=\u00bb1_2&#8243; _builder_version=\u00bb4.16&#8243; custom_padding=\u00bb|||\u00bb global_colors_info=\u00bb{}\u00bb custom_padding__hover=\u00bb|||\u00bb][et_pb_button button_url=\u00bbhttps:\/\/alicante.salesianos.edu\/colegio\/admisiones\/\u00bb button_text=\u00bbConoce nuestro centro\u00bb button_alignment=\u00bbcenter\u00bb disabled_on=\u00bbon|on|on\u00bb admin_label=\u00bboculto anteriormente\u00bb _builder_version=\u00bb4.19.4&#8243; custom_button=\u00bbon\u00bb button_text_color=\u00bb#ffffff\u00bb button_bg_color=\u00bb#e02b20&#8243; button_border_width=\u00bb0px\u00bb button_icon=\u00bb&#x55;||divi||400&#8243; button_icon_placement=\u00bbleft\u00bb button_on_hover=\u00bboff\u00bb button_text_color_hover=\u00bb#ffffff\u00bb button_bg_color_hover=\u00bb#cc1c1c\u00bb disabled=\u00bbon\u00bb global_colors_info=\u00bb{}\u00bb button_text_size__hover_enabled=\u00bboff\u00bb button_one_text_size__hover_enabled=\u00bboff\u00bb button_two_text_size__hover_enabled=\u00bboff\u00bb button_text_color__hover_enabled=\u00bbon\u00bb button_text_color__hover=\u00bb#ffffff\u00bb button_one_text_color__hover_enabled=\u00bboff\u00bb button_two_text_color__hover_enabled=\u00bboff\u00bb button_border_width__hover_enabled=\u00bboff\u00bb button_one_border_width__hover_enabled=\u00bboff\u00bb button_two_border_width__hover_enabled=\u00bboff\u00bb button_border_color__hover_enabled=\u00bboff\u00bb button_one_border_color__hover_enabled=\u00bboff\u00bb button_two_border_color__hover_enabled=\u00bboff\u00bb button_border_radius__hover_enabled=\u00bboff\u00bb button_one_border_radius__hover_enabled=\u00bboff\u00bb button_two_border_radius__hover_enabled=\u00bboff\u00bb button_letter_spacing__hover_enabled=\u00bboff\u00bb button_one_letter_spacing__hover_enabled=\u00bboff\u00bb button_two_letter_spacing__hover_enabled=\u00bboff\u00bb button_bg_color__hover_enabled=\u00bbon\u00bb button_bg_color__hover=\u00bb#cc1c1c\u00bb button_one_bg_color__hover_enabled=\u00bboff\u00bb button_two_bg_color__hover_enabled=\u00bboff\u00bb][\/et_pb_button][\/et_pb_column][et_pb_column type=\u00bb1_2&#8243; _builder_version=\u00bb4.16&#8243; custom_padding=\u00bb|||\u00bb global_colors_info=\u00bb{}\u00bb custom_padding__hover=\u00bb|||\u00bb][et_pb_button button_url=\u00bbhttps:\/\/alicante.salesianos.edu\/colegio\/admisiones\/\u00bb button_text=\u00bbPreguntas frecuentes\u00bb button_alignment=\u00bbcenter\u00bb disabled_on=\u00bbon|on|on\u00bb admin_label=\u00bboculto anteriormente\u00bb _builder_version=\u00bb4.16&#8243; custom_button=\u00bbon\u00bb button_text_color=\u00bb#ffffff\u00bb button_bg_color=\u00bb#e02b20&#8243; button_border_width=\u00bb0px\u00bb button_icon=\u00bb&#x75;||divi||400&#8243; button_icon_placement=\u00bbleft\u00bb button_on_hover=\u00bboff\u00bb button_text_color_hover=\u00bb#ffffff\u00bb button_bg_color_hover=\u00bb#cc1c1c\u00bb disabled=\u00bbon\u00bb global_colors_info=\u00bb{}\u00bb button_text_size__hover_enabled=\u00bboff\u00bb button_one_text_size__hover_enabled=\u00bboff\u00bb button_two_text_size__hover_enabled=\u00bboff\u00bb button_text_color__hover_enabled=\u00bbon\u00bb button_text_color__hover=\u00bb#ffffff\u00bb button_one_text_color__hover_enabled=\u00bboff\u00bb button_two_text_color__hover_enabled=\u00bboff\u00bb button_border_width__hover_enabled=\u00bboff\u00bb button_one_border_width__hover_enabled=\u00bboff\u00bb button_two_border_width__hover_enabled=\u00bboff\u00bb button_border_color__hover_enabled=\u00bboff\u00bb button_one_border_color__hover_enabled=\u00bboff\u00bb button_two_border_color__hover_enabled=\u00bboff\u00bb button_border_radius__hover_enabled=\u00bboff\u00bb button_one_border_radius__hover_enabled=\u00bboff\u00bb button_two_border_radius__hover_enabled=\u00bboff\u00bb button_letter_spacing__hover_enabled=\u00bboff\u00bb button_one_letter_spacing__hover_enabled=\u00bboff\u00bb button_two_letter_spacing__hover_enabled=\u00bboff\u00bb button_bg_color__hover_enabled=\u00bbon\u00bb button_bg_color__hover=\u00bb#cc1c1c\u00bb button_one_bg_color__hover_enabled=\u00bboff\u00bb button_two_bg_color__hover_enabled=\u00bboff\u00bb][\/et_pb_button][\/et_pb_column][\/et_pb_row][et_pb_row _builder_version=\u00bb4.16&#8243; custom_padding=\u00bb87px|0px|25.59375px|0px\u00bb global_colors_info=\u00bb{}\u00bb][et_pb_column type=\u00bb4_4&#8243; _builder_version=\u00bb4.16&#8243; custom_padding=\u00bb|||\u00bb global_colors_info=\u00bb{}\u00bb custom_padding__hover=\u00bb|||\u00bb][et_pb_text _builder_version=\u00bb4.16&#8243; text_font=\u00bb|300|||||||\u00bb text_font_size=\u00bb36px\u00bb header_2_font=\u00bbLato|300|||||||\u00bb header_2_font_size=\u00bb49px\u00bb text_orientation=\u00bbcenter\u00bb global_colors_info=\u00bb{}\u00bb]<\/p>\n<h2>\u00a1Gracias por tu inter\u00e9s en nuestro centro!<\/h2>\n<p>[\/et_pb_text][et_pb_text disabled_on=\u00bbon|on|on\u00bb _builder_version=\u00bb4.19.4&#8243; disabled=\u00bbon\u00bb global_colors_info=\u00bb{}\u00bb]<\/p>\n<p><strong>M\u00c1S INFORMACI\u00d3N: <\/strong><a href=\"http:\/\/www.juntadeandalucia.es\/educacion\/portals\/web\/escolarizacion\/fp\" target=\"_blank\" rel=\"noopener noreferrer\">Escolarizaci\u00f3n curso 2022\/23<\/a> <em>(Fuente: Consejer\u00eda de Educaci\u00f3n. Junta de Andaluc\u00eda)<\/em><\/p>\n<p>[\/et_pb_text][\/et_pb_column][\/et_pb_row][et_pb_row _builder_version=\u00bb4.16&#8243; background_size=\u00bbinitial\u00bb background_position=\u00bbtop_left\u00bb background_repeat=\u00bbrepeat\u00bb global_colors_info=\u00bb{}\u00bb][et_pb_column type=\u00bb4_4&#8243; _builder_version=\u00bb4.16&#8243; custom_padding=\u00bb|||\u00bb global_colors_info=\u00bb{}\u00bb custom_padding__hover=\u00bb|||\u00bb][et_pb_text _builder_version=\u00bb4.19.4&#8243; global_colors_info=\u00bb{}\u00bb]<\/p>\n<h1>Admisi\u00f3n otras etapas:<\/h1>\n<p>[\/et_pb_text][\/et_pb_column][\/et_pb_row][et_pb_row column_structure=\u00bb1_3,1_3,1_3&#8243; _builder_version=\u00bb4.16&#8243; background_size=\u00bbinitial\u00bb background_position=\u00bbtop_left\u00bb background_repeat=\u00bbrepeat\u00bb global_colors_info=\u00bb{}\u00bb][et_pb_column type=\u00bb1_3&#8243; _builder_version=\u00bb4.16&#8243; custom_padding=\u00bb|||\u00bb global_colors_info=\u00bb{}\u00bb custom_padding__hover=\u00bb|||\u00bb][et_pb_blurb title=\u00bbInfantil y Primaria\u00bb url=\u00bb\/colegio\/admisiones\/\u00bb use_icon=\u00bbon\u00bb font_icon=\u00bb&#x6b;||divi||400&#8243; image_icon_background_color=\u00bb#ffffff\u00bb image_icon_width=\u00bb48px\u00bb admin_label=\u00bbInfantil y Primaria\u00bb _builder_version=\u00bb4.16&#8243; header_text_color=\u00bb#666666&#8243; image_icon_custom_padding=\u00bb25px|25px|25px|25px|false|false\u00bb text_orientation=\u00bbcenter\u00bb border_radii_image=\u00bbon|100%|100%|100%|100%\u00bb border_width_all_image=\u00bb3px\u00bb border_color_all_image=\u00bb#666666&#8243; use_circle=\u00bbon\u00bb use_circle_border=\u00bbon\u00bb circle_border_color=\u00bb#666666&#8243; circle_color=\u00bb#ffffff\u00bb global_colors_info=\u00bb{}\u00bb image_icon_background_color__sticky_enabled=\u00bb#dc001b\u00bb image_icon_background_color__sticky=\u00bb#dc001b\u00bb][\/et_pb_blurb][\/et_pb_column][et_pb_column type=\u00bb1_3&#8243; _builder_version=\u00bb4.16&#8243; custom_padding=\u00bb|||\u00bb global_colors_info=\u00bb{}\u00bb custom_padding__hover=\u00bb|||\u00bb][et_pb_blurb title=\u00bbESO y Bachillerato\u00bb url=\u00bb\/colegio\/admisiones\/\u00bb use_icon=\u00bbon\u00bb font_icon=\u00bb&#x6b;||divi||400&#8243; image_icon_background_color=\u00bb#ffffff\u00bb image_icon_width=\u00bb48px\u00bb admin_label=\u00bbESO y Bachillerato\u00bb _builder_version=\u00bb4.16&#8243; header_text_color=\u00bb#666666&#8243; image_icon_custom_padding=\u00bb25px|25px|25px|25px|false|false\u00bb text_orientation=\u00bbcenter\u00bb border_radii_image=\u00bbon|100%|100%|100%|100%\u00bb border_width_all_image=\u00bb3px\u00bb border_color_all_image=\u00bb#666666&#8243; use_circle=\u00bbon\u00bb use_circle_border=\u00bbon\u00bb circle_border_color=\u00bb#666666&#8243; circle_color=\u00bb#ffffff\u00bb global_colors_info=\u00bb{}\u00bb image_icon_background_color__sticky_enabled=\u00bb#dc001b\u00bb image_icon_background_color__sticky=\u00bb#dc001b\u00bb][\/et_pb_blurb][\/et_pb_column][et_pb_column type=\u00bb1_3&#8243; _builder_version=\u00bb4.16&#8243; custom_padding=\u00bb|||\u00bb global_colors_info=\u00bb{}\u00bb custom_padding__hover=\u00bb|||\u00bb][et_pb_blurb title=\u00bbCiclos Formativos Grado Medio y Superior\u00bb url=\u00bb\/colegio\/admisiones-fp\/\u00bb use_icon=\u00bbon\u00bb font_icon=\u00bb&#x6b;||divi||400&#8243; image_icon_background_color=\u00bb#ffffff\u00bb image_icon_width=\u00bb48px\u00bb admin_label=\u00bbCiclos Formativos\u00bb _builder_version=\u00bb4.18.0&#8243; header_text_color=\u00bb#666666&#8243; image_icon_custom_padding=\u00bb25px|25px|25px|25px|false|false\u00bb text_orientation=\u00bbcenter\u00bb border_radii_image=\u00bbon|100%|100%|100%|100%\u00bb border_width_all_image=\u00bb3px\u00bb border_color_all_image=\u00bb#666666&#8243; use_circle=\u00bbon\u00bb use_circle_border=\u00bbon\u00bb circle_border_color=\u00bb#666666&#8243; circle_color=\u00bb#ffffff\u00bb global_colors_info=\u00bb{}\u00bb image_icon_background_color__sticky_enabled=\u00bb#dc001b\u00bb image_icon_background_color__sticky=\u00bb#dc001b\u00bb][\/et_pb_blurb][\/et_pb_column][\/et_pb_row][\/et_pb_section]<\/p>\n","protected":false},"excerpt":{"rendered":"<p>Curso 2025-2026CICLOS FORMATIVOS DE GRADO B\u00c1SICOElectricidad y Electr\u00f3nica C\u00f3d: 09101\u00a0Mantenimiento de Veh\u00edculos C\u00f3d: 16101\u00a0Del 15 de junio al 30 de junio est\u00e1 abierto el periodo de admisi\u00f3n de solicitudes para el pr\u00f3ximo curso escolar en CFGB (Ciclos Formativos de Grado B\u00e1sico). Nuestro centro cuenta con un atractivo proyecto educativo de formaci\u00f3n profesional en el que [&hellip;]<\/p>\n","protected":false},"author":2,"featured_media":0,"parent":0,"menu_order":0,"comment_status":"closed","ping_status":"closed","template":"","meta":{"_et_pb_use_builder":"on","_et_pb_old_content":"","_et_gb_content_width":"","footnotes":""},"class_list":["post-12299","page","type-page","status-publish","hentry"],"yoast_head":"<!-- This site is optimized with the Yoast SEO plugin v27.4 - https:\/\/yoast.com\/product\/yoast-seo-wordpress\/ -->\n<title>Admisiones FPB - Colegio Concertado San Bartolom\u00e9 | Salesianos M\u00e1laga<\/title>\n<meta name=\"robots\" content=\"index, follow, max-snippet:-1, max-image-preview:large, max-video-preview:-1\" \/>\n<link rel=\"canonical\" href=\"https:\/\/malaga.salesianos.edu\/colegio\/admisiones-fpb\/\" \/>\n<meta property=\"og:locale\" content=\"es_ES\" \/>\n<meta property=\"og:type\" content=\"article\" \/>\n<meta property=\"og:title\" content=\"Admisiones FPB - Colegio Concertado San Bartolom\u00e9 | Salesianos M\u00e1laga\" \/>\n<meta property=\"og:description\" content=\"Curso 2025-2026CICLOS FORMATIVOS DE GRADO B\u00c1SICOElectricidad y Electr\u00f3nica C\u00f3d: 09101\u00a0Mantenimiento de Veh\u00edculos C\u00f3d: 16101\u00a0Del 15 de junio al 30 de junio est\u00e1 abierto el periodo de admisi\u00f3n de solicitudes para el pr\u00f3ximo curso escolar en CFGB (Ciclos Formativos de Grado B\u00e1sico). Nuestro centro cuenta con un atractivo proyecto educativo de formaci\u00f3n profesional en el que [&hellip;]\" \/>\n<meta property=\"og:url\" content=\"https:\/\/malaga.salesianos.edu\/colegio\/admisiones-fpb\/\" \/>\n<meta property=\"og:site_name\" content=\"Colegio Concertado San Bartolom\u00e9 | Salesianos M\u00e1laga\" \/>\n<meta property=\"article:modified_time\" content=\"2025-06-15T15:22:15+00:00\" \/>\n<meta name=\"twitter:card\" content=\"summary_large_image\" \/>\n<meta name=\"twitter:label1\" content=\"Tiempo de lectura\" \/>\n\t<meta name=\"twitter:data1\" content=\"4 minutos\" \/>\n<script type=\"application\/ld+json\" class=\"yoast-schema-graph\">{\"@context\":\"https:\\\/\\\/schema.org\",\"@graph\":[{\"@type\":\"WebPage\",\"@id\":\"https:\\\/\\\/malaga.salesianos.edu\\\/colegio\\\/admisiones-fpb\\\/\",\"url\":\"https:\\\/\\\/malaga.salesianos.edu\\\/colegio\\\/admisiones-fpb\\\/\",\"name\":\"Admisiones FPB - Colegio Concertado San Bartolom\u00e9 | Salesianos M\u00e1laga\",\"isPartOf\":{\"@id\":\"https:\\\/\\\/malaga.salesianos.edu\\\/colegio\\\/#website\"},\"datePublished\":\"2018-06-25T10:44:37+00:00\",\"dateModified\":\"2025-06-15T15:22:15+00:00\",\"breadcrumb\":{\"@id\":\"https:\\\/\\\/malaga.salesianos.edu\\\/colegio\\\/admisiones-fpb\\\/#breadcrumb\"},\"inLanguage\":\"es\",\"potentialAction\":[{\"@type\":\"ReadAction\",\"target\":[\"https:\\\/\\\/malaga.salesianos.edu\\\/colegio\\\/admisiones-fpb\\\/\"]}]},{\"@type\":\"BreadcrumbList\",\"@id\":\"https:\\\/\\\/malaga.salesianos.edu\\\/colegio\\\/admisiones-fpb\\\/#breadcrumb\",\"itemListElement\":[{\"@type\":\"ListItem\",\"position\":1,\"name\":\"Portada\",\"item\":\"https:\\\/\\\/malaga.salesianos.edu\\\/colegio\\\/\"},{\"@type\":\"ListItem\",\"position\":2,\"name\":\"Admisiones FPB\"}]},{\"@type\":\"WebSite\",\"@id\":\"https:\\\/\\\/malaga.salesianos.edu\\\/colegio\\\/#website\",\"url\":\"https:\\\/\\\/malaga.salesianos.edu\\\/colegio\\\/\",\"name\":\"Colegio Concertado San Bartolom\u00e9 | Salesianos M\u00e1laga\",\"description\":\"Centro concertado. Infantil, Primaria, ESO, Bachillerato, Formaci\u00f3n Profesional, Formaci\u00f3n Profesional B\u00e1sica (FPB) y Ciclos Formativos de Grado Medio y Superior.\",\"publisher\":{\"@id\":\"https:\\\/\\\/malaga.salesianos.edu\\\/colegio\\\/#organization\"},\"potentialAction\":[{\"@type\":\"SearchAction\",\"target\":{\"@type\":\"EntryPoint\",\"urlTemplate\":\"https:\\\/\\\/malaga.salesianos.edu\\\/colegio\\\/?s={search_term_string}\"},\"query-input\":{\"@type\":\"PropertyValueSpecification\",\"valueRequired\":true,\"valueName\":\"search_term_string\"}}],\"inLanguage\":\"es\"},{\"@type\":\"Organization\",\"@id\":\"https:\\\/\\\/malaga.salesianos.edu\\\/colegio\\\/#organization\",\"name\":\"Salesianos M\u00e1laga\",\"url\":\"https:\\\/\\\/malaga.salesianos.edu\\\/colegio\\\/\",\"logo\":{\"@type\":\"ImageObject\",\"inLanguage\":\"es\",\"@id\":\"https:\\\/\\\/malaga.salesianos.edu\\\/colegio\\\/#\\\/schema\\\/logo\\\/image\\\/\",\"url\":\"https:\\\/\\\/malaga.salesianos.edu\\\/colegio\\\/wp-content\\\/uploads\\\/sites\\\/2\\\/2018\\\/04\\\/MALAGAobraVN2.jpg\",\"contentUrl\":\"https:\\\/\\\/malaga.salesianos.edu\\\/colegio\\\/wp-content\\\/uploads\\\/sites\\\/2\\\/2018\\\/04\\\/MALAGAobraVN2.jpg\",\"width\":1937,\"height\":1490,\"caption\":\"Salesianos M\u00e1laga\"},\"image\":{\"@id\":\"https:\\\/\\\/malaga.salesianos.edu\\\/colegio\\\/#\\\/schema\\\/logo\\\/image\\\/\"}}]}<\/script>\n<!-- \/ Yoast SEO plugin. -->","yoast_head_json":{"title":"Admisiones FPB - Colegio Concertado San Bartolom\u00e9 | Salesianos M\u00e1laga","robots":{"index":"index","follow":"follow","max-snippet":"max-snippet:-1","max-image-preview":"max-image-preview:large","max-video-preview":"max-video-preview:-1"},"canonical":"https:\/\/malaga.salesianos.edu\/colegio\/admisiones-fpb\/","og_locale":"es_ES","og_type":"article","og_title":"Admisiones FPB - Colegio Concertado San Bartolom\u00e9 | Salesianos M\u00e1laga","og_description":"Curso 2025-2026CICLOS FORMATIVOS DE GRADO B\u00c1SICOElectricidad y Electr\u00f3nica C\u00f3d: 09101\u00a0Mantenimiento de Veh\u00edculos C\u00f3d: 16101\u00a0Del 15 de junio al 30 de junio est\u00e1 abierto el periodo de admisi\u00f3n de solicitudes para el pr\u00f3ximo curso escolar en CFGB (Ciclos Formativos de Grado B\u00e1sico). Nuestro centro cuenta con un atractivo proyecto educativo de formaci\u00f3n profesional en el que [&hellip;]","og_url":"https:\/\/malaga.salesianos.edu\/colegio\/admisiones-fpb\/","og_site_name":"Colegio Concertado San Bartolom\u00e9 | Salesianos M\u00e1laga","article_modified_time":"2025-06-15T15:22:15+00:00","twitter_card":"summary_large_image","twitter_misc":{"Tiempo de lectura":"4 minutos"},"schema":{"@context":"https:\/\/schema.org","@graph":[{"@type":"WebPage","@id":"https:\/\/malaga.salesianos.edu\/colegio\/admisiones-fpb\/","url":"https:\/\/malaga.salesianos.edu\/colegio\/admisiones-fpb\/","name":"Admisiones FPB - Colegio Concertado San Bartolom\u00e9 | Salesianos M\u00e1laga","isPartOf":{"@id":"https:\/\/malaga.salesianos.edu\/colegio\/#website"},"datePublished":"2018-06-25T10:44:37+00:00","dateModified":"2025-06-15T15:22:15+00:00","breadcrumb":{"@id":"https:\/\/malaga.salesianos.edu\/colegio\/admisiones-fpb\/#breadcrumb"},"inLanguage":"es","potentialAction":[{"@type":"ReadAction","target":["https:\/\/malaga.salesianos.edu\/colegio\/admisiones-fpb\/"]}]},{"@type":"BreadcrumbList","@id":"https:\/\/malaga.salesianos.edu\/colegio\/admisiones-fpb\/#breadcrumb","itemListElement":[{"@type":"ListItem","position":1,"name":"Portada","item":"https:\/\/malaga.salesianos.edu\/colegio\/"},{"@type":"ListItem","position":2,"name":"Admisiones FPB"}]},{"@type":"WebSite","@id":"https:\/\/malaga.salesianos.edu\/colegio\/#website","url":"https:\/\/malaga.salesianos.edu\/colegio\/","name":"Colegio Concertado San Bartolom\u00e9 | Salesianos M\u00e1laga","description":"Centro concertado. Infantil, Primaria, ESO, Bachillerato, Formaci\u00f3n Profesional, Formaci\u00f3n Profesional B\u00e1sica (FPB) y Ciclos Formativos de Grado Medio y Superior.","publisher":{"@id":"https:\/\/malaga.salesianos.edu\/colegio\/#organization"},"potentialAction":[{"@type":"SearchAction","target":{"@type":"EntryPoint","urlTemplate":"https:\/\/malaga.salesianos.edu\/colegio\/?s={search_term_string}"},"query-input":{"@type":"PropertyValueSpecification","valueRequired":true,"valueName":"search_term_string"}}],"inLanguage":"es"},{"@type":"Organization","@id":"https:\/\/malaga.salesianos.edu\/colegio\/#organization","name":"Salesianos M\u00e1laga","url":"https:\/\/malaga.salesianos.edu\/colegio\/","logo":{"@type":"ImageObject","inLanguage":"es","@id":"https:\/\/malaga.salesianos.edu\/colegio\/#\/schema\/logo\/image\/","url":"https:\/\/malaga.salesianos.edu\/colegio\/wp-content\/uploads\/sites\/2\/2018\/04\/MALAGAobraVN2.jpg","contentUrl":"https:\/\/malaga.salesianos.edu\/colegio\/wp-content\/uploads\/sites\/2\/2018\/04\/MALAGAobraVN2.jpg","width":1937,"height":1490,"caption":"Salesianos M\u00e1laga"},"image":{"@id":"https:\/\/malaga.salesianos.edu\/colegio\/#\/schema\/logo\/image\/"}}]}},"_links":{"self":[{"href":"https:\/\/malaga.salesianos.edu\/colegio\/wp-json\/wp\/v2\/pages\/12299","targetHints":{"allow":["GET"]}}],"collection":[{"href":"https:\/\/malaga.salesianos.edu\/colegio\/wp-json\/wp\/v2\/pages"}],"about":[{"href":"https:\/\/malaga.salesianos.edu\/colegio\/wp-json\/wp\/v2\/types\/page"}],"author":[{"embeddable":true,"href":"https:\/\/malaga.salesianos.edu\/colegio\/wp-json\/wp\/v2\/users\/2"}],"replies":[{"embeddable":true,"href":"https:\/\/malaga.salesianos.edu\/colegio\/wp-json\/wp\/v2\/comments?post=12299"}],"version-history":[{"count":100,"href":"https:\/\/malaga.salesianos.edu\/colegio\/wp-json\/wp\/v2\/pages\/12299\/revisions"}],"predecessor-version":[{"id":90336,"href":"https:\/\/malaga.salesianos.edu\/colegio\/wp-json\/wp\/v2\/pages\/12299\/revisions\/90336"}],"wp:attachment":[{"href":"https:\/\/malaga.salesianos.edu\/colegio\/wp-json\/wp\/v2\/media?parent=12299"}],"curies":[{"name":"wp","href":"https:\/\/api.w.org\/{rel}","templated":true}]}}